{"id":7839,"date":"2023-10-09T15:12:20","date_gmt":"2023-10-09T13:12:20","guid":{"rendered":"https:\/\/spf-viacarpatia.eu\/program\/fond-malych-projektov\/"},"modified":"2023-10-16T12:45:55","modified_gmt":"2023-10-16T10:45:55","slug":"kisprojekt-alap","status":"publish","type":"page","link":"https:\/\/spf-viacarpatia.eu\/hu\/program\/kisprojekt-alap\/","title":{"rendered":"Kisprojekt Alap"},"content":{"rendered":"<p>Specifikus c\u00e9l 3.2: A k\u00f6lcs\u00f6n\u00f6s bizalom megteremt\u00e9se<\/p>\n<p>F\u0151 tev\u00e9kenys\u00e9g 3.2.1: Kisprojekt Alap<\/p>\n<p>Az int\u00e9zked\u00e9s a Kisprojekt Alapon kereszt\u00fcl P2P egy\u00fcttm\u0171k\u00f6d\u00e9sre \u00e9p\u00edtve k\u00edv\u00e1n hozz\u00e1j\u00e1rulni a hat\u00e1ron \u00e1tny\u00fal\u00f3 egy\u00fcttm\u0171k\u00f6d\u00e9s er\u0151s\u00edt\u00e9s\u00e9hez. A Kisprojekt Alap (KPA) \u00e1ltal\u00e1nos c\u00e9lkit\u0171z\u00e9se a hat\u00e1ron \u00e1tny\u00fal\u00f3 t\u00e1rsadalmi koh\u00e9zi\u00f3 er\u0151s\u00edt\u00e9se a helyi szint\u0171 egy\u00fcttm\u0171k\u00f6d\u00e9s t\u00e1mogat\u00e1s\u00e1val, valamint a hat\u00e1r mindk\u00e9t oldal\u00e1n m\u0171k\u00f6d\u0151 szerepl\u0151k k\u00f6z\u00f6tti hossz\u00fa t\u00e1v\u00fa egy\u00fcttm\u0171k\u00f6d\u00e9s kialak\u00edt\u00e1sa \u00e9s jav\u00edt\u00e1sa a helyi\/region\u00e1lis projektek t\u00e1mogat\u00e1s\u00e1n kereszt\u00fcl.<\/p>\n<p>Az int\u00e9zked\u00e9s v\u00e1rhat\u00f3an \u00faj, hat\u00e1ron \u00e1tny\u00fal\u00f3 partners\u00e9geket hoz l\u00e9tre \u00e9s k\u00f6lcs\u00f6n\u00f6s bizalmat \u00e9p\u00edt az \u00f6nkorm\u00e1nyzatok, a k\u00f6zint\u00e9zm\u00e9nyek \u00e9s a lakoss\u00e1g szintj\u00e9n is. Az int\u00e9zked\u00e9s keret\u00e9ben olyan hat\u00e1ron \u00e1tny\u00fal\u00f3 kezdem\u00e9nyez\u00e9sek t\u00e1mogat\u00e1s\u00e1ra van lehet\u0151s\u00e9g, amelyek:<\/p>\n<ul>\n<li>c\u00e9lja hat\u00e1ron \u00e1tny\u00fal\u00f3 kultur\u00e1lis \u00e9s sportesem\u00e9nyek szervez\u00e9se a hat\u00e1r menti t\u00e9rs\u00e9gben \u00e9l\u0151k sz\u00e1m\u00e1ra;<\/li>\n<li>hozz\u00e1j\u00e1rul az \u00f6nkorm\u00e1nyzatok, k\u00f6zint\u00e9zm\u00e9nyek, \u00e9s gazdas\u00e1gi szerepl\u0151k k\u00f6z\u00f6tti \u00faj partners\u00e9gek kialak\u00edt\u00e1s\u00e1hoz k\u00f6z\u00f6s tanulm\u00e1nyutak, k\u00f6z\u00f6s test\u00fcleti \u00fcl\u00e9sek \u00e9s szakmai konferenci\u00e1k stb. szervez\u00e9se r\u00e9v\u00e9n;<\/li>\n<li>c\u00e9lja csereprogramok \u00e9s k\u00f6z\u00f6s t\u00e1borok szervez\u00e9se gyermekek sz\u00e1m\u00e1ra;<\/li>\n<li>t\u00e1mogatj\u00e1k a k\u00e9tnyelv\u0171s\u00e9g \u00e9s a digitaliz\u00e1ci\u00f3 elterjed\u00e9s\u00e9t;<\/li>\n<li>t\u00e1mogatj\u00e1k a hat\u00e1ron \u00e1tny\u00fal\u00f3 partners\u00e9get \u00f6szt\u00f6nz\u0151 fesztiv\u00e1lok \u00e9s el\u0151ad\u00e1sok szervez\u00e9s\u00e9t;<\/li>\n<li>t\u00e1mogatj\u00e1k a j\u00f6v\u0151beli Interreg p\u00e1ly\u00e1zati felh\u00edv\u00e1sokhoz kapcsol\u00f3d\u00f3 k\u00f6z\u00f6s projektfejleszt\u00e9st \u00e9s a projektek el\u0151k\u00e9sz\u00edt\u00e9s\u00e9t;<\/li>\n<li>F\u0151 c\u00e9lcsoportok<\/li>\n<\/ul>\n<p>A specifikus c\u00e9lkit\u0171z\u00e9s f\u0151 c\u00e9lcsoportja a programter\u00fclet lakoss\u00e1ga. A p\u00e1ly\u00e1zatok v\u00e1rhat\u00f3an a k\u00f6vetkez\u0151 t\u00edpus\u00fa<\/p>\n<p>kedvezm\u00e9nyezettek k\u00f6r\u00e9ben ker\u00fclnek megval\u00f3s\u00edt\u00e1sra (nem teljes felsorol\u00e1s):<\/p>\n<ul>\n<li>helyi \u00e9s ter\u00fcleti \u00f6nkorm\u00e1nyzatok, k\u00f6lts\u00e9gvet\u00e9si szervezeteik;<\/li>\n<li>Eur\u00f3pai Ter\u00fcleti T\u00e1rsul\u00e1sok;<\/li>\n<li>civil szervezetek;<\/li>\n<li>egyh\u00e1zi int\u00e9zm\u00e9nyek;<\/li>\n<li>oktat\u00e1si int\u00e9zm\u00e9nyek;<\/li>\n<\/ul>\n","protected":false},"excerpt":{"rendered":"<p>Specifikus c\u00e9l 3.2: A k\u00f6lcs\u00f6n\u00f6s bizalom megteremt\u00e9se F\u0151 tev\u00e9kenys\u00e9g 3.2.1: Kisprojekt Alap Az int\u00e9zked\u00e9s a Kisprojekt Alapon kereszt\u00fcl P2P egy\u00fcttm\u0171k\u00f6d\u00e9sre \u00e9p\u00edtve k\u00edv\u00e1n hozz\u00e1j\u00e1rulni a hat\u00e1ron \u00e1tny\u00fal\u00f3 egy\u00fcttm\u0171k\u00f6d\u00e9s er\u0151s\u00edt\u00e9s\u00e9hez. A Kisprojekt Alap (KPA) \u00e1ltal\u00e1nos c\u00e9lkit\u0171z\u00e9se a hat\u00e1ron \u00e1tny\u00fal\u00f3 t\u00e1rsadalmi koh\u00e9zi\u00f3 er\u0151s\u00edt\u00e9se a helyi szint\u0171 egy\u00fcttm\u0171k\u00f6d\u00e9s t\u00e1mogat\u00e1s\u00e1val, valamint a hat\u00e1r mindk\u00e9t oldal\u00e1n m\u0171k\u00f6d\u0151 szerepl\u0151k k\u00f6z\u00f6tti hossz\u00fa t\u00e1v\u00fa [&hellip;]<\/p>\n","protected":false},"author":1,"featured_media":0,"parent":7837,"menu_order":0,"comment_status":"closed","ping_status":"closed","template":"","meta":{"inline_featured_image":false,"footnotes":""},"class_list":["post-7839","page","type-page","status-publish","hentry"],"acf":[],"yoast_head":"<!-- This site is optimized with the Yoast SEO plugin v27.5 - https:\/\/yoast.com\/product\/yoast-seo-wordpress\/ -->\n<title>Kisprojekt Alap - spf-viacarpatia.eu | Fond mal\u00fdch projektov<\/title>\n<meta name=\"robots\" content=\"index, follow, max-snippet:-1, max-image-preview:large, max-video-preview:-1\" \/>\n<link rel=\"canonical\" href=\"https:\/\/spf-viacarpatia.eu\/hu\/program\/kisprojekt-alap\/\" \/>\n<meta property=\"og:locale\" content=\"hu_HU\" \/>\n<meta property=\"og:type\" content=\"article\" \/>\n<meta property=\"og:title\" content=\"Kisprojekt Alap - spf-viacarpatia.eu | Fond mal\u00fdch projektov\" \/>\n<meta property=\"og:description\" content=\"Specifikus c\u00e9l 3.2: A k\u00f6lcs\u00f6n\u00f6s bizalom megteremt\u00e9se F\u0151 tev\u00e9kenys\u00e9g 3.2.1: Kisprojekt Alap Az int\u00e9zked\u00e9s a Kisprojekt Alapon kereszt\u00fcl P2P egy\u00fcttm\u0171k\u00f6d\u00e9sre \u00e9p\u00edtve k\u00edv\u00e1n hozz\u00e1j\u00e1rulni a hat\u00e1ron \u00e1tny\u00fal\u00f3 egy\u00fcttm\u0171k\u00f6d\u00e9s er\u0151s\u00edt\u00e9s\u00e9hez. A Kisprojekt Alap (KPA) \u00e1ltal\u00e1nos c\u00e9lkit\u0171z\u00e9se a hat\u00e1ron \u00e1tny\u00fal\u00f3 t\u00e1rsadalmi koh\u00e9zi\u00f3 er\u0151s\u00edt\u00e9se a helyi szint\u0171 egy\u00fcttm\u0171k\u00f6d\u00e9s t\u00e1mogat\u00e1s\u00e1val, valamint a hat\u00e1r mindk\u00e9t oldal\u00e1n m\u0171k\u00f6d\u0151 szerepl\u0151k k\u00f6z\u00f6tti hossz\u00fa t\u00e1v\u00fa [&hellip;]\" \/>\n<meta property=\"og:url\" content=\"https:\/\/spf-viacarpatia.eu\/hu\/program\/kisprojekt-alap\/\" \/>\n<meta property=\"og:site_name\" content=\"spf-viacarpatia.eu | Fond mal\u00fdch projektov\" \/>\n<meta property=\"article:modified_time\" content=\"2023-10-16T10:45:55+00:00\" \/>\n<meta name=\"twitter:card\" content=\"summary_large_image\" \/>\n<meta name=\"twitter:label1\" content=\"Becs\u00fclt olvas\u00e1si id\u0151\" \/>\n\t<meta name=\"twitter:data1\" content=\"2 perc\" \/>\n<script type=\"application\/ld+json\" class=\"yoast-schema-graph\">{\"@context\":\"https:\\\/\\\/schema.org\",\"@graph\":[{\"@type\":\"WebPage\",\"@id\":\"https:\\\/\\\/spf-viacarpatia.eu\\\/hu\\\/program\\\/kisprojekt-alap\\\/\",\"url\":\"https:\\\/\\\/spf-viacarpatia.eu\\\/hu\\\/program\\\/kisprojekt-alap\\\/\",\"name\":\"Kisprojekt Alap - spf-viacarpatia.eu | Fond mal\u00fdch projektov\",\"isPartOf\":{\"@id\":\"https:\\\/\\\/spf-viacarpatia.eu\\\/#website\"},\"datePublished\":\"2023-10-09T13:12:20+00:00\",\"dateModified\":\"2023-10-16T10:45:55+00:00\",\"breadcrumb\":{\"@id\":\"https:\\\/\\\/spf-viacarpatia.eu\\\/hu\\\/program\\\/kisprojekt-alap\\\/#breadcrumb\"},\"inLanguage\":\"hu\",\"potentialAction\":[{\"@type\":\"ReadAction\",\"target\":[\"https:\\\/\\\/spf-viacarpatia.eu\\\/hu\\\/program\\\/kisprojekt-alap\\\/\"]}]},{\"@type\":\"BreadcrumbList\",\"@id\":\"https:\\\/\\\/spf-viacarpatia.eu\\\/hu\\\/program\\\/kisprojekt-alap\\\/#breadcrumb\",\"itemListElement\":[{\"@type\":\"ListItem\",\"position\":1,\"name\":\"Program\",\"item\":\"https:\\\/\\\/spf-viacarpatia.eu\\\/hu\\\/program\\\/\"},{\"@type\":\"ListItem\",\"position\":2,\"name\":\"Kisprojekt Alap\"}]},{\"@type\":\"WebSite\",\"@id\":\"https:\\\/\\\/spf-viacarpatia.eu\\\/#website\",\"url\":\"https:\\\/\\\/spf-viacarpatia.eu\\\/\",\"name\":\"ViaCarpatia\",\"description\":\"Fond mal\u00fdch projektov\",\"alternateName\":\"ViaCarpatia\",\"potentialAction\":[{\"@type\":\"SearchAction\",\"target\":{\"@type\":\"EntryPoint\",\"urlTemplate\":\"https:\\\/\\\/spf-viacarpatia.eu\\\/?s={search_term_string}\"},\"query-input\":{\"@type\":\"PropertyValueSpecification\",\"valueRequired\":true,\"valueName\":\"search_term_string\"}}],\"inLanguage\":\"hu\"}]}<\/script>\n<!-- \/ Yoast SEO plugin. -->","yoast_head_json":{"title":"Kisprojekt Alap - spf-viacarpatia.eu | Fond mal\u00fdch projektov","robots":{"index":"index","follow":"follow","max-snippet":"max-snippet:-1","max-image-preview":"max-image-preview:large","max-video-preview":"max-video-preview:-1"},"canonical":"https:\/\/spf-viacarpatia.eu\/hu\/program\/kisprojekt-alap\/","og_locale":"hu_HU","og_type":"article","og_title":"Kisprojekt Alap - spf-viacarpatia.eu | Fond mal\u00fdch projektov","og_description":"Specifikus c\u00e9l 3.2: A k\u00f6lcs\u00f6n\u00f6s bizalom megteremt\u00e9se F\u0151 tev\u00e9kenys\u00e9g 3.2.1: Kisprojekt Alap Az int\u00e9zked\u00e9s a Kisprojekt Alapon kereszt\u00fcl P2P egy\u00fcttm\u0171k\u00f6d\u00e9sre \u00e9p\u00edtve k\u00edv\u00e1n hozz\u00e1j\u00e1rulni a hat\u00e1ron \u00e1tny\u00fal\u00f3 egy\u00fcttm\u0171k\u00f6d\u00e9s er\u0151s\u00edt\u00e9s\u00e9hez. A Kisprojekt Alap (KPA) \u00e1ltal\u00e1nos c\u00e9lkit\u0171z\u00e9se a hat\u00e1ron \u00e1tny\u00fal\u00f3 t\u00e1rsadalmi koh\u00e9zi\u00f3 er\u0151s\u00edt\u00e9se a helyi szint\u0171 egy\u00fcttm\u0171k\u00f6d\u00e9s t\u00e1mogat\u00e1s\u00e1val, valamint a hat\u00e1r mindk\u00e9t oldal\u00e1n m\u0171k\u00f6d\u0151 szerepl\u0151k k\u00f6z\u00f6tti hossz\u00fa t\u00e1v\u00fa [&hellip;]","og_url":"https:\/\/spf-viacarpatia.eu\/hu\/program\/kisprojekt-alap\/","og_site_name":"spf-viacarpatia.eu | Fond mal\u00fdch projektov","article_modified_time":"2023-10-16T10:45:55+00:00","twitter_card":"summary_large_image","twitter_misc":{"Becs\u00fclt olvas\u00e1si id\u0151":"2 perc"},"schema":{"@context":"https:\/\/schema.org","@graph":[{"@type":"WebPage","@id":"https:\/\/spf-viacarpatia.eu\/hu\/program\/kisprojekt-alap\/","url":"https:\/\/spf-viacarpatia.eu\/hu\/program\/kisprojekt-alap\/","name":"Kisprojekt Alap - spf-viacarpatia.eu | Fond mal\u00fdch projektov","isPartOf":{"@id":"https:\/\/spf-viacarpatia.eu\/#website"},"datePublished":"2023-10-09T13:12:20+00:00","dateModified":"2023-10-16T10:45:55+00:00","breadcrumb":{"@id":"https:\/\/spf-viacarpatia.eu\/hu\/program\/kisprojekt-alap\/#breadcrumb"},"inLanguage":"hu","potentialAction":[{"@type":"ReadAction","target":["https:\/\/spf-viacarpatia.eu\/hu\/program\/kisprojekt-alap\/"]}]},{"@type":"BreadcrumbList","@id":"https:\/\/spf-viacarpatia.eu\/hu\/program\/kisprojekt-alap\/#breadcrumb","itemListElement":[{"@type":"ListItem","position":1,"name":"Program","item":"https:\/\/spf-viacarpatia.eu\/hu\/program\/"},{"@type":"ListItem","position":2,"name":"Kisprojekt Alap"}]},{"@type":"WebSite","@id":"https:\/\/spf-viacarpatia.eu\/#website","url":"https:\/\/spf-viacarpatia.eu\/","name":"ViaCarpatia","description":"Fond mal\u00fdch projektov","alternateName":"ViaCarpatia","potentialAction":[{"@type":"SearchAction","target":{"@type":"EntryPoint","urlTemplate":"https:\/\/spf-viacarpatia.eu\/?s={search_term_string}"},"query-input":{"@type":"PropertyValueSpecification","valueRequired":true,"valueName":"search_term_string"}}],"inLanguage":"hu"}]}},"_links":{"self":[{"href":"https:\/\/spf-viacarpatia.eu\/hu\/wp-json\/wp\/v2\/pages\/7839","targetHints":{"allow":["GET"]}}],"collection":[{"href":"https:\/\/spf-viacarpatia.eu\/hu\/wp-json\/wp\/v2\/pages"}],"about":[{"href":"https:\/\/spf-viacarpatia.eu\/hu\/wp-json\/wp\/v2\/types\/page"}],"author":[{"embeddable":true,"href":"https:\/\/spf-viacarpatia.eu\/hu\/wp-json\/wp\/v2\/users\/1"}],"replies":[{"embeddable":true,"href":"https:\/\/spf-viacarpatia.eu\/hu\/wp-json\/wp\/v2\/comments?post=7839"}],"version-history":[{"count":3,"href":"https:\/\/spf-viacarpatia.eu\/hu\/wp-json\/wp\/v2\/pages\/7839\/revisions"}],"predecessor-version":[{"id":7846,"href":"https:\/\/spf-viacarpatia.eu\/hu\/wp-json\/wp\/v2\/pages\/7839\/revisions\/7846"}],"up":[{"embeddable":true,"href":"https:\/\/spf-viacarpatia.eu\/hu\/wp-json\/wp\/v2\/pages\/7837"}],"wp:attachment":[{"href":"https:\/\/spf-viacarpatia.eu\/hu\/wp-json\/wp\/v2\/media?parent=7839"}],"curies":[{"name":"wp","href":"https:\/\/api.w.org\/{rel}","templated":true}]}}