{"id":8420,"date":"2024-05-22T13:28:11","date_gmt":"2024-05-22T11:28:11","guid":{"rendered":"https:\/\/spf-viacarpatia.eu\/?post_type=projekty&#038;p=8420"},"modified":"2025-02-11T08:46:54","modified_gmt":"2025-02-11T07:46:54","slug":"ongai-kulturalis-egyesulet","status":"publish","type":"projekty","link":"https:\/\/spf-viacarpatia.eu\/hu\/projekty\/ongai-kulturalis-egyesulet\/","title":{"rendered":"Ongai Kultur\u00e1lis Egyes\u00fclet"},"content":{"rendered":"<p>Az Ongai Kultur\u00e1lis Egyes\u00fclet \u00e1ltal rendezett Quintessence Competition, kor\u00e1bbi nev\u00e9n Ongai P\u00e1linkaverseny, az elm\u00falt \u00e9vekben minden rekordot megd\u00f6nt\u00f6tt. M\u00e1r nem csak Magyarorsz\u00e1g \u00e9s K\u00f6z\u00e9p-Eur\u00f3pa legnagyobb p\u00e1linkaverseny\u00e9v\u00e9 n\u0151tte ki mag\u00e1t, de a X. versenyen a 2006 f\u0151s nevez\u00e9si sz\u00e1m meghaladta az ausztriai eddigi 1800 feletti nevez\u00e9si rekordot, amit a 2022-es 2176 nevez\u00e9si sz\u00e1m m\u00e9g ink\u00e1bb fel\u00fclm\u00falt. A projekt c\u00e9lja Quintessence nyit\u00e1s Szlov\u00e1ki\u00e1ban is, hiszen m\u00e9g a p\u00e1linka megnevez\u00e9s els\u0151 \u00edr\u00e1sos eml\u00edt\u00e9se is a szlov\u00e1k palenka sz\u00f3 \u00e1tv\u00e9tel\u00e9b\u0151l sz\u00e1rmazik. Ez akkor m\u00e9g a gabona, a gy\u00fcm\u00f6lcs- \u00e9s borp\u00e1rlatok k\u00f6z\u00f6s megjel\u00f6l\u00e9se volt. Rom\u00e1ni\u00e1ban a Quintessence-re nevez\u0151k sz\u00e1ma m\u00e1r meghaladja a 200 f\u0151t, addig a hozz\u00e1nk k\u00f6zeli Szlov\u00e1ki\u00e1ban ez mind\u00f6ssze 10 &#8211; 20 f\u0151t jelent A rom\u00e1niai versenyek m\u00e1r k\u00f6vetik a Quintessence ir\u00e1nymutat\u00e1s\u00e1t, haszn\u00e1lj\u00e1k a szoftver\u00fcnket. Szeretn\u00e9nk a k\u00f6zelebbi r\u00e9gi\u00f3kban is \u00e9rdemi egy\u00fcttm\u0171k\u00f6d\u00e9st, megkezdeni a felvid\u00e9ki egy\u00fcttm\u0171k\u00f6d\u00e9st \u00e9s potenci\u00e1lisan n\u00f6velni a Quintessence t\u00e1mogat\u00f3inak, r\u00e9sztvev\u0151inek sz\u00e1m\u00e1t. Szeretn\u00e9nk mint\u00e1t adni a helyi szervez\u0151d\u00e9sek k\u00f6z\u00f6ss\u00e9gform\u00e1l\u00f3 erej\u00e9nek n\u00f6vel\u00e9s\u00e9re, a helyib\u0151l region\u00e1liss\u00e1 v\u00e1l\u00e1s tapasztalatainak cser\u00e9j\u00e9re.A projekt keret\u00e9ben egy h\u00e9tv\u00e9gi, h\u00e1romnapos hagyom\u00e1ny\u0151rz\u0151, kultur\u00e1lis rendezv\u00e9nyt szervez\u00fcnk, minimum 102 f\u0151 r\u00e9szv\u00e9tel\u00e9vel, melyb\u0151l 51 f\u0151 szlov\u00e1k \u00e1llampolg\u00e1rs\u00e1g\u00fa. Termel\u0151i piacot is szervez\u00fcnk, melynek r\u00e9g\u00f3ta hagyom\u00e1nya van a t\u00e9rs\u00e9gben. A Kisprojekt Alap felh\u00edv\u00e1s c\u00e9lja t\u00f6bbek k\u00f6zt a k\u00e9t orsz\u00e1g polg\u00e1rai k\u00f6zti eszmecser\u00e9k el\u0151mozd\u00edt\u00e1sa, tapasztalatcsere a helyi \u00f6r\u00f6ks\u00e9gek sokoldal\u00fas\u00e1g\u00e1r\u00f3l, melyhez a megval\u00f3s\u00edtani k\u00edv\u00e1nt projekt maxim\u00e1lisan illeszkedik.A p\u00e1linka, mint Hungarikum n\u00e9pszer\u0171s\u00edt\u00e9se fontos, a min\u0151s\u00e9gi p\u00e1linka \u00e9s p\u00e1rlat fogalm\u00e1nak, sz\u00ednes k\u00edn\u00e1lat\u00e1nak, gasztron\u00f3miai jelent\u0151s\u00e9g\u00e9nek \u00e9s a kultur\u00e1lt alkoholfogyaszt\u00e1s fontoss\u00e1g\u00e1nak megismertet\u00e9se a hazai \u00e9s k\u00fclf\u00f6ldi, els\u0151sorban szlov\u00e1kiai fogyaszt\u00f3kkal. A p\u00e1link\u00e1val kapcsolatos fogyaszt\u00f3i szeml\u00e9let pozit\u00edv befoly\u00e1sol\u00e1sa, sz\u00e9lesk\u00f6r\u0171 fogyaszt\u00f3i szeml\u00e9letform\u00e1l\u00e1s a c\u00e9l.<\/p>\n<table width=\"500\">\n<tbody>\n<tr>\n<td width=\"255\"><strong>A\u00a0kisprojekt megnevez\u00e9se:<\/strong><\/td>\n<td width=\"245\">Quintessence kooper\u00e1ci\u00f3s napok<\/td>\n<\/tr>\n<tr>\n<td width=\"255\"><strong>A kisprojekt r\u00f6vid c\u00edme:\u00a0<\/strong><\/td>\n<td width=\"245\">Quintessence<\/td>\n<\/tr>\n<tr>\n<td width=\"255\"><strong>A felh\u00edv\u00e1s k\u00f3dja:<\/strong><\/td>\n<td width=\"245\">HUSK\/2301\/3.1\/020<\/td>\n<\/tr>\n<tr>\n<td width=\"255\"><strong>Priorit\u00e1si tengely:\u00a0<\/strong><\/td>\n<td width=\"245\">3. &#8211; Institutional cooperations<\/td>\n<\/tr>\n<tr>\n<td width=\"255\"><strong>Specifikus c\u00e9l:<\/strong><\/td>\n<td width=\"245\">3.2.1 &#8211; Small project fund<\/td>\n<\/tr>\n<tr>\n<td width=\"255\"><strong>Kisprojekt k\u00f3dja:\u00a0\u00a0<\/strong><\/td>\n<td width=\"245\">HUSK\/SPF\/2301\/3.2\/069<\/td>\n<\/tr>\n<tr>\n<td width=\"255\"><strong>A kisprojekt teljes k\u00f6lts\u00e9gvet\u00e9se:<\/strong><\/td>\n<td width=\"245\">26 431,25 \u20ac<\/td>\n<\/tr>\n<tr>\n<td width=\"255\"><strong>ERFA hozz\u00e1j\u00e1rul\u00e1s:<\/strong><\/td>\n<td width=\"245\">21 14 5,00 \u20ac<\/td>\n<\/tr>\n<tr>\n<td width=\"255\"><strong>A kisprojekt kezdete:<\/strong><\/td>\n<td width=\"245\">2024.03.01.<\/td>\n<\/tr>\n<tr>\n<td width=\"255\"><strong>A kisprojekt v\u00e9ge:<\/strong><\/td>\n<td width=\"245\">2024.05.31.<\/td>\n<\/tr>\n<\/tbody>\n<\/table>\n","protected":false},"featured_media":0,"template":"","projekt-kategoria":[25],"class_list":["post-8420","projekty","type-projekty","status-publish","hentry","projekt-kategoria-a-kisprojekt-alap-elso-felhivasanak-tamogatott-projektjei-husk-spf-230"],"acf":[],"yoast_head":"<!-- This site is optimized with the Yoast SEO plugin v27.5 - https:\/\/yoast.com\/product\/yoast-seo-wordpress\/ -->\n<title>Ongai Kultur\u00e1lis Egyes\u00fclet - spf-viacarpatia.eu | Fond mal\u00fdch projektov<\/title>\n<meta name=\"robots\" content=\"index, follow, max-snippet:-1, max-image-preview:large, max-video-preview:-1\" \/>\n<link rel=\"canonical\" href=\"https:\/\/spf-viacarpatia.eu\/hu\/projekty\/ongai-kulturalis-egyesulet\/\" \/>\n<meta property=\"og:locale\" content=\"hu_HU\" \/>\n<meta property=\"og:type\" content=\"article\" \/>\n<meta property=\"og:title\" content=\"Ongai Kultur\u00e1lis Egyes\u00fclet - spf-viacarpatia.eu | Fond mal\u00fdch projektov\" \/>\n<meta property=\"og:description\" content=\"Az Ongai Kultur\u00e1lis Egyes\u00fclet \u00e1ltal rendezett Quintessence Competition, kor\u00e1bbi nev\u00e9n Ongai P\u00e1linkaverseny, az elm\u00falt \u00e9vekben minden rekordot megd\u00f6nt\u00f6tt. M\u00e1r nem csak Magyarorsz\u00e1g \u00e9s K\u00f6z\u00e9p-Eur\u00f3pa legnagyobb p\u00e1linkaverseny\u00e9v\u00e9 n\u0151tte ki mag\u00e1t, de a X. versenyen a 2006 f\u0151s nevez\u00e9si sz\u00e1m meghaladta az ausztriai eddigi 1800 feletti nevez\u00e9si rekordot, amit a 2022-es 2176 nevez\u00e9si sz\u00e1m m\u00e9g ink\u00e1bb fel\u00fclm\u00falt. [&hellip;]\" \/>\n<meta property=\"og:url\" content=\"https:\/\/spf-viacarpatia.eu\/hu\/projekty\/ongai-kulturalis-egyesulet\/\" \/>\n<meta property=\"og:site_name\" content=\"spf-viacarpatia.eu | Fond mal\u00fdch projektov\" \/>\n<meta property=\"article:modified_time\" content=\"2025-02-11T07:46:54+00:00\" \/>\n<meta name=\"twitter:card\" content=\"summary_large_image\" \/>\n<meta name=\"twitter:label1\" content=\"Becs\u00fclt olvas\u00e1si id\u0151\" \/>\n\t<meta name=\"twitter:data1\" content=\"2 perc\" \/>\n<script type=\"application\/ld+json\" class=\"yoast-schema-graph\">{\"@context\":\"https:\\\/\\\/schema.org\",\"@graph\":[{\"@type\":\"WebPage\",\"@id\":\"https:\\\/\\\/spf-viacarpatia.eu\\\/hu\\\/projekty\\\/ongai-kulturalis-egyesulet\\\/\",\"url\":\"https:\\\/\\\/spf-viacarpatia.eu\\\/hu\\\/projekty\\\/ongai-kulturalis-egyesulet\\\/\",\"name\":\"Ongai Kultur\u00e1lis Egyes\u00fclet - spf-viacarpatia.eu | Fond mal\u00fdch projektov\",\"isPartOf\":{\"@id\":\"https:\\\/\\\/spf-viacarpatia.eu\\\/#website\"},\"datePublished\":\"2024-05-22T11:28:11+00:00\",\"dateModified\":\"2025-02-11T07:46:54+00:00\",\"inLanguage\":\"hu\",\"potentialAction\":[{\"@type\":\"ReadAction\",\"target\":[\"https:\\\/\\\/spf-viacarpatia.eu\\\/hu\\\/projekty\\\/ongai-kulturalis-egyesulet\\\/\"]}]},{\"@type\":\"WebSite\",\"@id\":\"https:\\\/\\\/spf-viacarpatia.eu\\\/#website\",\"url\":\"https:\\\/\\\/spf-viacarpatia.eu\\\/\",\"name\":\"ViaCarpatia\",\"description\":\"Fond mal\u00fdch projektov\",\"alternateName\":\"ViaCarpatia\",\"potentialAction\":[{\"@type\":\"SearchAction\",\"target\":{\"@type\":\"EntryPoint\",\"urlTemplate\":\"https:\\\/\\\/spf-viacarpatia.eu\\\/?s={search_term_string}\"},\"query-input\":{\"@type\":\"PropertyValueSpecification\",\"valueRequired\":true,\"valueName\":\"search_term_string\"}}],\"inLanguage\":\"hu\"}]}<\/script>\n<!-- \/ Yoast SEO plugin. -->","yoast_head_json":{"title":"Ongai Kultur\u00e1lis Egyes\u00fclet - spf-viacarpatia.eu | Fond mal\u00fdch projektov","robots":{"index":"index","follow":"follow","max-snippet":"max-snippet:-1","max-image-preview":"max-image-preview:large","max-video-preview":"max-video-preview:-1"},"canonical":"https:\/\/spf-viacarpatia.eu\/hu\/projekty\/ongai-kulturalis-egyesulet\/","og_locale":"hu_HU","og_type":"article","og_title":"Ongai Kultur\u00e1lis Egyes\u00fclet - spf-viacarpatia.eu | Fond mal\u00fdch projektov","og_description":"Az Ongai Kultur\u00e1lis Egyes\u00fclet \u00e1ltal rendezett Quintessence Competition, kor\u00e1bbi nev\u00e9n Ongai P\u00e1linkaverseny, az elm\u00falt \u00e9vekben minden rekordot megd\u00f6nt\u00f6tt. M\u00e1r nem csak Magyarorsz\u00e1g \u00e9s K\u00f6z\u00e9p-Eur\u00f3pa legnagyobb p\u00e1linkaverseny\u00e9v\u00e9 n\u0151tte ki mag\u00e1t, de a X. versenyen a 2006 f\u0151s nevez\u00e9si sz\u00e1m meghaladta az ausztriai eddigi 1800 feletti nevez\u00e9si rekordot, amit a 2022-es 2176 nevez\u00e9si sz\u00e1m m\u00e9g ink\u00e1bb fel\u00fclm\u00falt. [&hellip;]","og_url":"https:\/\/spf-viacarpatia.eu\/hu\/projekty\/ongai-kulturalis-egyesulet\/","og_site_name":"spf-viacarpatia.eu | Fond mal\u00fdch projektov","article_modified_time":"2025-02-11T07:46:54+00:00","twitter_card":"summary_large_image","twitter_misc":{"Becs\u00fclt olvas\u00e1si id\u0151":"2 perc"},"schema":{"@context":"https:\/\/schema.org","@graph":[{"@type":"WebPage","@id":"https:\/\/spf-viacarpatia.eu\/hu\/projekty\/ongai-kulturalis-egyesulet\/","url":"https:\/\/spf-viacarpatia.eu\/hu\/projekty\/ongai-kulturalis-egyesulet\/","name":"Ongai Kultur\u00e1lis Egyes\u00fclet - spf-viacarpatia.eu | Fond mal\u00fdch projektov","isPartOf":{"@id":"https:\/\/spf-viacarpatia.eu\/#website"},"datePublished":"2024-05-22T11:28:11+00:00","dateModified":"2025-02-11T07:46:54+00:00","inLanguage":"hu","potentialAction":[{"@type":"ReadAction","target":["https:\/\/spf-viacarpatia.eu\/hu\/projekty\/ongai-kulturalis-egyesulet\/"]}]},{"@type":"WebSite","@id":"https:\/\/spf-viacarpatia.eu\/#website","url":"https:\/\/spf-viacarpatia.eu\/","name":"ViaCarpatia","description":"Fond mal\u00fdch projektov","alternateName":"ViaCarpatia","potentialAction":[{"@type":"SearchAction","target":{"@type":"EntryPoint","urlTemplate":"https:\/\/spf-viacarpatia.eu\/?s={search_term_string}"},"query-input":{"@type":"PropertyValueSpecification","valueRequired":true,"valueName":"search_term_string"}}],"inLanguage":"hu"}]}},"_links":{"self":[{"href":"https:\/\/spf-viacarpatia.eu\/hu\/wp-json\/wp\/v2\/projekty\/8420","targetHints":{"allow":["GET"]}}],"collection":[{"href":"https:\/\/spf-viacarpatia.eu\/hu\/wp-json\/wp\/v2\/projekty"}],"about":[{"href":"https:\/\/spf-viacarpatia.eu\/hu\/wp-json\/wp\/v2\/types\/projekty"}],"wp:attachment":[{"href":"https:\/\/spf-viacarpatia.eu\/hu\/wp-json\/wp\/v2\/media?parent=8420"}],"wp:term":[{"taxonomy":"projekt-kategoria","embeddable":true,"href":"https:\/\/spf-viacarpatia.eu\/hu\/wp-json\/wp\/v2\/projekt-kategoria?post=8420"}],"curies":[{"name":"wp","href":"https:\/\/api.w.org\/{rel}","templated":true}]}}