{"id":8424,"date":"2024-05-22T13:31:37","date_gmt":"2024-05-22T11:31:37","guid":{"rendered":"https:\/\/spf-viacarpatia.eu\/?post_type=projekty&#038;p=8424"},"modified":"2025-02-11T08:46:11","modified_gmt":"2025-02-11T07:46:11","slug":"szovetseg-borsod-abauj-zemplen-megyeert-alapitvany","status":"publish","type":"projekty","link":"https:\/\/spf-viacarpatia.eu\/hu\/projekty\/szovetseg-borsod-abauj-zemplen-megyeert-alapitvany\/","title":{"rendered":"Sz\u00f6vets\u00e9g Borsod-Aba\u00faj-Zempl\u00e9n Megy\u00e9\u00e9rt Alap\u00edtv\u00e1ny"},"content":{"rendered":"<p>Projekt: Bodrogk\u00f6z \u00e9rt\u00e9keit csokorba gy\u0171jt\u0151 fesztiv\u00e1l. Rendezv\u00e9ny tervezett helysz\u00edne: Bodrogk\u00f6zi M\u00fazeumporta, Cig\u00e1nd Tervezett alkalomsz\u00e1m: 1 alkalom T\u00e1rs partner: Interregion\u00e1lny V\u00fdskumno-rozvojov\u00fd in\u0161t\u00fat A rendezv\u00e9ny tervezett id\u0151pontja 2024. j\u00fanius 1., es\u0151 eset\u00e9n a k\u00f6vetkez\u0151 k\u00e9t h\u00e9tben ker\u00fcl megrendez\u00e9sre. A rendezv\u00e9ny c\u00e9lja a Bodrogk\u00f6z t\u00e9rs\u00e9gben \u00e9l\u0151k helyi identit\u00e1s\u00e1nak n\u00f6vel\u00e9se, a t\u00e9rs\u00e9gi k\u00f6z\u00f6ss\u00e9g \u00e9p\u00edt\u00e9se. A helyi \u00e9rt\u00e9kek \u00f6sszegy\u0171jt\u00e9s\u00e9nek az volt a c\u00e9lja, hogy felt\u00e1rjuk, \u00f6sszegy\u0171jts\u00fck, meg\u0151rizz\u00fck azokat a jellegzetess\u00e9geket, amikre mi bodrogk\u00f6ziek b\u00fcszk\u00e9k lehet\u00fcnk, \u00e9s ezeket lak\u00f3ival, a feln\u00f6vekv\u0151 nemzed\u00e9kkel, iskolai k\u00f6z\u00f6ss\u00e9gekkel, a hat\u00e1ron t\u00falr\u00f3l \u00e9rkez\u0151 r\u00e9szvev\u0151kkel, illetve az orsz\u00e1g egy\u00e9b t\u00e1jain \u00e9l\u0151kkel megismertess\u00fck. A \u201eBodrogk\u00f6z \u00e9rt\u00e9keit csokorba gy\u0171jt\u0151 fesztiv\u00e1l\u201d tervezett kezd\u00e9se d\u00e9lel\u0151tt 10.00 \u00f3ra, tervezett befejez\u00e9se 18.00. A lehat\u00e1rolt ter\u00fcleten egy v\u00e1s\u00e1ri forgatag szellemis\u00e9g\u0171 rendezv\u00e9nyt tervez\u00fcnk, melyet kellemes zen\u00e9k \u00e9s fell\u00e9p\u0151k sz\u00ednes\u00edtenek. A fesztiv\u00e1l keret\u00e9ben helysz\u00ednt \u00e9s lehet\u0151s\u00e9get k\u00edv\u00e1nunk biztos\u00edtani a k\u00e9zm\u0171ves mesterek sz\u00e1m\u00e1ra, hogy bemutathass\u00e1k \u00e9s \u00e9rt\u00e9kes\u00edthess\u00e9k term\u00e9keiket, valamint k\u00e9zm\u0171ves foglalkoz\u00e1sok keret\u00e9benb\u00a0 szakm\u00e1jukr\u00f3l \u00e9s tud\u00e1sukr\u00f3l t\u00e1j\u00e9koztat\u00e1st adhassanak az \u00e9rdekl\u0151d\u0151knek. C\u00e9lunk tov\u00e1bb\u00e1, hogy az esem\u00e9nyre l\u00e1togat\u00f3k megismerj\u00e9k a r\u00e9sztvev\u0151 \u0151stermel\u0151ket, egy\u00fattal helyi term\u00e9keket tudjanak v\u00e1s\u00e1rolni. A fesztiv\u00e1l megval\u00f3s\u00edt\u00e1s\u00e1ba az alap\u00edtv\u00e1ny tagjai \u00e9s \u00f6nk\u00e9ntesei mellett egy szlov\u00e1k partner is bevon\u00e1sra ker\u00fcl. A partner bevon\u00e1s\u00e1nak k\u00f6sz\u00f6nhet\u0151en, mivel r\u00e9szt vesz az el\u0151k\u00e9sz\u00edt\u00e9si, megval\u00f3s\u00edt\u00e1si szakaszban, lehet\u0151s\u00e9g ad\u00f3dik a magyar \u00e9s a szlov\u00e1k kult\u00fara tal\u00e1lkoz\u00e1s\u00e1ra. A projekt keret\u00e9ben a szlov\u00e1k partner v\u00e1llalta, hogy sz\u00e1mos hat\u00e1ron t\u00fali lakossal \u00e9rkezik a rendezv\u00e9nyre, ami alkalmat teremt arra, hogy a felek megismerhess\u00e9k egym\u00e1s hagyom\u00e1nyait, \u00e9rt\u00e9keit, ez\u00e1ltal m\u00e9lyebb kapcsolatokat alak\u00edthatnak ki egym\u00e1ssal.<\/p>\n<table width=\"500\">\n<tbody>\n<tr>\n<td width=\"255\"><strong>A\u00a0kisprojekt megnevez\u00e9se:<\/strong><\/td>\n<td width=\"245\">Sz\u00f6vets\u00e9g Borsod-Aba\u00faj-Zempl\u00e9n Megy\u00e9\u00e9rt Alap\u00edtv\u00e1ny<\/td>\n<\/tr>\n<tr>\n<td width=\"255\"><strong>A kisprojekt r\u00f6vid c\u00edme:\u00a0<\/strong><\/td>\n<td width=\"245\">B\u00c9CS<\/td>\n<\/tr>\n<tr>\n<td width=\"255\"><strong>A felh\u00edv\u00e1s k\u00f3dja:<\/strong><\/td>\n<td width=\"245\">HUSK\/2301\/3.1\/020<\/td>\n<\/tr>\n<tr>\n<td width=\"255\"><strong>Priorit\u00e1si tengely:\u00a0<\/strong><\/td>\n<td width=\"245\">3. &#8211; Institutional cooperations<\/td>\n<\/tr>\n<tr>\n<td width=\"255\"><strong>Specifikus c\u00e9l:<\/strong><\/td>\n<td width=\"245\">3.2.1 &#8211; Small project fund<\/td>\n<\/tr>\n<tr>\n<td width=\"255\"><strong>Kisprojekt k\u00f3dja:\u00a0\u00a0<\/strong><\/td>\n<td width=\"245\">HUSK\/SPF\/2301\/3.2\/102<\/td>\n<\/tr>\n<tr>\n<td width=\"255\"><strong>A kisprojekt teljes k\u00f6lts\u00e9gvet\u00e9se:<\/strong><\/td>\n<td width=\"245\">33 037,50 \u20ac<\/td>\n<\/tr>\n<tr>\n<td width=\"255\"><strong>ERFA hozz\u00e1j\u00e1rul\u00e1s:<\/strong><\/td>\n<td width=\"245\">26 430,00 \u20ac<\/td>\n<\/tr>\n<tr>\n<td width=\"255\"><strong>A kisprojekt kezdete:<\/strong><\/td>\n<td width=\"245\">2024.04.01.<\/td>\n<\/tr>\n<tr>\n<td width=\"255\"><strong>A kisprojekt v\u00e9ge:<\/strong><\/td>\n<td width=\"245\">2024.06.30.<\/td>\n<\/tr>\n<\/tbody>\n<\/table>\n","protected":false},"featured_media":0,"template":"","projekt-kategoria":[25],"class_list":["post-8424","projekty","type-projekty","status-publish","hentry","projekt-kategoria-a-kisprojekt-alap-elso-felhivasanak-tamogatott-projektjei-husk-spf-230"],"acf":[],"yoast_head":"<!-- This site is optimized with the Yoast SEO plugin v27.5 - https:\/\/yoast.com\/product\/yoast-seo-wordpress\/ -->\n<title>Sz\u00f6vets\u00e9g Borsod-Aba\u00faj-Zempl\u00e9n Megy\u00e9\u00e9rt Alap\u00edtv\u00e1ny - spf-viacarpatia.eu | Fond mal\u00fdch projektov<\/title>\n<meta name=\"robots\" content=\"index, follow, max-snippet:-1, max-image-preview:large, max-video-preview:-1\" \/>\n<link rel=\"canonical\" href=\"https:\/\/spf-viacarpatia.eu\/hu\/projekty\/szovetseg-borsod-abauj-zemplen-megyeert-alapitvany\/\" \/>\n<meta property=\"og:locale\" content=\"hu_HU\" \/>\n<meta property=\"og:type\" content=\"article\" \/>\n<meta property=\"og:title\" content=\"Sz\u00f6vets\u00e9g Borsod-Aba\u00faj-Zempl\u00e9n Megy\u00e9\u00e9rt Alap\u00edtv\u00e1ny - spf-viacarpatia.eu | Fond mal\u00fdch projektov\" \/>\n<meta property=\"og:description\" content=\"Projekt: Bodrogk\u00f6z \u00e9rt\u00e9keit csokorba gy\u0171jt\u0151 fesztiv\u00e1l. Rendezv\u00e9ny tervezett helysz\u00edne: Bodrogk\u00f6zi M\u00fazeumporta, Cig\u00e1nd Tervezett alkalomsz\u00e1m: 1 alkalom T\u00e1rs partner: Interregion\u00e1lny V\u00fdskumno-rozvojov\u00fd in\u0161t\u00fat A rendezv\u00e9ny tervezett id\u0151pontja 2024. j\u00fanius 1., es\u0151 eset\u00e9n a k\u00f6vetkez\u0151 k\u00e9t h\u00e9tben ker\u00fcl megrendez\u00e9sre. A rendezv\u00e9ny c\u00e9lja a Bodrogk\u00f6z t\u00e9rs\u00e9gben \u00e9l\u0151k helyi identit\u00e1s\u00e1nak n\u00f6vel\u00e9se, a t\u00e9rs\u00e9gi k\u00f6z\u00f6ss\u00e9g \u00e9p\u00edt\u00e9se. A helyi \u00e9rt\u00e9kek \u00f6sszegy\u0171jt\u00e9s\u00e9nek az [&hellip;]\" \/>\n<meta property=\"og:url\" content=\"https:\/\/spf-viacarpatia.eu\/hu\/projekty\/szovetseg-borsod-abauj-zemplen-megyeert-alapitvany\/\" \/>\n<meta property=\"og:site_name\" content=\"spf-viacarpatia.eu | Fond mal\u00fdch projektov\" \/>\n<meta property=\"article:modified_time\" content=\"2025-02-11T07:46:11+00:00\" \/>\n<meta name=\"twitter:card\" content=\"summary_large_image\" \/>\n<meta name=\"twitter:label1\" content=\"Becs\u00fclt olvas\u00e1si id\u0151\" \/>\n\t<meta name=\"twitter:data1\" content=\"2 perc\" \/>\n<script type=\"application\/ld+json\" class=\"yoast-schema-graph\">{\"@context\":\"https:\\\/\\\/schema.org\",\"@graph\":[{\"@type\":\"WebPage\",\"@id\":\"https:\\\/\\\/spf-viacarpatia.eu\\\/hu\\\/projekty\\\/szovetseg-borsod-abauj-zemplen-megyeert-alapitvany\\\/\",\"url\":\"https:\\\/\\\/spf-viacarpatia.eu\\\/hu\\\/projekty\\\/szovetseg-borsod-abauj-zemplen-megyeert-alapitvany\\\/\",\"name\":\"Sz\u00f6vets\u00e9g Borsod-Aba\u00faj-Zempl\u00e9n Megy\u00e9\u00e9rt Alap\u00edtv\u00e1ny - spf-viacarpatia.eu | Fond mal\u00fdch projektov\",\"isPartOf\":{\"@id\":\"https:\\\/\\\/spf-viacarpatia.eu\\\/#website\"},\"datePublished\":\"2024-05-22T11:31:37+00:00\",\"dateModified\":\"2025-02-11T07:46:11+00:00\",\"inLanguage\":\"hu\",\"potentialAction\":[{\"@type\":\"ReadAction\",\"target\":[\"https:\\\/\\\/spf-viacarpatia.eu\\\/hu\\\/projekty\\\/szovetseg-borsod-abauj-zemplen-megyeert-alapitvany\\\/\"]}]},{\"@type\":\"WebSite\",\"@id\":\"https:\\\/\\\/spf-viacarpatia.eu\\\/#website\",\"url\":\"https:\\\/\\\/spf-viacarpatia.eu\\\/\",\"name\":\"ViaCarpatia\",\"description\":\"Fond mal\u00fdch projektov\",\"alternateName\":\"ViaCarpatia\",\"potentialAction\":[{\"@type\":\"SearchAction\",\"target\":{\"@type\":\"EntryPoint\",\"urlTemplate\":\"https:\\\/\\\/spf-viacarpatia.eu\\\/?s={search_term_string}\"},\"query-input\":{\"@type\":\"PropertyValueSpecification\",\"valueRequired\":true,\"valueName\":\"search_term_string\"}}],\"inLanguage\":\"hu\"}]}<\/script>\n<!-- \/ Yoast SEO plugin. -->","yoast_head_json":{"title":"Sz\u00f6vets\u00e9g Borsod-Aba\u00faj-Zempl\u00e9n Megy\u00e9\u00e9rt Alap\u00edtv\u00e1ny - spf-viacarpatia.eu | Fond mal\u00fdch projektov","robots":{"index":"index","follow":"follow","max-snippet":"max-snippet:-1","max-image-preview":"max-image-preview:large","max-video-preview":"max-video-preview:-1"},"canonical":"https:\/\/spf-viacarpatia.eu\/hu\/projekty\/szovetseg-borsod-abauj-zemplen-megyeert-alapitvany\/","og_locale":"hu_HU","og_type":"article","og_title":"Sz\u00f6vets\u00e9g Borsod-Aba\u00faj-Zempl\u00e9n Megy\u00e9\u00e9rt Alap\u00edtv\u00e1ny - spf-viacarpatia.eu | Fond mal\u00fdch projektov","og_description":"Projekt: Bodrogk\u00f6z \u00e9rt\u00e9keit csokorba gy\u0171jt\u0151 fesztiv\u00e1l. Rendezv\u00e9ny tervezett helysz\u00edne: Bodrogk\u00f6zi M\u00fazeumporta, Cig\u00e1nd Tervezett alkalomsz\u00e1m: 1 alkalom T\u00e1rs partner: Interregion\u00e1lny V\u00fdskumno-rozvojov\u00fd in\u0161t\u00fat A rendezv\u00e9ny tervezett id\u0151pontja 2024. j\u00fanius 1., es\u0151 eset\u00e9n a k\u00f6vetkez\u0151 k\u00e9t h\u00e9tben ker\u00fcl megrendez\u00e9sre. A rendezv\u00e9ny c\u00e9lja a Bodrogk\u00f6z t\u00e9rs\u00e9gben \u00e9l\u0151k helyi identit\u00e1s\u00e1nak n\u00f6vel\u00e9se, a t\u00e9rs\u00e9gi k\u00f6z\u00f6ss\u00e9g \u00e9p\u00edt\u00e9se. A helyi \u00e9rt\u00e9kek \u00f6sszegy\u0171jt\u00e9s\u00e9nek az [&hellip;]","og_url":"https:\/\/spf-viacarpatia.eu\/hu\/projekty\/szovetseg-borsod-abauj-zemplen-megyeert-alapitvany\/","og_site_name":"spf-viacarpatia.eu | Fond mal\u00fdch projektov","article_modified_time":"2025-02-11T07:46:11+00:00","twitter_card":"summary_large_image","twitter_misc":{"Becs\u00fclt olvas\u00e1si id\u0151":"2 perc"},"schema":{"@context":"https:\/\/schema.org","@graph":[{"@type":"WebPage","@id":"https:\/\/spf-viacarpatia.eu\/hu\/projekty\/szovetseg-borsod-abauj-zemplen-megyeert-alapitvany\/","url":"https:\/\/spf-viacarpatia.eu\/hu\/projekty\/szovetseg-borsod-abauj-zemplen-megyeert-alapitvany\/","name":"Sz\u00f6vets\u00e9g Borsod-Aba\u00faj-Zempl\u00e9n Megy\u00e9\u00e9rt Alap\u00edtv\u00e1ny - spf-viacarpatia.eu | Fond mal\u00fdch projektov","isPartOf":{"@id":"https:\/\/spf-viacarpatia.eu\/#website"},"datePublished":"2024-05-22T11:31:37+00:00","dateModified":"2025-02-11T07:46:11+00:00","inLanguage":"hu","potentialAction":[{"@type":"ReadAction","target":["https:\/\/spf-viacarpatia.eu\/hu\/projekty\/szovetseg-borsod-abauj-zemplen-megyeert-alapitvany\/"]}]},{"@type":"WebSite","@id":"https:\/\/spf-viacarpatia.eu\/#website","url":"https:\/\/spf-viacarpatia.eu\/","name":"ViaCarpatia","description":"Fond mal\u00fdch projektov","alternateName":"ViaCarpatia","potentialAction":[{"@type":"SearchAction","target":{"@type":"EntryPoint","urlTemplate":"https:\/\/spf-viacarpatia.eu\/?s={search_term_string}"},"query-input":{"@type":"PropertyValueSpecification","valueRequired":true,"valueName":"search_term_string"}}],"inLanguage":"hu"}]}},"_links":{"self":[{"href":"https:\/\/spf-viacarpatia.eu\/hu\/wp-json\/wp\/v2\/projekty\/8424","targetHints":{"allow":["GET"]}}],"collection":[{"href":"https:\/\/spf-viacarpatia.eu\/hu\/wp-json\/wp\/v2\/projekty"}],"about":[{"href":"https:\/\/spf-viacarpatia.eu\/hu\/wp-json\/wp\/v2\/types\/projekty"}],"wp:attachment":[{"href":"https:\/\/spf-viacarpatia.eu\/hu\/wp-json\/wp\/v2\/media?parent=8424"}],"wp:term":[{"taxonomy":"projekt-kategoria","embeddable":true,"href":"https:\/\/spf-viacarpatia.eu\/hu\/wp-json\/wp\/v2\/projekt-kategoria?post=8424"}],"curies":[{"name":"wp","href":"https:\/\/api.w.org\/{rel}","templated":true}]}}