{"id":8429,"date":"2024-05-22T13:35:42","date_gmt":"2024-05-22T11:35:42","guid":{"rendered":"https:\/\/spf-viacarpatia.eu\/?post_type=projekty&#038;p=8429"},"modified":"2025-02-11T08:45:25","modified_gmt":"2025-02-11T07:45:25","slug":"the-race","status":"publish","type":"projekty","link":"https:\/\/spf-viacarpatia.eu\/hu\/projekty\/the-race\/","title":{"rendered":"THE RACE"},"content":{"rendered":"<p>Cie\u013eom projektu je realiz\u00e1cia \u0161portov\u00e9ho podujatia pre \u017eeny so sprievodn\u00fdm programom pre rodiny s de\u0165mi v jedine\u010dnom prostred\u00ed historick\u00e9ho parku Ka\u0161tie\u013ea Betliar. Podujatie pl\u00e1nujeme<br \/>\nzorganizova\u0165 koncom j\u00fana 2024. Nosnou \u010das\u0165ou projektu je samotn\u00fd \u0161portov\u00fd program podujatia, ktor\u00fd bude pozost\u00e1va\u0165 z nieko\u013ek\u00fdch \u010dast\u00ed\/discipl\u00edn. Pre \u00fa\u010dastn\u00ed\u010dky pripravujeme kr\u00e1tku trailov\u00fa tra\u0165 (cca. 4km) v parku ka\u0161tie\u013ea, v r\u00e1mci ktorej sa m\u00f4\u017eu vysk\u00fa\u0161a\u0165 v r\u00f4znych vekov\u00fdch kateg\u00f3ri\u00e1ch. Z\u00e1rove\u0148 pre ne pripravujeme aj origin\u00e1lnu kateg\u00f3riu \u201eMama a ja\u201c, kde si skr\u00e1ten\u00fa trasu bud\u00fa m\u00f4c\u0165 odbehn\u00fa\u0165 spolu so svojimi de\u0165mi vo vo\u013enom \u0161t\u00fdle (napr. odbehn\u00fa\u0165 trasu za ruky, s detsk\u00fdm odr\u00e1\u017eadlom, vzia\u0165 si die\u0165a na chrb\u00e1t a i.). \u010fal\u0161ou d\u00f4le\u017eitou \u010das\u0165ou \u0161portov\u00e9ho programu podujatia<br \/>\ns\u00fa hromadn\u00e9 tr\u00e9ningy, ktor\u00e9 poved\u00fa sk\u00fasen\u00ed tr\u00e9neri. Vyvrcholen\u00edm bude ve\u013ek\u00e1 zumba party. S\u00fa\u010das\u0165ou podujatia bud\u00fa aj sprievodn\u00e9 programy orientovan\u00e9 najm\u00e4 na deti a rodiny s de\u0165mi (sk\u00e1kacie hrady, detsk\u00e9 atrakcie) a taktie\u017e hudobn\u00fd program (DJ, \u017eiv\u00e9 hudobn\u00e9 vyst\u00fapenie). Projekt je jednozna\u010dne v s\u00falade s v\u00fdzvou na predkladanie \u017eiadost\u00ed, nako\u013eko projekt pripravujeme pre \u00fa\u010dastn\u00edkov Slovenskej aj Ma\u010farskej Republiky, ktor\u00fdm prostredn\u00edctvom tohto eventu predstav\u00edme v\u00fdznamn\u00fd \u010dl\u00e1nok kult\u00farneho dedi\u010dstva E\u00da- Ka\u0161tie\u013e Betliar. Partnermi podujatia s\u00fa Mez\u0151k\u00f6vesdi M\u00fcvel\u0151d\u00e9si K\u00f6zalap\u00edtv\u00e1ny (Mez\u0151k\u00f6vesd, HU), s ktor\u00fdmi zabezpe\u010d\u00edme \u00fa\u010das\u0165 ma\u010farsk\u00fdch ob\u010danov, ale aj M\u00fazeum Betliar, ktor\u00e9 n\u00e1m poskytne priestory podujatia. K aktivit\u00e1m projektu rad\u00edme zorganizovanie samotn\u00e9ho \u0161portov\u00e9ho eventu spolo\u010dne so sprievodn\u00fdm programom, propaga\u010dn\u00e9 aktivity s\u00favisiace s podujat\u00edm, spolupr\u00e1ca s ma\u010farsk\u00fdmi partnermi podujatia, zabezpe\u010denie \u00fa\u010dasti host\u00ed (\u017eeny \u00fa\u010dastn\u00ed\u010dky a ich rodiny) a ich pohostenie. K o\u010dak\u00e1van\u00fdm v\u00fdsledkom jednozna\u010dne patr\u00ed \u00faspe\u0161ne zrealizovan\u00e9 cezhrani\u010dn\u00e9 podujatie so zapojen\u00edm ob\u010danov zo Slovenskej aj Ma\u010farskej Republiky, zapojenie ma\u010farsk\u00e9ho partnera a vytvorenie siln\u00fdch vz\u00e1jomn\u00fdch vz\u0165ahov pre dlhodob\u00fa spolupr\u00e1cu.<\/p>\n<table width=\"500\">\n<tbody>\n<tr>\n<td><strong>N\u00e1zov projektu:<\/strong><\/td>\n<td>The Race Women<\/td>\n<\/tr>\n<tr>\n<td><strong>Akronym:<\/strong><\/td>\n<td>TRW<\/td>\n<\/tr>\n<tr>\n<td><strong>K\u00f3d v\u00fdzvy:<\/strong><\/td>\n<td>HUSK\/2301\/3.1\/020<\/td>\n<\/tr>\n<tr>\n<td><strong>Prioritn\u00e1 os:<\/strong><\/td>\n<td>3. \u2013 Institutional cooperations<\/td>\n<\/tr>\n<tr>\n<td><strong>\u0160pecifick\u00fd cie\u013e:<\/strong><\/td>\n<td>3.2.1 \u2013 Small project fund<\/td>\n<\/tr>\n<tr>\n<td><strong>K\u00f3d projektu:\u00a0\u00a0<\/strong><\/td>\n<td>HUSK\/SPF\/2301\/3.2\/114<\/td>\n<\/tr>\n<tr>\n<td><strong>Celkov\u00fd rozpo\u010det projektu:<\/strong><\/td>\n<td>49 556,25 \u20ac<\/td>\n<\/tr>\n<tr>\n<td><strong>Rozpo\u010det ERDF:<\/strong><\/td>\n<td>39 645,00 \u20ac<\/td>\n<\/tr>\n<tr>\n<td><strong>Za\u010diatok projektu:<\/strong><\/td>\n<td>13.03. 2024<\/td>\n<\/tr>\n<tr>\n<td><strong>Koniec projektu:<\/strong><\/td>\n<td>12.07. 2024<\/td>\n<\/tr>\n<\/tbody>\n<\/table>\n","protected":false},"featured_media":0,"template":"","projekt-kategoria":[25],"class_list":["post-8429","projekty","type-projekty","status-publish","hentry","projekt-kategoria-a-kisprojekt-alap-elso-felhivasanak-tamogatott-projektjei-husk-spf-230"],"acf":[],"yoast_head":"<!-- This site is optimized with the Yoast SEO plugin v27.5 - https:\/\/yoast.com\/product\/yoast-seo-wordpress\/ -->\n<title>THE RACE - spf-viacarpatia.eu | Fond mal\u00fdch projektov<\/title>\n<meta name=\"robots\" content=\"index, follow, max-snippet:-1, max-image-preview:large, max-video-preview:-1\" \/>\n<link rel=\"canonical\" href=\"https:\/\/spf-viacarpatia.eu\/hu\/projekty\/the-race\/\" \/>\n<meta property=\"og:locale\" content=\"hu_HU\" \/>\n<meta property=\"og:type\" content=\"article\" \/>\n<meta property=\"og:title\" content=\"THE RACE - spf-viacarpatia.eu | Fond mal\u00fdch projektov\" \/>\n<meta property=\"og:description\" content=\"Cie\u013eom projektu je realiz\u00e1cia \u0161portov\u00e9ho podujatia pre \u017eeny so sprievodn\u00fdm programom pre rodiny s de\u0165mi v jedine\u010dnom prostred\u00ed historick\u00e9ho parku Ka\u0161tie\u013ea Betliar. Podujatie pl\u00e1nujeme zorganizova\u0165 koncom j\u00fana 2024. Nosnou \u010das\u0165ou projektu je samotn\u00fd \u0161portov\u00fd program podujatia, ktor\u00fd bude pozost\u00e1va\u0165 z nieko\u013ek\u00fdch \u010dast\u00ed\/discipl\u00edn. Pre \u00fa\u010dastn\u00ed\u010dky pripravujeme kr\u00e1tku trailov\u00fa tra\u0165 (cca. 4km) v parku ka\u0161tie\u013ea, v r\u00e1mci [&hellip;]\" \/>\n<meta property=\"og:url\" content=\"https:\/\/spf-viacarpatia.eu\/hu\/projekty\/the-race\/\" \/>\n<meta property=\"og:site_name\" content=\"spf-viacarpatia.eu | Fond mal\u00fdch projektov\" \/>\n<meta property=\"article:modified_time\" content=\"2025-02-11T07:45:25+00:00\" \/>\n<meta name=\"twitter:card\" content=\"summary_large_image\" \/>\n<meta name=\"twitter:label1\" content=\"Becs\u00fclt olvas\u00e1si id\u0151\" \/>\n\t<meta name=\"twitter:data1\" content=\"2 perc\" \/>\n<script type=\"application\/ld+json\" class=\"yoast-schema-graph\">{\"@context\":\"https:\\\/\\\/schema.org\",\"@graph\":[{\"@type\":\"WebPage\",\"@id\":\"https:\\\/\\\/spf-viacarpatia.eu\\\/hu\\\/projekty\\\/the-race\\\/\",\"url\":\"https:\\\/\\\/spf-viacarpatia.eu\\\/hu\\\/projekty\\\/the-race\\\/\",\"name\":\"THE RACE - spf-viacarpatia.eu | Fond mal\u00fdch projektov\",\"isPartOf\":{\"@id\":\"https:\\\/\\\/spf-viacarpatia.eu\\\/#website\"},\"datePublished\":\"2024-05-22T11:35:42+00:00\",\"dateModified\":\"2025-02-11T07:45:25+00:00\",\"inLanguage\":\"hu\",\"potentialAction\":[{\"@type\":\"ReadAction\",\"target\":[\"https:\\\/\\\/spf-viacarpatia.eu\\\/hu\\\/projekty\\\/the-race\\\/\"]}]},{\"@type\":\"WebSite\",\"@id\":\"https:\\\/\\\/spf-viacarpatia.eu\\\/#website\",\"url\":\"https:\\\/\\\/spf-viacarpatia.eu\\\/\",\"name\":\"ViaCarpatia\",\"description\":\"Fond mal\u00fdch projektov\",\"alternateName\":\"ViaCarpatia\",\"potentialAction\":[{\"@type\":\"SearchAction\",\"target\":{\"@type\":\"EntryPoint\",\"urlTemplate\":\"https:\\\/\\\/spf-viacarpatia.eu\\\/?s={search_term_string}\"},\"query-input\":{\"@type\":\"PropertyValueSpecification\",\"valueRequired\":true,\"valueName\":\"search_term_string\"}}],\"inLanguage\":\"hu\"}]}<\/script>\n<!-- \/ Yoast SEO plugin. -->","yoast_head_json":{"title":"THE RACE - spf-viacarpatia.eu | Fond mal\u00fdch projektov","robots":{"index":"index","follow":"follow","max-snippet":"max-snippet:-1","max-image-preview":"max-image-preview:large","max-video-preview":"max-video-preview:-1"},"canonical":"https:\/\/spf-viacarpatia.eu\/hu\/projekty\/the-race\/","og_locale":"hu_HU","og_type":"article","og_title":"THE RACE - spf-viacarpatia.eu | Fond mal\u00fdch projektov","og_description":"Cie\u013eom projektu je realiz\u00e1cia \u0161portov\u00e9ho podujatia pre \u017eeny so sprievodn\u00fdm programom pre rodiny s de\u0165mi v jedine\u010dnom prostred\u00ed historick\u00e9ho parku Ka\u0161tie\u013ea Betliar. Podujatie pl\u00e1nujeme zorganizova\u0165 koncom j\u00fana 2024. Nosnou \u010das\u0165ou projektu je samotn\u00fd \u0161portov\u00fd program podujatia, ktor\u00fd bude pozost\u00e1va\u0165 z nieko\u013ek\u00fdch \u010dast\u00ed\/discipl\u00edn. Pre \u00fa\u010dastn\u00ed\u010dky pripravujeme kr\u00e1tku trailov\u00fa tra\u0165 (cca. 4km) v parku ka\u0161tie\u013ea, v r\u00e1mci [&hellip;]","og_url":"https:\/\/spf-viacarpatia.eu\/hu\/projekty\/the-race\/","og_site_name":"spf-viacarpatia.eu | Fond mal\u00fdch projektov","article_modified_time":"2025-02-11T07:45:25+00:00","twitter_card":"summary_large_image","twitter_misc":{"Becs\u00fclt olvas\u00e1si id\u0151":"2 perc"},"schema":{"@context":"https:\/\/schema.org","@graph":[{"@type":"WebPage","@id":"https:\/\/spf-viacarpatia.eu\/hu\/projekty\/the-race\/","url":"https:\/\/spf-viacarpatia.eu\/hu\/projekty\/the-race\/","name":"THE RACE - spf-viacarpatia.eu | Fond mal\u00fdch projektov","isPartOf":{"@id":"https:\/\/spf-viacarpatia.eu\/#website"},"datePublished":"2024-05-22T11:35:42+00:00","dateModified":"2025-02-11T07:45:25+00:00","inLanguage":"hu","potentialAction":[{"@type":"ReadAction","target":["https:\/\/spf-viacarpatia.eu\/hu\/projekty\/the-race\/"]}]},{"@type":"WebSite","@id":"https:\/\/spf-viacarpatia.eu\/#website","url":"https:\/\/spf-viacarpatia.eu\/","name":"ViaCarpatia","description":"Fond mal\u00fdch projektov","alternateName":"ViaCarpatia","potentialAction":[{"@type":"SearchAction","target":{"@type":"EntryPoint","urlTemplate":"https:\/\/spf-viacarpatia.eu\/?s={search_term_string}"},"query-input":{"@type":"PropertyValueSpecification","valueRequired":true,"valueName":"search_term_string"}}],"inLanguage":"hu"}]}},"_links":{"self":[{"href":"https:\/\/spf-viacarpatia.eu\/hu\/wp-json\/wp\/v2\/projekty\/8429","targetHints":{"allow":["GET"]}}],"collection":[{"href":"https:\/\/spf-viacarpatia.eu\/hu\/wp-json\/wp\/v2\/projekty"}],"about":[{"href":"https:\/\/spf-viacarpatia.eu\/hu\/wp-json\/wp\/v2\/types\/projekty"}],"wp:attachment":[{"href":"https:\/\/spf-viacarpatia.eu\/hu\/wp-json\/wp\/v2\/media?parent=8429"}],"wp:term":[{"taxonomy":"projekt-kategoria","embeddable":true,"href":"https:\/\/spf-viacarpatia.eu\/hu\/wp-json\/wp\/v2\/projekt-kategoria?post=8429"}],"curies":[{"name":"wp","href":"https:\/\/api.w.org\/{rel}","templated":true}]}}