{"id":8430,"date":"2024-05-22T13:36:30","date_gmt":"2024-05-22T11:36:30","guid":{"rendered":"https:\/\/spf-viacarpatia.eu\/?post_type=projekty&#038;p=8430"},"modified":"2025-02-11T08:45:15","modified_gmt":"2025-02-11T07:45:15","slug":"zold-dongo-kornyezetvedelmi-alapitvany","status":"publish","type":"projekty","link":"https:\/\/spf-viacarpatia.eu\/hu\/projekty\/zold-dongo-kornyezetvedelmi-alapitvany\/","title":{"rendered":"Z\u00f6ld Dong\u00f3 K\u00f6rnyezetv\u00e9delmi Alap\u00edtv\u00e1ny"},"content":{"rendered":"<p>Magyarorsz\u00e1g \u00e9s Szlov\u00e1kia k\u00f6z\u00f6tti hat\u00e1rr\u00e9sz mindig is k\u00f6zkedvelt helysz\u00edne volt a hat\u00e1r k\u00f6zel\u00e9ben \u00e9l\u0151k k\u00f6r\u00e9ben k\u00fcl\u00f6n\u00f6sen az akt\u00edv turizmus ir\u00e1nt \u00e9rdekl\u0151d\u0151k sz\u00e1m\u00e1ra. Projekt\u00fcnk keret\u00e9ben a hat\u00e1r k\u00f6zel\u00e9ben term\u00e9szetismereti \u00e9s k\u00f6rnyezetv\u00e9delmi esem\u00e9nysorozatot tervez\u00fcnk, mely keretein bel\u00fcl fenntarthat\u00f3s\u00e1g t\u00e9mak\u00f6r\u00e9ben tud\u00e1smegoszt\u00f3 Csal\u00e1di nap \u00e9s 4 alkalmas kir\u00e1ndul\u00e1s<br \/>\n(term\u00e9szetj\u00e1r\u00e1s) val\u00f3sul meg.<br \/>\n1. Projektelem:<br \/>\nFenntarthat\u00f3s\u00e1g t\u00e9mak\u00f6r\u00e9ben tud\u00e1smegoszt\u00f3 Csal\u00e1di nap 1 alkalom (kultur\u00e1lis esem\u00e9ny)<br \/>\nProgramok: szellemi \u00e9s j\u00e1t\u00e9kos \u00fcgyess\u00e9gi vet\u00e9lked\u0151; \u00fajrahasznos\u00edtott t\u00e1rgyak ki\u00e1ll\u00edt\u00e1sa; el\u0151ad\u00e1sok a k\u00f6rnyezetv\u00e9delemr\u0151l sz\u00ednpadon;<br \/>\nKieg\u00e9sz\u00edt\u0151 programok: ugr\u00e1l\u00f3v\u00e1r, arcfest\u00e9s, fell\u00e9p\u0151k<br \/>\nHelysz\u00edn: Encs<br \/>\nD\u00e1tum: 2024. m\u00e1jus 26.<br \/>\nIndik\u00e1tor: 200 f\u0151<br \/>\n2. Projektelem: Kir\u00e1ndul\u00e1sok szervez\u00e9se 4 alkalom (kultur\u00e1lis esem\u00e9ny)<br \/>\nProgram: 4 alkalommal hat\u00e1rmenti telep\u00fcl\u00e9seken \u00e9l\u0151ket szervezett kir\u00e1ndul\u00e1s, term\u00e9szetj\u00e1r\u00e1s az<br \/>\nAggteleki Nemzeti Park Baradla barlang<br \/>\nKieg\u00e9sz\u00edt\u0151 programok: eb\u00e9d szervez\u00e9se<br \/>\nHelysz\u00edn: Aggtelek<br \/>\nD\u00e1tum1: 2024.04.11.<br \/>\nD\u00e1tum2: 2024.04.25.<br \/>\nD\u00e1tum3: 2024.05.09.<br \/>\nD\u00e1tum4: 2024.05.23.<br \/>\nIndik\u00e1tor: 80 f\u0151 (4\u00d720 f\u0151)<br \/>\nA projekt megval\u00f3s\u00edt\u00e1s helysz\u00ednei turisztikai potenci\u00e1l szempontj\u00e1b\u00f3l nagy lehet\u0151s\u00e9ggel b\u00edrnak a r\u00e9gi\u00f3ban, m\u00e9gis egyel\u0151re m\u00e9g nem annyira ismertek. Alap\u00edtv\u00e1nyunk egy\u00e9rtelm\u0171 sz\u00e1nd\u00e9ka a<br \/>\nl\u00e1togat\u00f3k sz\u00e1m\u00e1nak emel\u00e9se, valamint a helyi gazdas\u00e1g fejl\u0151d\u00e9s\u00e9nek meger\u0151s\u00edt\u00e9se, amelynek k\u00f6zvetett eredm\u00e9nye a n\u00e9pess\u00e9g fenntart\u00e1s\u00e1nak n\u00f6vel\u00e9se ezeken a ter\u00fcleteken. Tov\u00e1bb\u00e1, a szlov\u00e1k partnerrel k\u00f6z\u00f6sen pedig k\u00f6z\u00f6s programok keret\u00e9ben eszmecsere \u00e9s tapasztalatszerz\u00e9s, mely hazai fejl\u0151d\u00e9si lehet\u0151s\u00e9get teremt term\u00e9szetv\u00e9delem tekintet\u00e9ben, a k\u00e9t partner k\u00f6z\u00f6tt pedig hossz\u00fat\u00e1v\u00fa egy\u00fcttm\u0171k\u00f6d\u00e9s kialak\u00edt\u00e1s\u00e1t. A projekt tov\u00e1bbi c\u00e9lkit\u0171z\u00e9se a term\u00e9szeti \u00e9rt\u00e9kek meg\u00f3v\u00e1sa \u00e9s a k\u00f6rnyezettudatos megk\u00f6zel\u00edt\u00e9s<br \/>\nfenntarthat\u00f3s\u00e1g\u00e1nak kiterjeszt\u00e9se.<\/p>\n<table width=\"500\">\n<tbody>\n<tr>\n<td width=\"255\"><strong>A\u00a0kisprojekt megnevez\u00e9se:<\/strong><\/td>\n<td width=\"245\">Ember \u00e9s term\u00e9szet kapcsolata<\/td>\n<\/tr>\n<tr>\n<td width=\"255\"><strong>A kisprojekt r\u00f6vid c\u00edme:\u00a0<\/strong><\/td>\n<td width=\"245\">EMTEK<\/td>\n<\/tr>\n<tr>\n<td width=\"255\"><strong>A felh\u00edv\u00e1s k\u00f3dja:<\/strong><\/td>\n<td width=\"245\">HUSK\/2301\/3.1\/020<\/td>\n<\/tr>\n<tr>\n<td width=\"255\"><strong>Priorit\u00e1si tengely:\u00a0<\/strong><\/td>\n<td width=\"245\">3. \u2013 Institutional cooperations<\/td>\n<\/tr>\n<tr>\n<td width=\"255\"><strong>Specifikus c\u00e9l:<\/strong><\/td>\n<td width=\"245\">3.2.1 \u2013 Small project fund<\/td>\n<\/tr>\n<tr>\n<td width=\"255\"><strong>Kisprojekt k\u00f3dja:\u00a0\u00a0<\/strong><\/td>\n<td width=\"245\">HUSK\/SPF\/2301\/3.2\/113<\/td>\n<\/tr>\n<tr>\n<td width=\"255\"><strong>A kisprojekt teljes k\u00f6lts\u00e9gvet\u00e9se:<\/strong><\/td>\n<td width=\"245\">36 337,50 \u20ac<\/td>\n<\/tr>\n<tr>\n<td width=\"255\"><strong>ERFA hozz\u00e1j\u00e1rul\u00e1s:<\/strong><\/td>\n<td width=\"245\">29 070,00 \u20ac<\/td>\n<\/tr>\n<tr>\n<td width=\"255\"><strong>A kisprojekt kezdete:<\/strong><\/td>\n<td width=\"245\">2024.03.01.<\/td>\n<\/tr>\n<tr>\n<td width=\"255\"><strong>A kisprojekt v\u00e9ge:<\/strong><\/td>\n<td width=\"245\">2024.05.31.<\/td>\n<\/tr>\n<\/tbody>\n<\/table>\n","protected":false},"featured_media":0,"template":"","projekt-kategoria":[25],"class_list":["post-8430","projekty","type-projekty","status-publish","hentry","projekt-kategoria-a-kisprojekt-alap-elso-felhivasanak-tamogatott-projektjei-husk-spf-230"],"acf":[],"yoast_head":"<!-- This site is optimized with the Yoast SEO plugin v27.5 - https:\/\/yoast.com\/product\/yoast-seo-wordpress\/ -->\n<title>Z\u00f6ld Dong\u00f3 K\u00f6rnyezetv\u00e9delmi Alap\u00edtv\u00e1ny - spf-viacarpatia.eu | Fond mal\u00fdch projektov<\/title>\n<meta name=\"robots\" content=\"index, follow, max-snippet:-1, max-image-preview:large, max-video-preview:-1\" \/>\n<link rel=\"canonical\" href=\"https:\/\/spf-viacarpatia.eu\/hu\/projekty\/zold-dongo-kornyezetvedelmi-alapitvany\/\" \/>\n<meta property=\"og:locale\" content=\"hu_HU\" \/>\n<meta property=\"og:type\" content=\"article\" \/>\n<meta property=\"og:title\" content=\"Z\u00f6ld Dong\u00f3 K\u00f6rnyezetv\u00e9delmi Alap\u00edtv\u00e1ny - spf-viacarpatia.eu | Fond mal\u00fdch projektov\" \/>\n<meta property=\"og:description\" content=\"Magyarorsz\u00e1g \u00e9s Szlov\u00e1kia k\u00f6z\u00f6tti hat\u00e1rr\u00e9sz mindig is k\u00f6zkedvelt helysz\u00edne volt a hat\u00e1r k\u00f6zel\u00e9ben \u00e9l\u0151k k\u00f6r\u00e9ben k\u00fcl\u00f6n\u00f6sen az akt\u00edv turizmus ir\u00e1nt \u00e9rdekl\u0151d\u0151k sz\u00e1m\u00e1ra. Projekt\u00fcnk keret\u00e9ben a hat\u00e1r k\u00f6zel\u00e9ben term\u00e9szetismereti \u00e9s k\u00f6rnyezetv\u00e9delmi esem\u00e9nysorozatot tervez\u00fcnk, mely keretein bel\u00fcl fenntarthat\u00f3s\u00e1g t\u00e9mak\u00f6r\u00e9ben tud\u00e1smegoszt\u00f3 Csal\u00e1di nap \u00e9s 4 alkalmas kir\u00e1ndul\u00e1s (term\u00e9szetj\u00e1r\u00e1s) val\u00f3sul meg. 1. Projektelem: Fenntarthat\u00f3s\u00e1g t\u00e9mak\u00f6r\u00e9ben tud\u00e1smegoszt\u00f3 Csal\u00e1di nap 1 [&hellip;]\" \/>\n<meta property=\"og:url\" content=\"https:\/\/spf-viacarpatia.eu\/hu\/projekty\/zold-dongo-kornyezetvedelmi-alapitvany\/\" \/>\n<meta property=\"og:site_name\" content=\"spf-viacarpatia.eu | Fond mal\u00fdch projektov\" \/>\n<meta property=\"article:modified_time\" content=\"2025-02-11T07:45:15+00:00\" \/>\n<meta name=\"twitter:card\" content=\"summary_large_image\" \/>\n<meta name=\"twitter:label1\" content=\"Becs\u00fclt olvas\u00e1si id\u0151\" \/>\n\t<meta name=\"twitter:data1\" content=\"2 perc\" \/>\n<script type=\"application\/ld+json\" class=\"yoast-schema-graph\">{\"@context\":\"https:\\\/\\\/schema.org\",\"@graph\":[{\"@type\":\"WebPage\",\"@id\":\"https:\\\/\\\/spf-viacarpatia.eu\\\/hu\\\/projekty\\\/zold-dongo-kornyezetvedelmi-alapitvany\\\/\",\"url\":\"https:\\\/\\\/spf-viacarpatia.eu\\\/hu\\\/projekty\\\/zold-dongo-kornyezetvedelmi-alapitvany\\\/\",\"name\":\"Z\u00f6ld Dong\u00f3 K\u00f6rnyezetv\u00e9delmi Alap\u00edtv\u00e1ny - spf-viacarpatia.eu | Fond mal\u00fdch projektov\",\"isPartOf\":{\"@id\":\"https:\\\/\\\/spf-viacarpatia.eu\\\/#website\"},\"datePublished\":\"2024-05-22T11:36:30+00:00\",\"dateModified\":\"2025-02-11T07:45:15+00:00\",\"inLanguage\":\"hu\",\"potentialAction\":[{\"@type\":\"ReadAction\",\"target\":[\"https:\\\/\\\/spf-viacarpatia.eu\\\/hu\\\/projekty\\\/zold-dongo-kornyezetvedelmi-alapitvany\\\/\"]}]},{\"@type\":\"WebSite\",\"@id\":\"https:\\\/\\\/spf-viacarpatia.eu\\\/#website\",\"url\":\"https:\\\/\\\/spf-viacarpatia.eu\\\/\",\"name\":\"ViaCarpatia\",\"description\":\"Fond mal\u00fdch projektov\",\"alternateName\":\"ViaCarpatia\",\"potentialAction\":[{\"@type\":\"SearchAction\",\"target\":{\"@type\":\"EntryPoint\",\"urlTemplate\":\"https:\\\/\\\/spf-viacarpatia.eu\\\/?s={search_term_string}\"},\"query-input\":{\"@type\":\"PropertyValueSpecification\",\"valueRequired\":true,\"valueName\":\"search_term_string\"}}],\"inLanguage\":\"hu\"}]}<\/script>\n<!-- \/ Yoast SEO plugin. -->","yoast_head_json":{"title":"Z\u00f6ld Dong\u00f3 K\u00f6rnyezetv\u00e9delmi Alap\u00edtv\u00e1ny - spf-viacarpatia.eu | Fond mal\u00fdch projektov","robots":{"index":"index","follow":"follow","max-snippet":"max-snippet:-1","max-image-preview":"max-image-preview:large","max-video-preview":"max-video-preview:-1"},"canonical":"https:\/\/spf-viacarpatia.eu\/hu\/projekty\/zold-dongo-kornyezetvedelmi-alapitvany\/","og_locale":"hu_HU","og_type":"article","og_title":"Z\u00f6ld Dong\u00f3 K\u00f6rnyezetv\u00e9delmi Alap\u00edtv\u00e1ny - spf-viacarpatia.eu | Fond mal\u00fdch projektov","og_description":"Magyarorsz\u00e1g \u00e9s Szlov\u00e1kia k\u00f6z\u00f6tti hat\u00e1rr\u00e9sz mindig is k\u00f6zkedvelt helysz\u00edne volt a hat\u00e1r k\u00f6zel\u00e9ben \u00e9l\u0151k k\u00f6r\u00e9ben k\u00fcl\u00f6n\u00f6sen az akt\u00edv turizmus ir\u00e1nt \u00e9rdekl\u0151d\u0151k sz\u00e1m\u00e1ra. Projekt\u00fcnk keret\u00e9ben a hat\u00e1r k\u00f6zel\u00e9ben term\u00e9szetismereti \u00e9s k\u00f6rnyezetv\u00e9delmi esem\u00e9nysorozatot tervez\u00fcnk, mely keretein bel\u00fcl fenntarthat\u00f3s\u00e1g t\u00e9mak\u00f6r\u00e9ben tud\u00e1smegoszt\u00f3 Csal\u00e1di nap \u00e9s 4 alkalmas kir\u00e1ndul\u00e1s (term\u00e9szetj\u00e1r\u00e1s) val\u00f3sul meg. 1. Projektelem: Fenntarthat\u00f3s\u00e1g t\u00e9mak\u00f6r\u00e9ben tud\u00e1smegoszt\u00f3 Csal\u00e1di nap 1 [&hellip;]","og_url":"https:\/\/spf-viacarpatia.eu\/hu\/projekty\/zold-dongo-kornyezetvedelmi-alapitvany\/","og_site_name":"spf-viacarpatia.eu | Fond mal\u00fdch projektov","article_modified_time":"2025-02-11T07:45:15+00:00","twitter_card":"summary_large_image","twitter_misc":{"Becs\u00fclt olvas\u00e1si id\u0151":"2 perc"},"schema":{"@context":"https:\/\/schema.org","@graph":[{"@type":"WebPage","@id":"https:\/\/spf-viacarpatia.eu\/hu\/projekty\/zold-dongo-kornyezetvedelmi-alapitvany\/","url":"https:\/\/spf-viacarpatia.eu\/hu\/projekty\/zold-dongo-kornyezetvedelmi-alapitvany\/","name":"Z\u00f6ld Dong\u00f3 K\u00f6rnyezetv\u00e9delmi Alap\u00edtv\u00e1ny - spf-viacarpatia.eu | Fond mal\u00fdch projektov","isPartOf":{"@id":"https:\/\/spf-viacarpatia.eu\/#website"},"datePublished":"2024-05-22T11:36:30+00:00","dateModified":"2025-02-11T07:45:15+00:00","inLanguage":"hu","potentialAction":[{"@type":"ReadAction","target":["https:\/\/spf-viacarpatia.eu\/hu\/projekty\/zold-dongo-kornyezetvedelmi-alapitvany\/"]}]},{"@type":"WebSite","@id":"https:\/\/spf-viacarpatia.eu\/#website","url":"https:\/\/spf-viacarpatia.eu\/","name":"ViaCarpatia","description":"Fond mal\u00fdch projektov","alternateName":"ViaCarpatia","potentialAction":[{"@type":"SearchAction","target":{"@type":"EntryPoint","urlTemplate":"https:\/\/spf-viacarpatia.eu\/?s={search_term_string}"},"query-input":{"@type":"PropertyValueSpecification","valueRequired":true,"valueName":"search_term_string"}}],"inLanguage":"hu"}]}},"_links":{"self":[{"href":"https:\/\/spf-viacarpatia.eu\/hu\/wp-json\/wp\/v2\/projekty\/8430","targetHints":{"allow":["GET"]}}],"collection":[{"href":"https:\/\/spf-viacarpatia.eu\/hu\/wp-json\/wp\/v2\/projekty"}],"about":[{"href":"https:\/\/spf-viacarpatia.eu\/hu\/wp-json\/wp\/v2\/types\/projekty"}],"wp:attachment":[{"href":"https:\/\/spf-viacarpatia.eu\/hu\/wp-json\/wp\/v2\/media?parent=8430"}],"wp:term":[{"taxonomy":"projekt-kategoria","embeddable":true,"href":"https:\/\/spf-viacarpatia.eu\/hu\/wp-json\/wp\/v2\/projekt-kategoria?post=8430"}],"curies":[{"name":"wp","href":"https:\/\/api.w.org\/{rel}","templated":true}]}}