{"id":8462,"date":"2024-05-23T14:45:51","date_gmt":"2024-05-23T12:45:51","guid":{"rendered":"https:\/\/spf-viacarpatia.eu\/?post_type=projekty&#038;p=8462"},"modified":"2025-02-11T08:43:51","modified_gmt":"2025-02-11T07:43:51","slug":"sajo-kepzesi-es-humanfejlesztesi-kozpont-alapitvany-2","status":"publish","type":"projekty","link":"https:\/\/spf-viacarpatia.eu\/hu\/projekty\/sajo-kepzesi-es-humanfejlesztesi-kozpont-alapitvany-2\/","title":{"rendered":"Saj\u00f3 K\u00e9pz\u00e9si \u00e9s Hum\u00e1nfejleszt\u00e9si K\u00f6zpont Alap\u00edtv\u00e1ny"},"content":{"rendered":"<p>A projektben megval\u00f3s\u00edtani k\u00edv\u00e1nt rendezv\u00e9ny c\u00e9lja, hogy er\u0151s\u00edtse a partners\u00e9get \u00e9s \u00f6sszehozza a k\u00e9t k\u00fcl\u00f6nb\u00f6z\u0151, -de m\u00e9gis sok pontban hasonl\u00edt\u00f3- magyar \u00e9s szlov\u00e1k kult\u00far\u00e1t a sport nyelv\u00e9n. Ez az esem\u00e9ny lehet\u0151s\u00e9get teremthet a r\u00e9sztvev\u0151knek arra, hogy kultur\u00e1lis tapasztalatokat cser\u00e9ljenek, megismerj\u00e9k egym\u00e1s hagyom\u00e1nyait mik\u00f6zben egy\u00fctt sportolnak, \u00edgy a magyar \u00e9s szlov\u00e1k amat\u0151r futballt\u00e1rsadalom k\u00f6z\u00f6tti sportbar\u00e1ts\u00e1g tov\u00e1bb m\u00e9ly\u00fclhet. A projekttel h\u00e1rom k\u00fcl\u00f6nb\u00f6z\u0151 koroszt\u00e1lyt k\u00edv\u00e1nunk megc\u00e9lozni. Azon t\u00fal, hogy a k\u00fcl\u00f6nb\u00f6z\u0151 nemzetek tagjai egy\u00fctt sportolnak, lehet\u0151s\u00e9g\u00fck ny\u00edlik megismerni egym\u00e1s kult\u00far\u00e1j\u00e1t is, ugyanis a m\u00e9rk\u0151z\u00e9sek mellett megrendel\u00e9sre ker\u00fclnek k\u00fcl\u00f6nb\u00f6z\u0151 programok is, \u00fagy, mint t\u00e1ncbemutat\u00f3k, zen\u00e9s produkci\u00f3k, de egym\u00e1s gasztron\u00f3mi\u00e1j\u00e1ba is betekint\u00e9st nyerhetnek a r\u00e9sztvev\u0151k tov\u00e1bb er\u0151s\u00edtve a partners\u00e9get \u00e9s a hossz\u00fat\u00e1v\u00fa egy\u00fcttm\u0171k\u00f6d\u00e9st. A projekt v\u00e9gs\u0151 kedvezm\u00e9nyezettje a Saj\u00f3 K\u00e9pz\u00e9si \u00e9s Hum\u00e1nfejleszt\u00e9si K\u00f6zpont Alap\u00edtv\u00e1ny, partnere pedig a Telov\u00fdchovn\u00e1 jednota CEMENT\u00c1R Tur\u0148a nad Bodvou. A p\u00e1ly\u00e1zat tev\u00e9kenys\u00e9gei k\u00f6zt szerepel a bar\u00e1ts\u00e1gos m\u00e9rk\u0151z\u00e9sek felt\u00e9teleinek biztos\u00edt\u00e1sa, valamint lebonyol\u00edt\u00e1sa, illetve a kieg\u00e9sz\u00edt\u0151 programok megval\u00f3s\u00edt\u00e1sai, hiszen a rendezv\u00e9ny nem csak a futballmeccsen r\u00e9sztvev\u0151knek sz\u00f3l, \u00edgy versenyre kil\u00e1togat\u00f3knak, szurkol\u00f3knak is k\u00e9sz\u00fcl\u00fcnk programokkal. A projekt \u00e1ltal b\u0151v\u00fclhet a szakmai tud\u00e1s is, a partnerek j\u00f3 gyakorlatokat tanulhatnak egym\u00e1st\u00f3l, gyakorlati tapasztalatokkal gazdagodhatnak. Eredm\u00e9ny m\u00e9g a kapcsolatok \u00e9s k\u00f6z\u00f6ss\u00e9g\u00e9p\u00edt\u00e9s, inspir\u00e1ci\u00f3 \u00e9s motiv\u00e1ci\u00f3 is, hiszen a rendezv\u00e9ny lehet\u0151s\u00e9get teremt a r\u00e9sztvev\u0151k sz\u00e1m\u00e1ra, hogy egy er\u0151s k\u00f6z\u00f6ss\u00e9get hozzanak l\u00e9tre, valamint inspir\u00e1lhatj\u00e1k egym\u00e1st a jobb eredm\u00e9nyek el\u00e9r\u00e9s\u00e9re, p\u00e9ld\u00e1t mutathatnak egym\u00e1snak \u00e9s seg\u00edthetik egym\u00e1st a fejl\u0151d\u00e9sben. Mivel a projekttel hossz\u00fa t\u00e1vra tervez\u00fcnk, b\u00edzunk benne, hogy t\u00f6bb olyan rendezv\u00e9nyt tudunk majd megval\u00f3s\u00edtani, ami nagy hat\u00e1st gyakorol majd mind az egy\u00e9n, mind pedig a t\u00e1rsadalom eg\u00e9sz\u00e9re.<\/p>\n<table width=\"500\">\n<tbody>\n<tr>\n<td width=\"255\"><strong>A\u00a0kisprojekt megnevez\u00e9se:<\/strong><\/td>\n<td width=\"245\">Koroszt\u00e1lyos labdar\u00fag\u00f3 torna \u00e9s k\u00f6z\u00f6ss\u00e9gi nap Ny\u00e9kl\u00e1dh\u00e1z\u00e1n<\/td>\n<\/tr>\n<tr>\n<td width=\"255\"><strong>A kisprojekt r\u00f6vid c\u00edme:\u00a0<\/strong><\/td>\n<td width=\"245\">Fociakad\u00e9mia &#8211; k\u00f6z\u00f6ss\u00e9gi nap<\/td>\n<\/tr>\n<tr>\n<td width=\"255\"><strong>A felh\u00edv\u00e1s k\u00f3dja:<\/strong><\/td>\n<td width=\"245\">HUSK\/2301\/3.1\/020<\/td>\n<\/tr>\n<tr>\n<td width=\"255\"><strong>Priorit\u00e1si tengely:\u00a0<\/strong><\/td>\n<td width=\"245\">3. &#8211; Institutional cooperations<\/td>\n<\/tr>\n<tr>\n<td width=\"255\"><strong>Specifikus c\u00e9l:<\/strong><\/td>\n<td width=\"245\">3.2.1 &#8211; Small project fund<\/td>\n<\/tr>\n<tr>\n<td width=\"255\"><strong>Kisprojekt k\u00f3dja:\u00a0\u00a0<\/strong><\/td>\n<td width=\"245\">HUSK\/SPF\/2301\/3.2\/190<\/td>\n<\/tr>\n<tr>\n<td width=\"255\"><strong>A kisprojekt teljes k\u00f6lts\u00e9gvet\u00e9se:<\/strong><\/td>\n<td width=\"245\">49 556,25 \u20ac<\/td>\n<\/tr>\n<tr>\n<td width=\"255\"><strong>ERFA hozz\u00e1j\u00e1rul\u00e1s:<\/strong><\/td>\n<td width=\"245\">39 645,00 \u20ac<\/td>\n<\/tr>\n<tr>\n<td width=\"255\"><strong>A kisprojekt kezdete:<\/strong><\/td>\n<td width=\"245\">2024.03.01.<\/td>\n<\/tr>\n<tr>\n<td width=\"255\"><strong>A kisprojekt v\u00e9ge:<\/strong><\/td>\n<td width=\"245\">2024.06.30.<\/td>\n<\/tr>\n<\/tbody>\n<\/table>\n","protected":false},"featured_media":0,"template":"","projekt-kategoria":[25],"class_list":["post-8462","projekty","type-projekty","status-publish","hentry","projekt-kategoria-a-kisprojekt-alap-elso-felhivasanak-tamogatott-projektjei-husk-spf-230"],"acf":[],"yoast_head":"<!-- This site is optimized with the Yoast SEO plugin v27.5 - https:\/\/yoast.com\/product\/yoast-seo-wordpress\/ -->\n<title>Saj\u00f3 K\u00e9pz\u00e9si \u00e9s Hum\u00e1nfejleszt\u00e9si K\u00f6zpont Alap\u00edtv\u00e1ny - spf-viacarpatia.eu | Fond mal\u00fdch projektov<\/title>\n<meta name=\"robots\" content=\"index, follow, max-snippet:-1, max-image-preview:large, max-video-preview:-1\" \/>\n<link rel=\"canonical\" href=\"https:\/\/spf-viacarpatia.eu\/hu\/projekty\/sajo-kepzesi-es-humanfejlesztesi-kozpont-alapitvany-2\/\" \/>\n<meta property=\"og:locale\" content=\"hu_HU\" \/>\n<meta property=\"og:type\" content=\"article\" \/>\n<meta property=\"og:title\" content=\"Saj\u00f3 K\u00e9pz\u00e9si \u00e9s Hum\u00e1nfejleszt\u00e9si K\u00f6zpont Alap\u00edtv\u00e1ny - spf-viacarpatia.eu | Fond mal\u00fdch projektov\" \/>\n<meta property=\"og:description\" content=\"A projektben megval\u00f3s\u00edtani k\u00edv\u00e1nt rendezv\u00e9ny c\u00e9lja, hogy er\u0151s\u00edtse a partners\u00e9get \u00e9s \u00f6sszehozza a k\u00e9t k\u00fcl\u00f6nb\u00f6z\u0151, -de m\u00e9gis sok pontban hasonl\u00edt\u00f3- magyar \u00e9s szlov\u00e1k kult\u00far\u00e1t a sport nyelv\u00e9n. Ez az esem\u00e9ny lehet\u0151s\u00e9get teremthet a r\u00e9sztvev\u0151knek arra, hogy kultur\u00e1lis tapasztalatokat cser\u00e9ljenek, megismerj\u00e9k egym\u00e1s hagyom\u00e1nyait mik\u00f6zben egy\u00fctt sportolnak, \u00edgy a magyar \u00e9s szlov\u00e1k amat\u0151r futballt\u00e1rsadalom k\u00f6z\u00f6tti sportbar\u00e1ts\u00e1g tov\u00e1bb [&hellip;]\" \/>\n<meta property=\"og:url\" content=\"https:\/\/spf-viacarpatia.eu\/hu\/projekty\/sajo-kepzesi-es-humanfejlesztesi-kozpont-alapitvany-2\/\" \/>\n<meta property=\"og:site_name\" content=\"spf-viacarpatia.eu | Fond mal\u00fdch projektov\" \/>\n<meta property=\"article:modified_time\" content=\"2025-02-11T07:43:51+00:00\" \/>\n<meta name=\"twitter:card\" content=\"summary_large_image\" \/>\n<meta name=\"twitter:label1\" content=\"Becs\u00fclt olvas\u00e1si id\u0151\" \/>\n\t<meta name=\"twitter:data1\" content=\"2 perc\" \/>\n<script type=\"application\/ld+json\" class=\"yoast-schema-graph\">{\"@context\":\"https:\\\/\\\/schema.org\",\"@graph\":[{\"@type\":\"WebPage\",\"@id\":\"https:\\\/\\\/spf-viacarpatia.eu\\\/hu\\\/projekty\\\/sajo-kepzesi-es-humanfejlesztesi-kozpont-alapitvany-2\\\/\",\"url\":\"https:\\\/\\\/spf-viacarpatia.eu\\\/hu\\\/projekty\\\/sajo-kepzesi-es-humanfejlesztesi-kozpont-alapitvany-2\\\/\",\"name\":\"Saj\u00f3 K\u00e9pz\u00e9si \u00e9s Hum\u00e1nfejleszt\u00e9si K\u00f6zpont Alap\u00edtv\u00e1ny - spf-viacarpatia.eu | Fond mal\u00fdch projektov\",\"isPartOf\":{\"@id\":\"https:\\\/\\\/spf-viacarpatia.eu\\\/#website\"},\"datePublished\":\"2024-05-23T12:45:51+00:00\",\"dateModified\":\"2025-02-11T07:43:51+00:00\",\"inLanguage\":\"hu\",\"potentialAction\":[{\"@type\":\"ReadAction\",\"target\":[\"https:\\\/\\\/spf-viacarpatia.eu\\\/hu\\\/projekty\\\/sajo-kepzesi-es-humanfejlesztesi-kozpont-alapitvany-2\\\/\"]}]},{\"@type\":\"WebSite\",\"@id\":\"https:\\\/\\\/spf-viacarpatia.eu\\\/#website\",\"url\":\"https:\\\/\\\/spf-viacarpatia.eu\\\/\",\"name\":\"ViaCarpatia\",\"description\":\"Fond mal\u00fdch projektov\",\"alternateName\":\"ViaCarpatia\",\"potentialAction\":[{\"@type\":\"SearchAction\",\"target\":{\"@type\":\"EntryPoint\",\"urlTemplate\":\"https:\\\/\\\/spf-viacarpatia.eu\\\/?s={search_term_string}\"},\"query-input\":{\"@type\":\"PropertyValueSpecification\",\"valueRequired\":true,\"valueName\":\"search_term_string\"}}],\"inLanguage\":\"hu\"}]}<\/script>\n<!-- \/ Yoast SEO plugin. -->","yoast_head_json":{"title":"Saj\u00f3 K\u00e9pz\u00e9si \u00e9s Hum\u00e1nfejleszt\u00e9si K\u00f6zpont Alap\u00edtv\u00e1ny - spf-viacarpatia.eu | Fond mal\u00fdch projektov","robots":{"index":"index","follow":"follow","max-snippet":"max-snippet:-1","max-image-preview":"max-image-preview:large","max-video-preview":"max-video-preview:-1"},"canonical":"https:\/\/spf-viacarpatia.eu\/hu\/projekty\/sajo-kepzesi-es-humanfejlesztesi-kozpont-alapitvany-2\/","og_locale":"hu_HU","og_type":"article","og_title":"Saj\u00f3 K\u00e9pz\u00e9si \u00e9s Hum\u00e1nfejleszt\u00e9si K\u00f6zpont Alap\u00edtv\u00e1ny - spf-viacarpatia.eu | Fond mal\u00fdch projektov","og_description":"A projektben megval\u00f3s\u00edtani k\u00edv\u00e1nt rendezv\u00e9ny c\u00e9lja, hogy er\u0151s\u00edtse a partners\u00e9get \u00e9s \u00f6sszehozza a k\u00e9t k\u00fcl\u00f6nb\u00f6z\u0151, -de m\u00e9gis sok pontban hasonl\u00edt\u00f3- magyar \u00e9s szlov\u00e1k kult\u00far\u00e1t a sport nyelv\u00e9n. Ez az esem\u00e9ny lehet\u0151s\u00e9get teremthet a r\u00e9sztvev\u0151knek arra, hogy kultur\u00e1lis tapasztalatokat cser\u00e9ljenek, megismerj\u00e9k egym\u00e1s hagyom\u00e1nyait mik\u00f6zben egy\u00fctt sportolnak, \u00edgy a magyar \u00e9s szlov\u00e1k amat\u0151r futballt\u00e1rsadalom k\u00f6z\u00f6tti sportbar\u00e1ts\u00e1g tov\u00e1bb [&hellip;]","og_url":"https:\/\/spf-viacarpatia.eu\/hu\/projekty\/sajo-kepzesi-es-humanfejlesztesi-kozpont-alapitvany-2\/","og_site_name":"spf-viacarpatia.eu | Fond mal\u00fdch projektov","article_modified_time":"2025-02-11T07:43:51+00:00","twitter_card":"summary_large_image","twitter_misc":{"Becs\u00fclt olvas\u00e1si id\u0151":"2 perc"},"schema":{"@context":"https:\/\/schema.org","@graph":[{"@type":"WebPage","@id":"https:\/\/spf-viacarpatia.eu\/hu\/projekty\/sajo-kepzesi-es-humanfejlesztesi-kozpont-alapitvany-2\/","url":"https:\/\/spf-viacarpatia.eu\/hu\/projekty\/sajo-kepzesi-es-humanfejlesztesi-kozpont-alapitvany-2\/","name":"Saj\u00f3 K\u00e9pz\u00e9si \u00e9s Hum\u00e1nfejleszt\u00e9si K\u00f6zpont Alap\u00edtv\u00e1ny - spf-viacarpatia.eu | Fond mal\u00fdch projektov","isPartOf":{"@id":"https:\/\/spf-viacarpatia.eu\/#website"},"datePublished":"2024-05-23T12:45:51+00:00","dateModified":"2025-02-11T07:43:51+00:00","inLanguage":"hu","potentialAction":[{"@type":"ReadAction","target":["https:\/\/spf-viacarpatia.eu\/hu\/projekty\/sajo-kepzesi-es-humanfejlesztesi-kozpont-alapitvany-2\/"]}]},{"@type":"WebSite","@id":"https:\/\/spf-viacarpatia.eu\/#website","url":"https:\/\/spf-viacarpatia.eu\/","name":"ViaCarpatia","description":"Fond mal\u00fdch projektov","alternateName":"ViaCarpatia","potentialAction":[{"@type":"SearchAction","target":{"@type":"EntryPoint","urlTemplate":"https:\/\/spf-viacarpatia.eu\/?s={search_term_string}"},"query-input":{"@type":"PropertyValueSpecification","valueRequired":true,"valueName":"search_term_string"}}],"inLanguage":"hu"}]}},"_links":{"self":[{"href":"https:\/\/spf-viacarpatia.eu\/hu\/wp-json\/wp\/v2\/projekty\/8462","targetHints":{"allow":["GET"]}}],"collection":[{"href":"https:\/\/spf-viacarpatia.eu\/hu\/wp-json\/wp\/v2\/projekty"}],"about":[{"href":"https:\/\/spf-viacarpatia.eu\/hu\/wp-json\/wp\/v2\/types\/projekty"}],"wp:attachment":[{"href":"https:\/\/spf-viacarpatia.eu\/hu\/wp-json\/wp\/v2\/media?parent=8462"}],"wp:term":[{"taxonomy":"projekt-kategoria","embeddable":true,"href":"https:\/\/spf-viacarpatia.eu\/hu\/wp-json\/wp\/v2\/projekt-kategoria?post=8462"}],"curies":[{"name":"wp","href":"https:\/\/api.w.org\/{rel}","templated":true}]}}