{"id":8475,"date":"2024-05-23T15:07:33","date_gmt":"2024-05-23T13:07:33","guid":{"rendered":"https:\/\/spf-viacarpatia.eu\/?post_type=projekty&#038;p=8475"},"modified":"2025-02-11T08:42:04","modified_gmt":"2025-02-11T07:42:04","slug":"materske-centrum-mamina","status":"publish","type":"projekty","link":"https:\/\/spf-viacarpatia.eu\/hu\/projekty\/materske-centrum-mamina\/","title":{"rendered":"Matersk\u00e9 centrum Mamina"},"content":{"rendered":"<p>Matersk\u00e9 centrum Mamina v Banskej Bystrici je s\u00fa\u010das\u0165ou \u00danie matersk\u00fdch centier (\u00daMC), ktor\u00e1 zoskupuje v r\u00e1mci Slovenska viacer\u00e9 matersk\u00e9 centr\u00e1. Cie\u013eom matersk\u00fdch centier je vytvorenie<br \/>\npriestoru pre \u017eeny-matky, ktor\u00fdm sa pr\u00edchodom die\u0165a\u0165a men\u00ed prakticky cel\u00fd \u017eivot. Je to jedno z najkraj\u0161\u00edch, ale z\u00e1rove\u0148 aj najn\u00e1ro\u010dnej\u0161\u00edch rol\u00ed, ktor\u00e9 \u017eena m\u00e1. V Materskom centre Mamina sa<br \/>\nvenujeme viacer\u00fdm oblastiam, ktor\u00e9 podporuj\u00fa \u017eeny-matky v tejto roli. Na za\u010diatku je to tehotensk\u00e1 pr\u00edprava a pr\u00edprava na p\u00f4rod, n\u00e1sledne podporn\u00e9 skupiny doj\u010denia, predn\u00e1\u0161ky a workshopy<br \/>\noh\u013eadom v\u00fdchovy, her\u0148a, kde sa m\u00f4\u017eu pr\u00eds\u0165 matky (ale aj otcovia a star\u00ed rodi\u010dia) pohra\u0165 s de\u0165mi, cvi\u010denie pre \u017eeny a tie\u017e podporn\u00e9 skupiny so psychologi\u010dkou Jedna pre druh\u00fa a i.. Na\u0161e<br \/>\npartnersk\u00e9 organiz\u00e1cie z Ma\u010farska Anyaterm\u00e9szet a Hajr\u00e1 anyu! s\u00fa tie\u017e organiz\u00e1cie, ktor\u00e9 sa venuj\u00fa \u017een\u00e1m-matk\u00e1m, robia program pre cel\u00e9 rodiny, predn\u00e1\u0161ky na t\u00e9mu v\u00fdchovy, robia \u017eensk\u00e9<br \/>\nkruhy, kde m\u00f4\u017eu \u017eeny n\u00e1js\u0165 podporu a pomoc odborn\u00ed\u010dok, ak ju potrebuj\u00fa. Cie\u013eom n\u00e1\u0161ho projektu je na\u0161im ma\u010farsk\u00fdm partnerk\u00e1m\/partnerom predstavi\u0165 oslavy d\u0148a matiek,<br \/>\nktor\u00e9 sa v r\u00e1mci Slovenska organizuj\u00fa u\u017e 20ty rok. Konkr\u00e9tne sa jedn\u00e1 o podujatie M\u00ed\u013ea pre mamu, ktor\u00e9 organizuj\u00fa matersk\u00e9 centr\u00e1 po celom Slovensku. Podujatie sa kon\u00e1 v\u017edy v sobotu pred d\u0148om matiek (druh\u00e1 m\u00e1jov\u00e1 sobota). Matersk\u00e9 centrum Mamina sa ka\u017edoro\u010dne zap\u00e1ja do tejto aktivity, ktor\u00fa za\u010dala organizova\u0165 \u00dania matersk\u00fdch centier. S\u00fa\u010das\u0165ou programu je program pre cel\u00e9 rodiny, s\u00fa\u0165a\u017ee pre deti, vyst\u00fapenia, prech\u00e1dzka m\u00ed\u013eovou trasou na po\u010des\u0165 a oslavu v\u0161etk\u00fdch m\u00e1m. Chceme t\u00fdm pouk\u00e1za\u0165 na d\u00f4le\u017eitos\u0165 role matky, osl\u00e1vi\u0165 ju, podpori\u0165 ju. Na\u0161\u00edm cie\u013eom je pozva\u0165<br \/>\n\u017eeny z t\u00fdchto organiz\u00e1ci\u00ed aj s rodinami k n\u00e1m do Banskej Bystrice, do n\u00e1\u0161ho MC Mamina na cel\u00fd v\u00edkend. Okrem sobotn\u00e9ho podujatia M\u00ed\u013ea pre mamu by sme im radi predstavili aj in\u00e9 na\u0161e aktivity,<br \/>\nktor\u00e9 organizujeme a naopak oni n\u00e1m predstavia svoje aktivity a m\u00f4\u017eeme sa navz\u00e1jom in\u0161pirova\u0165, vymeni\u0165 sk\u00fasenosti a podpori\u0165 v \u010fal\u0161ej spolupr\u00e1ci.<\/p>\n<table width=\"500\">\n<tbody>\n<tr>\n<td><strong>N\u00e1zov projektu:<\/strong><\/td>\n<td>M\u00ed\u013ea pre mamu<\/td>\n<\/tr>\n<tr>\n<td><strong>Akronym:<\/strong><\/td>\n<td>M\u00ed\u013ea pre mamu \u2013 in\u0161pirujte sa<\/td>\n<\/tr>\n<tr>\n<td><strong>K\u00f3d v\u00fdzvy:<\/strong><\/td>\n<td>HUSK\/2301\/3.1\/020<\/td>\n<\/tr>\n<tr>\n<td><strong>Prioritn\u00e1 os:<\/strong><\/td>\n<td>3. \u2013 Institutional cooperations<\/td>\n<\/tr>\n<tr>\n<td><strong>\u0160pecifick\u00fd cie\u013e:<\/strong><\/td>\n<td>3.2.1 \u2013 Small project fund<\/td>\n<\/tr>\n<tr>\n<td><strong>K\u00f3d projektu:\u00a0\u00a0<\/strong><\/td>\n<td>HUSK\/SPF\/2301\/3.2\/329<\/td>\n<\/tr>\n<tr>\n<td><strong>Celkov\u00fd rozpo\u010det projektu:<\/strong><\/td>\n<td>29 731,25 \u20ac<\/td>\n<\/tr>\n<tr>\n<td><strong>Rozpo\u010det ERDF:<\/strong><\/td>\n<td>23 785,00 \u20ac<\/td>\n<\/tr>\n<tr>\n<td><strong>Za\u010diatok projektu:<\/strong><\/td>\n<td>01.03.2024<\/td>\n<\/tr>\n<tr>\n<td><strong>Koniec projektu:<\/strong><\/td>\n<td>31.05.2024<\/td>\n<\/tr>\n<\/tbody>\n<\/table>\n","protected":false},"featured_media":0,"template":"","projekt-kategoria":[25],"class_list":["post-8475","projekty","type-projekty","status-publish","hentry","projekt-kategoria-a-kisprojekt-alap-elso-felhivasanak-tamogatott-projektjei-husk-spf-230"],"acf":[],"yoast_head":"<!-- This site is optimized with the Yoast SEO plugin v27.5 - https:\/\/yoast.com\/product\/yoast-seo-wordpress\/ -->\n<title>Matersk\u00e9 centrum Mamina - spf-viacarpatia.eu | Fond mal\u00fdch projektov<\/title>\n<meta name=\"robots\" content=\"index, follow, max-snippet:-1, max-image-preview:large, max-video-preview:-1\" \/>\n<link rel=\"canonical\" href=\"https:\/\/spf-viacarpatia.eu\/hu\/projekty\/materske-centrum-mamina\/\" \/>\n<meta property=\"og:locale\" content=\"hu_HU\" \/>\n<meta property=\"og:type\" content=\"article\" \/>\n<meta property=\"og:title\" content=\"Matersk\u00e9 centrum Mamina - spf-viacarpatia.eu | Fond mal\u00fdch projektov\" \/>\n<meta property=\"og:description\" content=\"Matersk\u00e9 centrum Mamina v Banskej Bystrici je s\u00fa\u010das\u0165ou \u00danie matersk\u00fdch centier (\u00daMC), ktor\u00e1 zoskupuje v r\u00e1mci Slovenska viacer\u00e9 matersk\u00e9 centr\u00e1. Cie\u013eom matersk\u00fdch centier je vytvorenie priestoru pre \u017eeny-matky, ktor\u00fdm sa pr\u00edchodom die\u0165a\u0165a men\u00ed prakticky cel\u00fd \u017eivot. Je to jedno z najkraj\u0161\u00edch, ale z\u00e1rove\u0148 aj najn\u00e1ro\u010dnej\u0161\u00edch rol\u00ed, ktor\u00e9 \u017eena m\u00e1. V Materskom centre Mamina sa venujeme [&hellip;]\" \/>\n<meta property=\"og:url\" content=\"https:\/\/spf-viacarpatia.eu\/hu\/projekty\/materske-centrum-mamina\/\" \/>\n<meta property=\"og:site_name\" content=\"spf-viacarpatia.eu | Fond mal\u00fdch projektov\" \/>\n<meta property=\"article:modified_time\" content=\"2025-02-11T07:42:04+00:00\" \/>\n<meta name=\"twitter:card\" content=\"summary_large_image\" \/>\n<meta name=\"twitter:label1\" content=\"Becs\u00fclt olvas\u00e1si id\u0151\" \/>\n\t<meta name=\"twitter:data1\" content=\"2 perc\" \/>\n<script type=\"application\/ld+json\" class=\"yoast-schema-graph\">{\"@context\":\"https:\\\/\\\/schema.org\",\"@graph\":[{\"@type\":\"WebPage\",\"@id\":\"https:\\\/\\\/spf-viacarpatia.eu\\\/hu\\\/projekty\\\/materske-centrum-mamina\\\/\",\"url\":\"https:\\\/\\\/spf-viacarpatia.eu\\\/hu\\\/projekty\\\/materske-centrum-mamina\\\/\",\"name\":\"Matersk\u00e9 centrum Mamina - spf-viacarpatia.eu | Fond mal\u00fdch projektov\",\"isPartOf\":{\"@id\":\"https:\\\/\\\/spf-viacarpatia.eu\\\/#website\"},\"datePublished\":\"2024-05-23T13:07:33+00:00\",\"dateModified\":\"2025-02-11T07:42:04+00:00\",\"inLanguage\":\"hu\",\"potentialAction\":[{\"@type\":\"ReadAction\",\"target\":[\"https:\\\/\\\/spf-viacarpatia.eu\\\/hu\\\/projekty\\\/materske-centrum-mamina\\\/\"]}]},{\"@type\":\"WebSite\",\"@id\":\"https:\\\/\\\/spf-viacarpatia.eu\\\/#website\",\"url\":\"https:\\\/\\\/spf-viacarpatia.eu\\\/\",\"name\":\"ViaCarpatia\",\"description\":\"Fond mal\u00fdch projektov\",\"alternateName\":\"ViaCarpatia\",\"potentialAction\":[{\"@type\":\"SearchAction\",\"target\":{\"@type\":\"EntryPoint\",\"urlTemplate\":\"https:\\\/\\\/spf-viacarpatia.eu\\\/?s={search_term_string}\"},\"query-input\":{\"@type\":\"PropertyValueSpecification\",\"valueRequired\":true,\"valueName\":\"search_term_string\"}}],\"inLanguage\":\"hu\"}]}<\/script>\n<!-- \/ Yoast SEO plugin. -->","yoast_head_json":{"title":"Matersk\u00e9 centrum Mamina - spf-viacarpatia.eu | Fond mal\u00fdch projektov","robots":{"index":"index","follow":"follow","max-snippet":"max-snippet:-1","max-image-preview":"max-image-preview:large","max-video-preview":"max-video-preview:-1"},"canonical":"https:\/\/spf-viacarpatia.eu\/hu\/projekty\/materske-centrum-mamina\/","og_locale":"hu_HU","og_type":"article","og_title":"Matersk\u00e9 centrum Mamina - spf-viacarpatia.eu | Fond mal\u00fdch projektov","og_description":"Matersk\u00e9 centrum Mamina v Banskej Bystrici je s\u00fa\u010das\u0165ou \u00danie matersk\u00fdch centier (\u00daMC), ktor\u00e1 zoskupuje v r\u00e1mci Slovenska viacer\u00e9 matersk\u00e9 centr\u00e1. Cie\u013eom matersk\u00fdch centier je vytvorenie priestoru pre \u017eeny-matky, ktor\u00fdm sa pr\u00edchodom die\u0165a\u0165a men\u00ed prakticky cel\u00fd \u017eivot. Je to jedno z najkraj\u0161\u00edch, ale z\u00e1rove\u0148 aj najn\u00e1ro\u010dnej\u0161\u00edch rol\u00ed, ktor\u00e9 \u017eena m\u00e1. V Materskom centre Mamina sa venujeme [&hellip;]","og_url":"https:\/\/spf-viacarpatia.eu\/hu\/projekty\/materske-centrum-mamina\/","og_site_name":"spf-viacarpatia.eu | Fond mal\u00fdch projektov","article_modified_time":"2025-02-11T07:42:04+00:00","twitter_card":"summary_large_image","twitter_misc":{"Becs\u00fclt olvas\u00e1si id\u0151":"2 perc"},"schema":{"@context":"https:\/\/schema.org","@graph":[{"@type":"WebPage","@id":"https:\/\/spf-viacarpatia.eu\/hu\/projekty\/materske-centrum-mamina\/","url":"https:\/\/spf-viacarpatia.eu\/hu\/projekty\/materske-centrum-mamina\/","name":"Matersk\u00e9 centrum Mamina - spf-viacarpatia.eu | Fond mal\u00fdch projektov","isPartOf":{"@id":"https:\/\/spf-viacarpatia.eu\/#website"},"datePublished":"2024-05-23T13:07:33+00:00","dateModified":"2025-02-11T07:42:04+00:00","inLanguage":"hu","potentialAction":[{"@type":"ReadAction","target":["https:\/\/spf-viacarpatia.eu\/hu\/projekty\/materske-centrum-mamina\/"]}]},{"@type":"WebSite","@id":"https:\/\/spf-viacarpatia.eu\/#website","url":"https:\/\/spf-viacarpatia.eu\/","name":"ViaCarpatia","description":"Fond mal\u00fdch projektov","alternateName":"ViaCarpatia","potentialAction":[{"@type":"SearchAction","target":{"@type":"EntryPoint","urlTemplate":"https:\/\/spf-viacarpatia.eu\/?s={search_term_string}"},"query-input":{"@type":"PropertyValueSpecification","valueRequired":true,"valueName":"search_term_string"}}],"inLanguage":"hu"}]}},"_links":{"self":[{"href":"https:\/\/spf-viacarpatia.eu\/hu\/wp-json\/wp\/v2\/projekty\/8475","targetHints":{"allow":["GET"]}}],"collection":[{"href":"https:\/\/spf-viacarpatia.eu\/hu\/wp-json\/wp\/v2\/projekty"}],"about":[{"href":"https:\/\/spf-viacarpatia.eu\/hu\/wp-json\/wp\/v2\/types\/projekty"}],"wp:attachment":[{"href":"https:\/\/spf-viacarpatia.eu\/hu\/wp-json\/wp\/v2\/media?parent=8475"}],"wp:term":[{"taxonomy":"projekt-kategoria","embeddable":true,"href":"https:\/\/spf-viacarpatia.eu\/hu\/wp-json\/wp\/v2\/projekt-kategoria?post=8475"}],"curies":[{"name":"wp","href":"https:\/\/api.w.org\/{rel}","templated":true}]}}