{"id":8478,"date":"2024-05-23T15:36:42","date_gmt":"2024-05-23T13:36:42","guid":{"rendered":"https:\/\/spf-viacarpatia.eu\/?post_type=projekty&#038;p=8478"},"modified":"2025-02-11T08:41:35","modified_gmt":"2025-02-11T07:41:35","slug":"magna-festum","status":"publish","type":"projekty","link":"https:\/\/spf-viacarpatia.eu\/hu\/projekty\/magna-festum\/","title":{"rendered":"Magna Festum"},"content":{"rendered":"<p>Cie\u013eom projektu J\u00fanov\u00fd festival 2024 Bez Hran\u00edc je zorganizova\u0165 trojd\u0148ov\u00fd festival, na ktorom vyst\u00fapia dom\u00e1ci aj ma\u010farsk\u00ed interpreti. (31.05.2024 \u2013 02.06.2024) Chceme zabezpe\u010di\u0165, aby sa<br \/>\nbezhrani\u010dnos\u0165 odzrkadlila nielen na \u00fa\u010dinkuj\u00facich, ale aj na \u00fa\u010dastn\u00edkov. V posledn\u00fdch rokoch n\u00e1\u0161 festival nav\u0161tevuje \u010doraz viac Ma\u010farov. Sna\u017eili sme sa na nich zamera\u0165 na\u0161u reklamu, ale, \u017eia\u013e,<br \/>\nzistili sme, \u017ee sa boja pr\u00eds\u0165 na kult\u00farne podujatia na t\u00fato stranu hranice. V roku 2024 by sme to chceli zmeni\u0165 a na na\u0161om festivale by sme chceli hosti\u0165 \u010dlenov na\u0161ich partnersk\u00fdch organiz\u00e1ci\u00ed z<br \/>\nMa\u010farska. Chceme, aby po\u010das svojej n\u00e1v\u0161tevy spoznali a zamilovali si n\u00e1\u0161 regi\u00f3n. Medzi na\u0161ich pozvan\u00fdch partnerov patr\u00ed zdru\u017eenie Morus z Mi\u0161kolca, ktor\u00e9 bolo zalo\u017een\u00e9 s cie\u013eom zdru\u017eova\u0165 mlad\u00fdch \u013eud\u00ed, ktor\u00ed maj\u00fa radi \u0161port, pr\u00edrodu a kult\u00faru a chc\u00fa sa navz\u00e1jom spozn\u00e1va\u0165, organizova\u0165 aktivity, ktor\u00e9 vytvoria celo\u017eivotn\u00e9 priate\u013estv\u00e1 a obohatia ich \u017eivot. T\u00fdmto sp\u00f4sobom sa<br \/>\ndokonale hodia na partnerstvo, ktor\u00e9 m\u00e1me na mysli. Na\u0161\u00edm druh\u00fdm partnerom je obec B\u00e1tonyterenye, s ktorou pl\u00e1nujeme spolupracova\u0165 u\u017e dlh\u0161ie.<br \/>\nV roku 2024 bude prv\u00fd de\u0148 festivalu koncertn\u00fdm d\u0148om s minim\u00e1lne 4 \u00fa\u010dinkuj\u00facimi. N\u00e1\u0161 festival nie je len o hudbe, ale aj o remeseln\u00fdch trhoch, rodinn\u00fdch aktivit\u00e1ch a umen\u00ed. Ke\u010f\u017ee chceme oslovi\u0165 v\u0161etky vekov\u00e9 kateg\u00f3rie, jeden de\u0148 festivalu venujeme aktivit\u00e1m pre deti, vr\u00e1tane b\u00e1bkov\u00fdch predstaven\u00ed pre deti, klauni\u00e1dy, ma\u013eovania na tv\u00e1r, lukostre\u013eby, \u013eudov\u00fdch tancov a \u010fal\u0161\u00edch umeleck\u00fdch a remeseln\u00fdch aktiv\u00edt. Tret\u00ed de\u0148 n\u00e1\u0161ho programu je v posledn\u00fdch rokoch spojen\u00fd s trad\u00edciami a cezhrani\u010dnou spolupr\u00e1cou. Do bud\u00facnosti by sme chceli tento koncept zachova\u0165 ka\u017ed\u00fd<br \/>\nrok. Na\u0161\u00edm cie\u013eom je poskytn\u00fa\u0165 kvalitn\u00fd z\u00e1\u017eitok zo z\u00e1bavy pre na\u0161ich obyvate\u013eov a n\u00e1v\u0161tevn\u00edkov spoza na\u0161ich hran\u00edc. D\u00fafame, \u017ee prostredn\u00edctvom n\u00e1\u0161ho podujatia sa n\u00e1m podar\u00ed vybudova\u0165 siln\u00e9 partnerstvo s na\u0161imi partnermi v projekte do bud\u00facnosti a \u010dasom dokonca roz\u0161\u00edri\u0165 po\u010det na\u0161ich cezhrani\u010dn\u00fdch partnerov.<\/p>\n<table width=\"500\">\n<tbody>\n<tr>\n<td><strong>N\u00e1zov projektu:<\/strong><\/td>\n<td>J\u00fanov\u00fd Festival 2024 Bez Hran\u00edc<\/td>\n<\/tr>\n<tr>\n<td><strong>Akronym:<\/strong><\/td>\n<td>J\u00fanFest 2024<\/td>\n<\/tr>\n<tr>\n<td><strong>K\u00f3d v\u00fdzvy:<\/strong><\/td>\n<td>HUSK\/2301\/3.1\/020<\/td>\n<\/tr>\n<tr>\n<td><strong>Prioritn\u00e1 os:<\/strong><\/td>\n<td>3. \u2013 Institutional cooperations<\/td>\n<\/tr>\n<tr>\n<td><strong>\u0160pecifick\u00fd cie\u013e:<\/strong><\/td>\n<td>3.2.1 \u2013 Small project fund<\/td>\n<\/tr>\n<tr>\n<td><strong>K\u00f3d projektu:\u00a0\u00a0<\/strong><\/td>\n<td>HUSK\/SPF\/2301\/3.2\/348<\/td>\n<\/tr>\n<tr>\n<td><strong>Celkov\u00fd rozpo\u010det projektu:<\/strong><\/td>\n<td>26 431,25 \u20ac<\/td>\n<\/tr>\n<tr>\n<td><strong>Rozpo\u010det ERDF:<\/strong><\/td>\n<td>21 145,00 \u20ac<\/td>\n<\/tr>\n<tr>\n<td><strong>Za\u010diatok projektu:<\/strong><\/td>\n<td>01.03.2024<\/td>\n<\/tr>\n<tr>\n<td><strong>Koniec projektu:<\/strong><\/td>\n<td>30.06.2024<\/td>\n<\/tr>\n<\/tbody>\n<\/table>\n","protected":false},"featured_media":0,"template":"","projekt-kategoria":[25],"class_list":["post-8478","projekty","type-projekty","status-publish","hentry","projekt-kategoria-a-kisprojekt-alap-elso-felhivasanak-tamogatott-projektjei-husk-spf-230"],"acf":[],"yoast_head":"<!-- This site is optimized with the Yoast SEO plugin v27.5 - https:\/\/yoast.com\/product\/yoast-seo-wordpress\/ -->\n<title>Magna Festum - spf-viacarpatia.eu | Fond mal\u00fdch projektov<\/title>\n<meta name=\"robots\" content=\"index, follow, max-snippet:-1, max-image-preview:large, max-video-preview:-1\" \/>\n<link rel=\"canonical\" href=\"https:\/\/spf-viacarpatia.eu\/hu\/projekty\/magna-festum\/\" \/>\n<meta property=\"og:locale\" content=\"hu_HU\" \/>\n<meta property=\"og:type\" content=\"article\" \/>\n<meta property=\"og:title\" content=\"Magna Festum - spf-viacarpatia.eu | Fond mal\u00fdch projektov\" \/>\n<meta property=\"og:description\" content=\"Cie\u013eom projektu J\u00fanov\u00fd festival 2024 Bez Hran\u00edc je zorganizova\u0165 trojd\u0148ov\u00fd festival, na ktorom vyst\u00fapia dom\u00e1ci aj ma\u010farsk\u00ed interpreti. (31.05.2024 \u2013 02.06.2024) Chceme zabezpe\u010di\u0165, aby sa bezhrani\u010dnos\u0165 odzrkadlila nielen na \u00fa\u010dinkuj\u00facich, ale aj na \u00fa\u010dastn\u00edkov. V posledn\u00fdch rokoch n\u00e1\u0161 festival nav\u0161tevuje \u010doraz viac Ma\u010farov. Sna\u017eili sme sa na nich zamera\u0165 na\u0161u reklamu, ale, \u017eia\u013e, zistili sme, [&hellip;]\" \/>\n<meta property=\"og:url\" content=\"https:\/\/spf-viacarpatia.eu\/hu\/projekty\/magna-festum\/\" \/>\n<meta property=\"og:site_name\" content=\"spf-viacarpatia.eu | Fond mal\u00fdch projektov\" \/>\n<meta property=\"article:modified_time\" content=\"2025-02-11T07:41:35+00:00\" \/>\n<meta name=\"twitter:card\" content=\"summary_large_image\" \/>\n<meta name=\"twitter:label1\" content=\"Becs\u00fclt olvas\u00e1si id\u0151\" \/>\n\t<meta name=\"twitter:data1\" content=\"2 perc\" \/>\n<script type=\"application\/ld+json\" class=\"yoast-schema-graph\">{\"@context\":\"https:\\\/\\\/schema.org\",\"@graph\":[{\"@type\":\"WebPage\",\"@id\":\"https:\\\/\\\/spf-viacarpatia.eu\\\/hu\\\/projekty\\\/magna-festum\\\/\",\"url\":\"https:\\\/\\\/spf-viacarpatia.eu\\\/hu\\\/projekty\\\/magna-festum\\\/\",\"name\":\"Magna Festum - spf-viacarpatia.eu | Fond mal\u00fdch projektov\",\"isPartOf\":{\"@id\":\"https:\\\/\\\/spf-viacarpatia.eu\\\/#website\"},\"datePublished\":\"2024-05-23T13:36:42+00:00\",\"dateModified\":\"2025-02-11T07:41:35+00:00\",\"inLanguage\":\"hu\",\"potentialAction\":[{\"@type\":\"ReadAction\",\"target\":[\"https:\\\/\\\/spf-viacarpatia.eu\\\/hu\\\/projekty\\\/magna-festum\\\/\"]}]},{\"@type\":\"WebSite\",\"@id\":\"https:\\\/\\\/spf-viacarpatia.eu\\\/#website\",\"url\":\"https:\\\/\\\/spf-viacarpatia.eu\\\/\",\"name\":\"ViaCarpatia\",\"description\":\"Fond mal\u00fdch projektov\",\"alternateName\":\"ViaCarpatia\",\"potentialAction\":[{\"@type\":\"SearchAction\",\"target\":{\"@type\":\"EntryPoint\",\"urlTemplate\":\"https:\\\/\\\/spf-viacarpatia.eu\\\/?s={search_term_string}\"},\"query-input\":{\"@type\":\"PropertyValueSpecification\",\"valueRequired\":true,\"valueName\":\"search_term_string\"}}],\"inLanguage\":\"hu\"}]}<\/script>\n<!-- \/ Yoast SEO plugin. -->","yoast_head_json":{"title":"Magna Festum - spf-viacarpatia.eu | Fond mal\u00fdch projektov","robots":{"index":"index","follow":"follow","max-snippet":"max-snippet:-1","max-image-preview":"max-image-preview:large","max-video-preview":"max-video-preview:-1"},"canonical":"https:\/\/spf-viacarpatia.eu\/hu\/projekty\/magna-festum\/","og_locale":"hu_HU","og_type":"article","og_title":"Magna Festum - spf-viacarpatia.eu | Fond mal\u00fdch projektov","og_description":"Cie\u013eom projektu J\u00fanov\u00fd festival 2024 Bez Hran\u00edc je zorganizova\u0165 trojd\u0148ov\u00fd festival, na ktorom vyst\u00fapia dom\u00e1ci aj ma\u010farsk\u00ed interpreti. (31.05.2024 \u2013 02.06.2024) Chceme zabezpe\u010di\u0165, aby sa bezhrani\u010dnos\u0165 odzrkadlila nielen na \u00fa\u010dinkuj\u00facich, ale aj na \u00fa\u010dastn\u00edkov. V posledn\u00fdch rokoch n\u00e1\u0161 festival nav\u0161tevuje \u010doraz viac Ma\u010farov. Sna\u017eili sme sa na nich zamera\u0165 na\u0161u reklamu, ale, \u017eia\u013e, zistili sme, [&hellip;]","og_url":"https:\/\/spf-viacarpatia.eu\/hu\/projekty\/magna-festum\/","og_site_name":"spf-viacarpatia.eu | Fond mal\u00fdch projektov","article_modified_time":"2025-02-11T07:41:35+00:00","twitter_card":"summary_large_image","twitter_misc":{"Becs\u00fclt olvas\u00e1si id\u0151":"2 perc"},"schema":{"@context":"https:\/\/schema.org","@graph":[{"@type":"WebPage","@id":"https:\/\/spf-viacarpatia.eu\/hu\/projekty\/magna-festum\/","url":"https:\/\/spf-viacarpatia.eu\/hu\/projekty\/magna-festum\/","name":"Magna Festum - spf-viacarpatia.eu | Fond mal\u00fdch projektov","isPartOf":{"@id":"https:\/\/spf-viacarpatia.eu\/#website"},"datePublished":"2024-05-23T13:36:42+00:00","dateModified":"2025-02-11T07:41:35+00:00","inLanguage":"hu","potentialAction":[{"@type":"ReadAction","target":["https:\/\/spf-viacarpatia.eu\/hu\/projekty\/magna-festum\/"]}]},{"@type":"WebSite","@id":"https:\/\/spf-viacarpatia.eu\/#website","url":"https:\/\/spf-viacarpatia.eu\/","name":"ViaCarpatia","description":"Fond mal\u00fdch projektov","alternateName":"ViaCarpatia","potentialAction":[{"@type":"SearchAction","target":{"@type":"EntryPoint","urlTemplate":"https:\/\/spf-viacarpatia.eu\/?s={search_term_string}"},"query-input":{"@type":"PropertyValueSpecification","valueRequired":true,"valueName":"search_term_string"}}],"inLanguage":"hu"}]}},"_links":{"self":[{"href":"https:\/\/spf-viacarpatia.eu\/hu\/wp-json\/wp\/v2\/projekty\/8478","targetHints":{"allow":["GET"]}}],"collection":[{"href":"https:\/\/spf-viacarpatia.eu\/hu\/wp-json\/wp\/v2\/projekty"}],"about":[{"href":"https:\/\/spf-viacarpatia.eu\/hu\/wp-json\/wp\/v2\/types\/projekty"}],"wp:attachment":[{"href":"https:\/\/spf-viacarpatia.eu\/hu\/wp-json\/wp\/v2\/media?parent=8478"}],"wp:term":[{"taxonomy":"projekt-kategoria","embeddable":true,"href":"https:\/\/spf-viacarpatia.eu\/hu\/wp-json\/wp\/v2\/projekt-kategoria?post=8478"}],"curies":[{"name":"wp","href":"https:\/\/api.w.org\/{rel}","templated":true}]}}