{"id":9572,"date":"2025-05-05T13:32:58","date_gmt":"2025-05-05T11:32:58","guid":{"rendered":"https:\/\/spf-viacarpatia.eu\/?post_type=projekty&#038;p=9572"},"modified":"2025-05-05T13:49:45","modified_gmt":"2025-05-05T11:49:45","slug":"abaujszanto-varos-onkormanyzata","status":"publish","type":"projekty","link":"https:\/\/spf-viacarpatia.eu\/hu\/projekty\/abaujszanto-varos-onkormanyzata\/","title":{"rendered":"Aba\u00fajsz\u00e1nt\u00f3 V\u00e1ros \u00d6nkorm\u00e1nyzata"},"content":{"rendered":"<p>A 2025 m\u00e1jus\u00e1ra tervezett Iv\u00f3 Nap Aba\u00fajsz\u00e1nt\u00f3 \u00e9s Budam\u00e9r k\u00f6z\u00f6s szervez\u00e9s\u00e9ben val\u00f3sul meg, hat\u00e1ron \u00e1tny\u00fal\u00f3 egy\u00fcttm\u0171k\u00f6d\u00e9sk\u00e9nt, k\u00fcl\u00f6n\u00f6s figyelmet ford\u00edtva az Eur\u00f3pai Uni\u00f3 demokratikus \u00e9rt\u00e9keire. Az esem\u00e9ny a hagyom\u00e1nyokra \u00e9p\u00edtve folyamatosan b\u0151v\u00fcl, \u00faj elemekkel gazdag\u00edtva a kultur\u00e1lis \u00e9s gasztron\u00f3miai programk\u00edn\u00e1latot.<\/p>\n<table width=\"500\">\n<tbody>\n<tr>\n<td width=\"255\"><strong>A\u00a0kisprojekt megnevez\u00e9se:<\/strong><\/td>\n<td width=\"245\">\u00d6sszetartoz\u00e1s: Budam\u00e9r \u00e9s Aba\u00fajsz\u00e1nt\u00f3 K\u00f6z\u00f6s \u00datja<\/td>\n<\/tr>\n<tr>\n<td width=\"255\"><strong>A kisprojekt r\u00f6vid c\u00edme:\u00a0<\/strong><\/td>\n<td width=\"245\">\u00d6sszetartoz\u00e1s<\/td>\n<\/tr>\n<tr>\n<td width=\"255\"><strong>A felh\u00edv\u00e1s k\u00f3dja:<\/strong><\/td>\n<td width=\"245\">HUSK\/2401\/3.1\/020<\/td>\n<\/tr>\n<tr>\n<td width=\"255\"><strong>Priorit\u00e1si tengely:\u00a0<\/strong><\/td>\n<td width=\"245\">3. \u2013 Institutional cooperations<\/td>\n<\/tr>\n<tr>\n<td width=\"255\"><strong>Specifikus c\u00e9l:<\/strong><\/td>\n<td width=\"245\">3.2.1 \u2013 Small project fund<\/td>\n<\/tr>\n<tr>\n<td width=\"255\"><strong>Kisprojekt k\u00f3dja:\u00a0\u00a0<\/strong><\/td>\n<td width=\"245\">HUSK\/SPF\/2401\/3.2\/010<\/td>\n<\/tr>\n<tr>\n<td width=\"255\"><strong>A kisprojekt teljes k\u00f6lts\u00e9gvet\u00e9se:<\/strong><\/td>\n<td width=\"245\">39 643,75\u20ac<\/td>\n<\/tr>\n<tr>\n<td width=\"255\"><strong>ERFA hozz\u00e1j\u00e1rul\u00e1s:<\/strong><\/td>\n<td width=\"245\">31 715,00 \u20ac<\/td>\n<\/tr>\n<tr>\n<td width=\"255\"><strong>A kisprojekt kezdete:<\/strong><\/td>\n<td width=\"245\">2025.03.01<\/td>\n<\/tr>\n<tr>\n<td width=\"255\"><strong>A kisprojekt v\u00e9ge:<\/strong><\/td>\n<td width=\"245\">2025.05.31<\/td>\n<\/tr>\n<\/tbody>\n<\/table>\n","protected":false},"featured_media":0,"template":"","projekt-kategoria":[26],"class_list":["post-9572","projekty","type-projekty","status-publish","hentry","projekt-kategoria-a-kisprojekt-alap-husk-spf-2401-felhivasanak-tamogatott-projektjei"],"acf":[],"yoast_head":"<!-- This site is optimized with the Yoast SEO plugin v27.5 - https:\/\/yoast.com\/product\/yoast-seo-wordpress\/ -->\n<title>Aba\u00fajsz\u00e1nt\u00f3 V\u00e1ros \u00d6nkorm\u00e1nyzata - spf-viacarpatia.eu | Fond mal\u00fdch projektov<\/title>\n<meta name=\"robots\" content=\"index, follow, max-snippet:-1, max-image-preview:large, max-video-preview:-1\" \/>\n<link rel=\"canonical\" href=\"https:\/\/spf-viacarpatia.eu\/hu\/projekty\/abaujszanto-varos-onkormanyzata\/\" \/>\n<meta property=\"og:locale\" content=\"hu_HU\" \/>\n<meta property=\"og:type\" content=\"article\" \/>\n<meta property=\"og:title\" content=\"Aba\u00fajsz\u00e1nt\u00f3 V\u00e1ros \u00d6nkorm\u00e1nyzata - spf-viacarpatia.eu | Fond mal\u00fdch projektov\" \/>\n<meta property=\"og:description\" content=\"A 2025 m\u00e1jus\u00e1ra tervezett Iv\u00f3 Nap Aba\u00fajsz\u00e1nt\u00f3 \u00e9s Budam\u00e9r k\u00f6z\u00f6s szervez\u00e9s\u00e9ben val\u00f3sul meg, hat\u00e1ron \u00e1tny\u00fal\u00f3 egy\u00fcttm\u0171k\u00f6d\u00e9sk\u00e9nt, k\u00fcl\u00f6n\u00f6s figyelmet ford\u00edtva az Eur\u00f3pai Uni\u00f3 demokratikus \u00e9rt\u00e9keire. Az esem\u00e9ny a hagyom\u00e1nyokra \u00e9p\u00edtve folyamatosan b\u0151v\u00fcl, \u00faj elemekkel gazdag\u00edtva a kultur\u00e1lis \u00e9s gasztron\u00f3miai programk\u00edn\u00e1latot. A\u00a0kisprojekt megnevez\u00e9se: \u00d6sszetartoz\u00e1s: Budam\u00e9r \u00e9s Aba\u00fajsz\u00e1nt\u00f3 K\u00f6z\u00f6s \u00datja A kisprojekt r\u00f6vid c\u00edme:\u00a0 \u00d6sszetartoz\u00e1s A felh\u00edv\u00e1s k\u00f3dja: [&hellip;]\" \/>\n<meta property=\"og:url\" content=\"https:\/\/spf-viacarpatia.eu\/hu\/projekty\/abaujszanto-varos-onkormanyzata\/\" \/>\n<meta property=\"og:site_name\" content=\"spf-viacarpatia.eu | Fond mal\u00fdch projektov\" \/>\n<meta property=\"article:modified_time\" content=\"2025-05-05T11:49:45+00:00\" \/>\n<meta name=\"twitter:card\" content=\"summary_large_image\" \/>\n<meta name=\"twitter:label1\" content=\"Becs\u00fclt olvas\u00e1si id\u0151\" \/>\n\t<meta name=\"twitter:data1\" content=\"1 perc\" \/>\n<script type=\"application\/ld+json\" class=\"yoast-schema-graph\">{\"@context\":\"https:\\\/\\\/schema.org\",\"@graph\":[{\"@type\":\"WebPage\",\"@id\":\"https:\\\/\\\/spf-viacarpatia.eu\\\/hu\\\/projekty\\\/abaujszanto-varos-onkormanyzata\\\/\",\"url\":\"https:\\\/\\\/spf-viacarpatia.eu\\\/hu\\\/projekty\\\/abaujszanto-varos-onkormanyzata\\\/\",\"name\":\"Aba\u00fajsz\u00e1nt\u00f3 V\u00e1ros \u00d6nkorm\u00e1nyzata - spf-viacarpatia.eu | Fond mal\u00fdch projektov\",\"isPartOf\":{\"@id\":\"https:\\\/\\\/spf-viacarpatia.eu\\\/#website\"},\"datePublished\":\"2025-05-05T11:32:58+00:00\",\"dateModified\":\"2025-05-05T11:49:45+00:00\",\"inLanguage\":\"hu\",\"potentialAction\":[{\"@type\":\"ReadAction\",\"target\":[\"https:\\\/\\\/spf-viacarpatia.eu\\\/hu\\\/projekty\\\/abaujszanto-varos-onkormanyzata\\\/\"]}]},{\"@type\":\"WebSite\",\"@id\":\"https:\\\/\\\/spf-viacarpatia.eu\\\/#website\",\"url\":\"https:\\\/\\\/spf-viacarpatia.eu\\\/\",\"name\":\"ViaCarpatia\",\"description\":\"Fond mal\u00fdch projektov\",\"alternateName\":\"ViaCarpatia\",\"potentialAction\":[{\"@type\":\"SearchAction\",\"target\":{\"@type\":\"EntryPoint\",\"urlTemplate\":\"https:\\\/\\\/spf-viacarpatia.eu\\\/?s={search_term_string}\"},\"query-input\":{\"@type\":\"PropertyValueSpecification\",\"valueRequired\":true,\"valueName\":\"search_term_string\"}}],\"inLanguage\":\"hu\"}]}<\/script>\n<!-- \/ Yoast SEO plugin. -->","yoast_head_json":{"title":"Aba\u00fajsz\u00e1nt\u00f3 V\u00e1ros \u00d6nkorm\u00e1nyzata - spf-viacarpatia.eu | Fond mal\u00fdch projektov","robots":{"index":"index","follow":"follow","max-snippet":"max-snippet:-1","max-image-preview":"max-image-preview:large","max-video-preview":"max-video-preview:-1"},"canonical":"https:\/\/spf-viacarpatia.eu\/hu\/projekty\/abaujszanto-varos-onkormanyzata\/","og_locale":"hu_HU","og_type":"article","og_title":"Aba\u00fajsz\u00e1nt\u00f3 V\u00e1ros \u00d6nkorm\u00e1nyzata - spf-viacarpatia.eu | Fond mal\u00fdch projektov","og_description":"A 2025 m\u00e1jus\u00e1ra tervezett Iv\u00f3 Nap Aba\u00fajsz\u00e1nt\u00f3 \u00e9s Budam\u00e9r k\u00f6z\u00f6s szervez\u00e9s\u00e9ben val\u00f3sul meg, hat\u00e1ron \u00e1tny\u00fal\u00f3 egy\u00fcttm\u0171k\u00f6d\u00e9sk\u00e9nt, k\u00fcl\u00f6n\u00f6s figyelmet ford\u00edtva az Eur\u00f3pai Uni\u00f3 demokratikus \u00e9rt\u00e9keire. Az esem\u00e9ny a hagyom\u00e1nyokra \u00e9p\u00edtve folyamatosan b\u0151v\u00fcl, \u00faj elemekkel gazdag\u00edtva a kultur\u00e1lis \u00e9s gasztron\u00f3miai programk\u00edn\u00e1latot. A\u00a0kisprojekt megnevez\u00e9se: \u00d6sszetartoz\u00e1s: Budam\u00e9r \u00e9s Aba\u00fajsz\u00e1nt\u00f3 K\u00f6z\u00f6s \u00datja A kisprojekt r\u00f6vid c\u00edme:\u00a0 \u00d6sszetartoz\u00e1s A felh\u00edv\u00e1s k\u00f3dja: [&hellip;]","og_url":"https:\/\/spf-viacarpatia.eu\/hu\/projekty\/abaujszanto-varos-onkormanyzata\/","og_site_name":"spf-viacarpatia.eu | Fond mal\u00fdch projektov","article_modified_time":"2025-05-05T11:49:45+00:00","twitter_card":"summary_large_image","twitter_misc":{"Becs\u00fclt olvas\u00e1si id\u0151":"1 perc"},"schema":{"@context":"https:\/\/schema.org","@graph":[{"@type":"WebPage","@id":"https:\/\/spf-viacarpatia.eu\/hu\/projekty\/abaujszanto-varos-onkormanyzata\/","url":"https:\/\/spf-viacarpatia.eu\/hu\/projekty\/abaujszanto-varos-onkormanyzata\/","name":"Aba\u00fajsz\u00e1nt\u00f3 V\u00e1ros \u00d6nkorm\u00e1nyzata - spf-viacarpatia.eu | Fond mal\u00fdch projektov","isPartOf":{"@id":"https:\/\/spf-viacarpatia.eu\/#website"},"datePublished":"2025-05-05T11:32:58+00:00","dateModified":"2025-05-05T11:49:45+00:00","inLanguage":"hu","potentialAction":[{"@type":"ReadAction","target":["https:\/\/spf-viacarpatia.eu\/hu\/projekty\/abaujszanto-varos-onkormanyzata\/"]}]},{"@type":"WebSite","@id":"https:\/\/spf-viacarpatia.eu\/#website","url":"https:\/\/spf-viacarpatia.eu\/","name":"ViaCarpatia","description":"Fond mal\u00fdch projektov","alternateName":"ViaCarpatia","potentialAction":[{"@type":"SearchAction","target":{"@type":"EntryPoint","urlTemplate":"https:\/\/spf-viacarpatia.eu\/?s={search_term_string}"},"query-input":{"@type":"PropertyValueSpecification","valueRequired":true,"valueName":"search_term_string"}}],"inLanguage":"hu"}]}},"_links":{"self":[{"href":"https:\/\/spf-viacarpatia.eu\/hu\/wp-json\/wp\/v2\/projekty\/9572","targetHints":{"allow":["GET"]}}],"collection":[{"href":"https:\/\/spf-viacarpatia.eu\/hu\/wp-json\/wp\/v2\/projekty"}],"about":[{"href":"https:\/\/spf-viacarpatia.eu\/hu\/wp-json\/wp\/v2\/types\/projekty"}],"wp:attachment":[{"href":"https:\/\/spf-viacarpatia.eu\/hu\/wp-json\/wp\/v2\/media?parent=9572"}],"wp:term":[{"taxonomy":"projekt-kategoria","embeddable":true,"href":"https:\/\/spf-viacarpatia.eu\/hu\/wp-json\/wp\/v2\/projekt-kategoria?post=9572"}],"curies":[{"name":"wp","href":"https:\/\/api.w.org\/{rel}","templated":true}]}}