{"id":9606,"date":"2025-05-05T15:15:47","date_gmt":"2025-05-05T13:15:47","guid":{"rendered":"https:\/\/spf-viacarpatia.eu\/?post_type=projekty&#038;p=9606"},"modified":"2025-05-05T15:15:47","modified_gmt":"2025-05-05T13:15:47","slug":"muzeum-a-kulturne-centrum-juzneho-zemplina-v-trebisove-2","status":"publish","type":"projekty","link":"https:\/\/spf-viacarpatia.eu\/hu\/projekty\/muzeum-a-kulturne-centrum-juzneho-zemplina-v-trebisove-2\/","title":{"rendered":"M\u00fazeum a Kult\u00farne Centrum ju\u017en\u00e9ho Zempl\u00edna v Trebi\u0161ove"},"content":{"rendered":"<p>Projekt \u201eFest dobr\u00fd festival\u201c v Trebi\u0161ove prezentuje folkl\u00f3r Slovenska a Ma\u010farska prostredn\u00edctvom vyst\u00fapen\u00ed spev\u00e1ckych a tane\u010dn\u00fdch skup\u00edn, tradi\u010dnej gastron\u00f3mie a modern\u00fdch kulin\u00e1rskych pr\u00edstupov. Pre deti s\u00fa pripraven\u00e9 tvoriv\u00e9 dielne a \u0161kola tanca. Festival podpor\u00ed kult\u00farne v\u00e4zby medzi oboma krajinami a posiln\u00ed cezhrani\u010dn\u00fa spolupr\u00e1cu.<\/p>\n<table width=\"500\">\n<tbody>\n<tr>\n<td><strong>N\u00e1zov projektu:<\/strong><\/td>\n<td>FEST dobr\u00fd festival<\/td>\n<\/tr>\n<tr>\n<td><strong>Akronym:<\/strong><\/td>\n<td>FEST dobr\u00fd festival<\/td>\n<\/tr>\n<tr>\n<td><strong>K\u00f3d v\u00fdzvy:<\/strong><\/td>\n<td>HUSK\/2401\/3.1\/020<\/td>\n<\/tr>\n<tr>\n<td><strong>Prioritn\u00e1 os:<\/strong><\/td>\n<td>3. \u2013 Institutional cooperations<\/td>\n<\/tr>\n<tr>\n<td><strong>\u0160pecifick\u00fd cie\u013e:<\/strong><\/td>\n<td>3.2.1 \u2013 Small project fund<\/td>\n<\/tr>\n<tr>\n<td><strong>K\u00f3d projektu:\u00a0\u00a0<\/strong><\/td>\n<td>HUSK\/SPF\/2401\/3.2\/040<\/td>\n<\/tr>\n<tr>\n<td><strong>Celkov\u00fd rozpo\u010det projektu:<\/strong><\/td>\n<td>30 662,5 \u20ac<\/td>\n<\/tr>\n<tr>\n<td><strong>Rozpo\u010det ERDF:<\/strong><\/td>\n<td>24 530,00 \u20ac<\/td>\n<\/tr>\n<tr>\n<td><strong>Za\u010diatok projektu:<\/strong><\/td>\n<td>01.03.2025<\/td>\n<\/tr>\n<tr>\n<td><strong>Koniec projektu:<\/strong><\/td>\n<td>30.09.2025<\/td>\n<\/tr>\n<\/tbody>\n<\/table>\n","protected":false},"featured_media":0,"template":"","projekt-kategoria":[26],"class_list":["post-9606","projekty","type-projekty","status-publish","hentry","projekt-kategoria-a-kisprojekt-alap-husk-spf-2401-felhivasanak-tamogatott-projektjei"],"acf":[],"yoast_head":"<!-- This site is optimized with the Yoast SEO plugin v27.5 - https:\/\/yoast.com\/product\/yoast-seo-wordpress\/ -->\n<title>M\u00fazeum a Kult\u00farne Centrum ju\u017en\u00e9ho Zempl\u00edna v Trebi\u0161ove - spf-viacarpatia.eu | Fond mal\u00fdch projektov<\/title>\n<meta name=\"robots\" content=\"index, follow, max-snippet:-1, max-image-preview:large, max-video-preview:-1\" \/>\n<link rel=\"canonical\" href=\"https:\/\/spf-viacarpatia.eu\/hu\/projekty\/muzeum-a-kulturne-centrum-juzneho-zemplina-v-trebisove-2\/\" \/>\n<meta property=\"og:locale\" content=\"hu_HU\" \/>\n<meta property=\"og:type\" content=\"article\" \/>\n<meta property=\"og:title\" content=\"M\u00fazeum a Kult\u00farne Centrum ju\u017en\u00e9ho Zempl\u00edna v Trebi\u0161ove - spf-viacarpatia.eu | Fond mal\u00fdch projektov\" \/>\n<meta property=\"og:description\" content=\"Projekt \u201eFest dobr\u00fd festival\u201c v Trebi\u0161ove prezentuje folkl\u00f3r Slovenska a Ma\u010farska prostredn\u00edctvom vyst\u00fapen\u00ed spev\u00e1ckych a tane\u010dn\u00fdch skup\u00edn, tradi\u010dnej gastron\u00f3mie a modern\u00fdch kulin\u00e1rskych pr\u00edstupov. Pre deti s\u00fa pripraven\u00e9 tvoriv\u00e9 dielne a \u0161kola tanca. Festival podpor\u00ed kult\u00farne v\u00e4zby medzi oboma krajinami a posiln\u00ed cezhrani\u010dn\u00fa spolupr\u00e1cu. N\u00e1zov projektu: FEST dobr\u00fd festival Akronym: FEST dobr\u00fd festival K\u00f3d v\u00fdzvy: HUSK\/2401\/3.1\/020 [&hellip;]\" \/>\n<meta property=\"og:url\" content=\"https:\/\/spf-viacarpatia.eu\/hu\/projekty\/muzeum-a-kulturne-centrum-juzneho-zemplina-v-trebisove-2\/\" \/>\n<meta property=\"og:site_name\" content=\"spf-viacarpatia.eu | Fond mal\u00fdch projektov\" \/>\n<meta name=\"twitter:card\" content=\"summary_large_image\" \/>\n<meta name=\"twitter:label1\" content=\"Becs\u00fclt olvas\u00e1si id\u0151\" \/>\n\t<meta name=\"twitter:data1\" content=\"1 perc\" \/>\n<script type=\"application\/ld+json\" class=\"yoast-schema-graph\">{\"@context\":\"https:\\\/\\\/schema.org\",\"@graph\":[{\"@type\":\"WebPage\",\"@id\":\"https:\\\/\\\/spf-viacarpatia.eu\\\/hu\\\/projekty\\\/muzeum-a-kulturne-centrum-juzneho-zemplina-v-trebisove-2\\\/\",\"url\":\"https:\\\/\\\/spf-viacarpatia.eu\\\/hu\\\/projekty\\\/muzeum-a-kulturne-centrum-juzneho-zemplina-v-trebisove-2\\\/\",\"name\":\"M\u00fazeum a Kult\u00farne Centrum ju\u017en\u00e9ho Zempl\u00edna v Trebi\u0161ove - spf-viacarpatia.eu | Fond mal\u00fdch projektov\",\"isPartOf\":{\"@id\":\"https:\\\/\\\/spf-viacarpatia.eu\\\/#website\"},\"datePublished\":\"2025-05-05T13:15:47+00:00\",\"inLanguage\":\"hu\",\"potentialAction\":[{\"@type\":\"ReadAction\",\"target\":[\"https:\\\/\\\/spf-viacarpatia.eu\\\/hu\\\/projekty\\\/muzeum-a-kulturne-centrum-juzneho-zemplina-v-trebisove-2\\\/\"]}]},{\"@type\":\"WebSite\",\"@id\":\"https:\\\/\\\/spf-viacarpatia.eu\\\/#website\",\"url\":\"https:\\\/\\\/spf-viacarpatia.eu\\\/\",\"name\":\"ViaCarpatia\",\"description\":\"Fond mal\u00fdch projektov\",\"alternateName\":\"ViaCarpatia\",\"potentialAction\":[{\"@type\":\"SearchAction\",\"target\":{\"@type\":\"EntryPoint\",\"urlTemplate\":\"https:\\\/\\\/spf-viacarpatia.eu\\\/?s={search_term_string}\"},\"query-input\":{\"@type\":\"PropertyValueSpecification\",\"valueRequired\":true,\"valueName\":\"search_term_string\"}}],\"inLanguage\":\"hu\"}]}<\/script>\n<!-- \/ Yoast SEO plugin. -->","yoast_head_json":{"title":"M\u00fazeum a Kult\u00farne Centrum ju\u017en\u00e9ho Zempl\u00edna v Trebi\u0161ove - spf-viacarpatia.eu | Fond mal\u00fdch projektov","robots":{"index":"index","follow":"follow","max-snippet":"max-snippet:-1","max-image-preview":"max-image-preview:large","max-video-preview":"max-video-preview:-1"},"canonical":"https:\/\/spf-viacarpatia.eu\/hu\/projekty\/muzeum-a-kulturne-centrum-juzneho-zemplina-v-trebisove-2\/","og_locale":"hu_HU","og_type":"article","og_title":"M\u00fazeum a Kult\u00farne Centrum ju\u017en\u00e9ho Zempl\u00edna v Trebi\u0161ove - spf-viacarpatia.eu | Fond mal\u00fdch projektov","og_description":"Projekt \u201eFest dobr\u00fd festival\u201c v Trebi\u0161ove prezentuje folkl\u00f3r Slovenska a Ma\u010farska prostredn\u00edctvom vyst\u00fapen\u00ed spev\u00e1ckych a tane\u010dn\u00fdch skup\u00edn, tradi\u010dnej gastron\u00f3mie a modern\u00fdch kulin\u00e1rskych pr\u00edstupov. Pre deti s\u00fa pripraven\u00e9 tvoriv\u00e9 dielne a \u0161kola tanca. Festival podpor\u00ed kult\u00farne v\u00e4zby medzi oboma krajinami a posiln\u00ed cezhrani\u010dn\u00fa spolupr\u00e1cu. N\u00e1zov projektu: FEST dobr\u00fd festival Akronym: FEST dobr\u00fd festival K\u00f3d v\u00fdzvy: HUSK\/2401\/3.1\/020 [&hellip;]","og_url":"https:\/\/spf-viacarpatia.eu\/hu\/projekty\/muzeum-a-kulturne-centrum-juzneho-zemplina-v-trebisove-2\/","og_site_name":"spf-viacarpatia.eu | Fond mal\u00fdch projektov","twitter_card":"summary_large_image","twitter_misc":{"Becs\u00fclt olvas\u00e1si id\u0151":"1 perc"},"schema":{"@context":"https:\/\/schema.org","@graph":[{"@type":"WebPage","@id":"https:\/\/spf-viacarpatia.eu\/hu\/projekty\/muzeum-a-kulturne-centrum-juzneho-zemplina-v-trebisove-2\/","url":"https:\/\/spf-viacarpatia.eu\/hu\/projekty\/muzeum-a-kulturne-centrum-juzneho-zemplina-v-trebisove-2\/","name":"M\u00fazeum a Kult\u00farne Centrum ju\u017en\u00e9ho Zempl\u00edna v Trebi\u0161ove - spf-viacarpatia.eu | Fond mal\u00fdch projektov","isPartOf":{"@id":"https:\/\/spf-viacarpatia.eu\/#website"},"datePublished":"2025-05-05T13:15:47+00:00","inLanguage":"hu","potentialAction":[{"@type":"ReadAction","target":["https:\/\/spf-viacarpatia.eu\/hu\/projekty\/muzeum-a-kulturne-centrum-juzneho-zemplina-v-trebisove-2\/"]}]},{"@type":"WebSite","@id":"https:\/\/spf-viacarpatia.eu\/#website","url":"https:\/\/spf-viacarpatia.eu\/","name":"ViaCarpatia","description":"Fond mal\u00fdch projektov","alternateName":"ViaCarpatia","potentialAction":[{"@type":"SearchAction","target":{"@type":"EntryPoint","urlTemplate":"https:\/\/spf-viacarpatia.eu\/?s={search_term_string}"},"query-input":{"@type":"PropertyValueSpecification","valueRequired":true,"valueName":"search_term_string"}}],"inLanguage":"hu"}]}},"_links":{"self":[{"href":"https:\/\/spf-viacarpatia.eu\/hu\/wp-json\/wp\/v2\/projekty\/9606","targetHints":{"allow":["GET"]}}],"collection":[{"href":"https:\/\/spf-viacarpatia.eu\/hu\/wp-json\/wp\/v2\/projekty"}],"about":[{"href":"https:\/\/spf-viacarpatia.eu\/hu\/wp-json\/wp\/v2\/types\/projekty"}],"wp:attachment":[{"href":"https:\/\/spf-viacarpatia.eu\/hu\/wp-json\/wp\/v2\/media?parent=9606"}],"wp:term":[{"taxonomy":"projekt-kategoria","embeddable":true,"href":"https:\/\/spf-viacarpatia.eu\/hu\/wp-json\/wp\/v2\/projekt-kategoria?post=9606"}],"curies":[{"name":"wp","href":"https:\/\/api.w.org\/{rel}","templated":true}]}}