{"id":9610,"date":"2025-05-06T09:29:52","date_gmt":"2025-05-06T07:29:52","guid":{"rendered":"https:\/\/spf-viacarpatia.eu\/?post_type=projekty&#038;p=9610"},"modified":"2025-05-06T09:29:52","modified_gmt":"2025-05-06T07:29:52","slug":"egyutt-egy-eselyert-a-hatranyos-helyzetu-emberek-es-allatok-segiteseert-alapitvany","status":"publish","type":"projekty","link":"https:\/\/spf-viacarpatia.eu\/hu\/projekty\/egyutt-egy-eselyert-a-hatranyos-helyzetu-emberek-es-allatok-segiteseert-alapitvany\/","title":{"rendered":"Egy\u00fctt egy Es\u00e9ly\u00e9rt\u201d a h\u00e1tr\u00e1nyos helyzet\u0171 emberek \u00e9s \u00e1llatok seg\u00edt\u00e9s\u00e9\u00e9rt Alap\u00edtv\u00e1ny"},"content":{"rendered":"<p>A projekt c\u00e9lja a szlov\u00e1k \u00e9s magyar hat\u00e1r mindk\u00e9t oldal\u00e1n \u00e9l\u0151 h\u00e1tr\u00e1nyos helyzet\u0171 fiatalok t\u00e1mogat\u00e1sa a zene erej\u00e9n kereszt\u00fcl, es\u00e9lyegyenl\u0151s\u00e9g\u00fck jav\u00edt\u00e1sa \u00e9s zenei karrierlehet\u0151s\u00e9geik bemutat\u00e1sa. A rendezv\u00e9ny amellett, hogy er\u0151s\u00edti a hat\u00e1r menti kapcsolatokat, a fiatalok k\u00f6lcs\u00f6n\u00f6s k\u00f6zeled\u00e9s\u00e9t is szolg\u00e1lja, k\u00f6z\u00f6s programok, workshopok \u00e9s koncertek r\u00e9v\u00e9n.<\/p>\n<table width=\"500\">\n<tbody>\n<tr>\n<td width=\"255\"><strong>A\u00a0kisprojekt megnevez\u00e9se:<\/strong><\/td>\n<td width=\"245\">\u201eA Zene \u00f6sszek\u00f6t\u201d \u2013 zenei kultur\u00e1lis fesztiv\u00e1l megval\u00f3s\u00edt\u00e1sa<\/td>\n<\/tr>\n<tr>\n<td width=\"255\"><strong>A kisprojekt r\u00f6vid c\u00edme:\u00a0<\/strong><\/td>\n<td width=\"245\">A zene \u00f6sszek\u00f6t<\/td>\n<\/tr>\n<tr>\n<td width=\"255\"><strong>A felh\u00edv\u00e1s k\u00f3dja:<\/strong><\/td>\n<td width=\"245\">HUSK\/2401\/3.1\/020<\/td>\n<\/tr>\n<tr>\n<td width=\"255\"><strong>Priorit\u00e1si tengely:\u00a0<\/strong><\/td>\n<td width=\"245\">3. \u2013 Institutional cooperations<\/td>\n<\/tr>\n<tr>\n<td width=\"255\"><strong>Specifikus c\u00e9l:<\/strong><\/td>\n<td width=\"245\">3.2.1 \u2013 Small project fund<\/td>\n<\/tr>\n<tr>\n<td width=\"255\"><strong>Kisprojekt k\u00f3dja:\u00a0\u00a0<\/strong><\/td>\n<td width=\"245\">HUSK\/SPF\/2401\/3.2\/050<\/td>\n<\/tr>\n<tr>\n<td width=\"255\"><strong>A kisprojekt teljes k\u00f6lts\u00e9gvet\u00e9se:<\/strong><\/td>\n<td width=\"245\">10 568,75\u20ac<\/td>\n<\/tr>\n<tr>\n<td width=\"255\"><strong>ERFA hozz\u00e1j\u00e1rul\u00e1s:<\/strong><\/td>\n<td width=\"245\">8 455,00 \u20ac<\/td>\n<\/tr>\n<tr>\n<td width=\"255\"><strong>A kisprojekt kezdete:<\/strong><\/td>\n<td width=\"245\">2025.06.01<\/td>\n<\/tr>\n<tr>\n<td width=\"255\"><strong>A kisprojekt v\u00e9ge:<\/strong><\/td>\n<td width=\"245\">2025.09.30<\/td>\n<\/tr>\n<\/tbody>\n<\/table>\n","protected":false},"featured_media":0,"template":"","projekt-kategoria":[26],"class_list":["post-9610","projekty","type-projekty","status-publish","hentry","projekt-kategoria-a-kisprojekt-alap-husk-spf-2401-felhivasanak-tamogatott-projektjei"],"acf":[],"yoast_head":"<!-- This site is optimized with the Yoast SEO plugin v27.5 - https:\/\/yoast.com\/product\/yoast-seo-wordpress\/ -->\n<title>Egy\u00fctt egy Es\u00e9ly\u00e9rt\u201d a h\u00e1tr\u00e1nyos helyzet\u0171 emberek \u00e9s \u00e1llatok seg\u00edt\u00e9s\u00e9\u00e9rt Alap\u00edtv\u00e1ny - spf-viacarpatia.eu | Fond mal\u00fdch projektov<\/title>\n<meta name=\"robots\" content=\"index, follow, max-snippet:-1, max-image-preview:large, max-video-preview:-1\" \/>\n<link rel=\"canonical\" href=\"https:\/\/spf-viacarpatia.eu\/hu\/projekty\/egyutt-egy-eselyert-a-hatranyos-helyzetu-emberek-es-allatok-segiteseert-alapitvany\/\" \/>\n<meta property=\"og:locale\" content=\"hu_HU\" \/>\n<meta property=\"og:type\" content=\"article\" \/>\n<meta property=\"og:title\" content=\"Egy\u00fctt egy Es\u00e9ly\u00e9rt\u201d a h\u00e1tr\u00e1nyos helyzet\u0171 emberek \u00e9s \u00e1llatok seg\u00edt\u00e9s\u00e9\u00e9rt Alap\u00edtv\u00e1ny - spf-viacarpatia.eu | Fond mal\u00fdch projektov\" \/>\n<meta property=\"og:description\" content=\"A projekt c\u00e9lja a szlov\u00e1k \u00e9s magyar hat\u00e1r mindk\u00e9t oldal\u00e1n \u00e9l\u0151 h\u00e1tr\u00e1nyos helyzet\u0171 fiatalok t\u00e1mogat\u00e1sa a zene erej\u00e9n kereszt\u00fcl, es\u00e9lyegyenl\u0151s\u00e9g\u00fck jav\u00edt\u00e1sa \u00e9s zenei karrierlehet\u0151s\u00e9geik bemutat\u00e1sa. A rendezv\u00e9ny amellett, hogy er\u0151s\u00edti a hat\u00e1r menti kapcsolatokat, a fiatalok k\u00f6lcs\u00f6n\u00f6s k\u00f6zeled\u00e9s\u00e9t is szolg\u00e1lja, k\u00f6z\u00f6s programok, workshopok \u00e9s koncertek r\u00e9v\u00e9n. A\u00a0kisprojekt megnevez\u00e9se: \u201eA Zene \u00f6sszek\u00f6t\u201d \u2013 zenei kultur\u00e1lis fesztiv\u00e1l [&hellip;]\" \/>\n<meta property=\"og:url\" content=\"https:\/\/spf-viacarpatia.eu\/hu\/projekty\/egyutt-egy-eselyert-a-hatranyos-helyzetu-emberek-es-allatok-segiteseert-alapitvany\/\" \/>\n<meta property=\"og:site_name\" content=\"spf-viacarpatia.eu | Fond mal\u00fdch projektov\" \/>\n<meta name=\"twitter:card\" content=\"summary_large_image\" \/>\n<meta name=\"twitter:label1\" content=\"Becs\u00fclt olvas\u00e1si id\u0151\" \/>\n\t<meta name=\"twitter:data1\" content=\"1 perc\" \/>\n<script type=\"application\/ld+json\" class=\"yoast-schema-graph\">{\"@context\":\"https:\\\/\\\/schema.org\",\"@graph\":[{\"@type\":\"WebPage\",\"@id\":\"https:\\\/\\\/spf-viacarpatia.eu\\\/hu\\\/projekty\\\/egyutt-egy-eselyert-a-hatranyos-helyzetu-emberek-es-allatok-segiteseert-alapitvany\\\/\",\"url\":\"https:\\\/\\\/spf-viacarpatia.eu\\\/hu\\\/projekty\\\/egyutt-egy-eselyert-a-hatranyos-helyzetu-emberek-es-allatok-segiteseert-alapitvany\\\/\",\"name\":\"Egy\u00fctt egy Es\u00e9ly\u00e9rt\u201d a h\u00e1tr\u00e1nyos helyzet\u0171 emberek \u00e9s \u00e1llatok seg\u00edt\u00e9s\u00e9\u00e9rt Alap\u00edtv\u00e1ny - spf-viacarpatia.eu | Fond mal\u00fdch projektov\",\"isPartOf\":{\"@id\":\"https:\\\/\\\/spf-viacarpatia.eu\\\/#website\"},\"datePublished\":\"2025-05-06T07:29:52+00:00\",\"inLanguage\":\"hu\",\"potentialAction\":[{\"@type\":\"ReadAction\",\"target\":[\"https:\\\/\\\/spf-viacarpatia.eu\\\/hu\\\/projekty\\\/egyutt-egy-eselyert-a-hatranyos-helyzetu-emberek-es-allatok-segiteseert-alapitvany\\\/\"]}]},{\"@type\":\"WebSite\",\"@id\":\"https:\\\/\\\/spf-viacarpatia.eu\\\/#website\",\"url\":\"https:\\\/\\\/spf-viacarpatia.eu\\\/\",\"name\":\"ViaCarpatia\",\"description\":\"Fond mal\u00fdch projektov\",\"alternateName\":\"ViaCarpatia\",\"potentialAction\":[{\"@type\":\"SearchAction\",\"target\":{\"@type\":\"EntryPoint\",\"urlTemplate\":\"https:\\\/\\\/spf-viacarpatia.eu\\\/?s={search_term_string}\"},\"query-input\":{\"@type\":\"PropertyValueSpecification\",\"valueRequired\":true,\"valueName\":\"search_term_string\"}}],\"inLanguage\":\"hu\"}]}<\/script>\n<!-- \/ Yoast SEO plugin. -->","yoast_head_json":{"title":"Egy\u00fctt egy Es\u00e9ly\u00e9rt\u201d a h\u00e1tr\u00e1nyos helyzet\u0171 emberek \u00e9s \u00e1llatok seg\u00edt\u00e9s\u00e9\u00e9rt Alap\u00edtv\u00e1ny - spf-viacarpatia.eu | Fond mal\u00fdch projektov","robots":{"index":"index","follow":"follow","max-snippet":"max-snippet:-1","max-image-preview":"max-image-preview:large","max-video-preview":"max-video-preview:-1"},"canonical":"https:\/\/spf-viacarpatia.eu\/hu\/projekty\/egyutt-egy-eselyert-a-hatranyos-helyzetu-emberek-es-allatok-segiteseert-alapitvany\/","og_locale":"hu_HU","og_type":"article","og_title":"Egy\u00fctt egy Es\u00e9ly\u00e9rt\u201d a h\u00e1tr\u00e1nyos helyzet\u0171 emberek \u00e9s \u00e1llatok seg\u00edt\u00e9s\u00e9\u00e9rt Alap\u00edtv\u00e1ny - spf-viacarpatia.eu | Fond mal\u00fdch projektov","og_description":"A projekt c\u00e9lja a szlov\u00e1k \u00e9s magyar hat\u00e1r mindk\u00e9t oldal\u00e1n \u00e9l\u0151 h\u00e1tr\u00e1nyos helyzet\u0171 fiatalok t\u00e1mogat\u00e1sa a zene erej\u00e9n kereszt\u00fcl, es\u00e9lyegyenl\u0151s\u00e9g\u00fck jav\u00edt\u00e1sa \u00e9s zenei karrierlehet\u0151s\u00e9geik bemutat\u00e1sa. A rendezv\u00e9ny amellett, hogy er\u0151s\u00edti a hat\u00e1r menti kapcsolatokat, a fiatalok k\u00f6lcs\u00f6n\u00f6s k\u00f6zeled\u00e9s\u00e9t is szolg\u00e1lja, k\u00f6z\u00f6s programok, workshopok \u00e9s koncertek r\u00e9v\u00e9n. A\u00a0kisprojekt megnevez\u00e9se: \u201eA Zene \u00f6sszek\u00f6t\u201d \u2013 zenei kultur\u00e1lis fesztiv\u00e1l [&hellip;]","og_url":"https:\/\/spf-viacarpatia.eu\/hu\/projekty\/egyutt-egy-eselyert-a-hatranyos-helyzetu-emberek-es-allatok-segiteseert-alapitvany\/","og_site_name":"spf-viacarpatia.eu | Fond mal\u00fdch projektov","twitter_card":"summary_large_image","twitter_misc":{"Becs\u00fclt olvas\u00e1si id\u0151":"1 perc"},"schema":{"@context":"https:\/\/schema.org","@graph":[{"@type":"WebPage","@id":"https:\/\/spf-viacarpatia.eu\/hu\/projekty\/egyutt-egy-eselyert-a-hatranyos-helyzetu-emberek-es-allatok-segiteseert-alapitvany\/","url":"https:\/\/spf-viacarpatia.eu\/hu\/projekty\/egyutt-egy-eselyert-a-hatranyos-helyzetu-emberek-es-allatok-segiteseert-alapitvany\/","name":"Egy\u00fctt egy Es\u00e9ly\u00e9rt\u201d a h\u00e1tr\u00e1nyos helyzet\u0171 emberek \u00e9s \u00e1llatok seg\u00edt\u00e9s\u00e9\u00e9rt Alap\u00edtv\u00e1ny - spf-viacarpatia.eu | Fond mal\u00fdch projektov","isPartOf":{"@id":"https:\/\/spf-viacarpatia.eu\/#website"},"datePublished":"2025-05-06T07:29:52+00:00","inLanguage":"hu","potentialAction":[{"@type":"ReadAction","target":["https:\/\/spf-viacarpatia.eu\/hu\/projekty\/egyutt-egy-eselyert-a-hatranyos-helyzetu-emberek-es-allatok-segiteseert-alapitvany\/"]}]},{"@type":"WebSite","@id":"https:\/\/spf-viacarpatia.eu\/#website","url":"https:\/\/spf-viacarpatia.eu\/","name":"ViaCarpatia","description":"Fond mal\u00fdch projektov","alternateName":"ViaCarpatia","potentialAction":[{"@type":"SearchAction","target":{"@type":"EntryPoint","urlTemplate":"https:\/\/spf-viacarpatia.eu\/?s={search_term_string}"},"query-input":{"@type":"PropertyValueSpecification","valueRequired":true,"valueName":"search_term_string"}}],"inLanguage":"hu"}]}},"_links":{"self":[{"href":"https:\/\/spf-viacarpatia.eu\/hu\/wp-json\/wp\/v2\/projekty\/9610","targetHints":{"allow":["GET"]}}],"collection":[{"href":"https:\/\/spf-viacarpatia.eu\/hu\/wp-json\/wp\/v2\/projekty"}],"about":[{"href":"https:\/\/spf-viacarpatia.eu\/hu\/wp-json\/wp\/v2\/types\/projekty"}],"wp:attachment":[{"href":"https:\/\/spf-viacarpatia.eu\/hu\/wp-json\/wp\/v2\/media?parent=9610"}],"wp:term":[{"taxonomy":"projekt-kategoria","embeddable":true,"href":"https:\/\/spf-viacarpatia.eu\/hu\/wp-json\/wp\/v2\/projekt-kategoria?post=9610"}],"curies":[{"name":"wp","href":"https:\/\/api.w.org\/{rel}","templated":true}]}}