{"id":9644,"date":"2025-05-06T12:57:50","date_gmt":"2025-05-06T10:57:50","guid":{"rendered":"https:\/\/spf-viacarpatia.eu\/?post_type=projekty&#038;p=9644"},"modified":"2025-05-06T12:57:50","modified_gmt":"2025-05-06T10:57:50","slug":"obec-perin-chym","status":"publish","type":"projekty","link":"https:\/\/spf-viacarpatia.eu\/hu\/projekty\/obec-perin-chym\/","title":{"rendered":"Obec  Per\u00edn-Chym"},"content":{"rendered":"<p>Hlavnou iniciat\u00edvou m\u00e1jov\u00e9ho podujatia\u00a0 je posilni\u0165 v\u00e4zby medzi partnersk\u00fdmi obcami na slovensko-ma\u010farskom pohrani\u010d\u00ed cez organizovanie podujatia v obci Per\u00edn-Chym, ktor\u00e9 bude zah\u0155\u0148a\u0165 kult\u00farne, spolo\u010densk\u00e9 a vzdel\u00e1vacie aktivity. Projekt sa zameriava na prezent\u00e1ciu kult\u00farnej rozmanitosti, posilnenie spolupr\u00e1ce medzi samospr\u00e1vami a zv\u00fd\u0161enie povedomia o\u00a0Eur\u00f3pskej \u00fanii.<\/p>\n<table width=\"500\">\n<tbody>\n<tr>\n<td><strong>N\u00e1zov projektu:<\/strong><\/td>\n<td>Dni miestnej \u010dasti Chym, Obec Per\u00edn-Chym<\/td>\n<\/tr>\n<tr>\n<td><strong>Akronym:<\/strong><\/td>\n<td>Dni M\u010c Chym<\/td>\n<\/tr>\n<tr>\n<td><strong>K\u00f3d v\u00fdzvy:<\/strong><\/td>\n<td>HUSK\/2401\/3.1\/020<\/td>\n<\/tr>\n<tr>\n<td><strong>Prioritn\u00e1 os:<\/strong><\/td>\n<td>3. \u2013 Institutional cooperations<\/td>\n<\/tr>\n<tr>\n<td><strong>\u0160pecifick\u00fd cie\u013e:<\/strong><\/td>\n<td>3.2.1 \u2013 Small project fund<\/td>\n<\/tr>\n<tr>\n<td><strong>K\u00f3d projektu:\u00a0\u00a0<\/strong><\/td>\n<td>HUSK\/SPF\/2401\/3.2\/137<\/td>\n<\/tr>\n<tr>\n<td><strong>Celkov\u00fd rozpo\u010det projektu:<\/strong><\/td>\n<td>16 518,75 \u20ac<\/td>\n<\/tr>\n<tr>\n<td><strong>Rozpo\u010det ERDF:<\/strong><\/td>\n<td>13 215,00 \u20ac<\/td>\n<\/tr>\n<tr>\n<td><strong>Za\u010diatok projektu:<\/strong><\/td>\n<td>01.06.2025<\/td>\n<\/tr>\n<tr>\n<td><strong>Koniec projektu:<\/strong><\/td>\n<td>31.08.2025<\/td>\n<\/tr>\n<\/tbody>\n<\/table>\n","protected":false},"featured_media":0,"template":"","projekt-kategoria":[26],"class_list":["post-9644","projekty","type-projekty","status-publish","hentry","projekt-kategoria-a-kisprojekt-alap-husk-spf-2401-felhivasanak-tamogatott-projektjei"],"acf":[],"yoast_head":"<!-- This site is optimized with the Yoast SEO plugin v27.5 - https:\/\/yoast.com\/product\/yoast-seo-wordpress\/ -->\n<title>Obec Per\u00edn-Chym - spf-viacarpatia.eu | Fond mal\u00fdch projektov<\/title>\n<meta name=\"robots\" content=\"index, follow, max-snippet:-1, max-image-preview:large, max-video-preview:-1\" \/>\n<link rel=\"canonical\" href=\"https:\/\/spf-viacarpatia.eu\/hu\/projekty\/obec-perin-chym\/\" \/>\n<meta property=\"og:locale\" content=\"hu_HU\" \/>\n<meta property=\"og:type\" content=\"article\" \/>\n<meta property=\"og:title\" content=\"Obec Per\u00edn-Chym - spf-viacarpatia.eu | Fond mal\u00fdch projektov\" \/>\n<meta property=\"og:description\" content=\"Hlavnou iniciat\u00edvou m\u00e1jov\u00e9ho podujatia\u00a0 je posilni\u0165 v\u00e4zby medzi partnersk\u00fdmi obcami na slovensko-ma\u010farskom pohrani\u010d\u00ed cez organizovanie podujatia v obci Per\u00edn-Chym, ktor\u00e9 bude zah\u0155\u0148a\u0165 kult\u00farne, spolo\u010densk\u00e9 a vzdel\u00e1vacie aktivity. Projekt sa zameriava na prezent\u00e1ciu kult\u00farnej rozmanitosti, posilnenie spolupr\u00e1ce medzi samospr\u00e1vami a zv\u00fd\u0161enie povedomia o\u00a0Eur\u00f3pskej \u00fanii. N\u00e1zov projektu: Dni miestnej \u010dasti Chym, Obec Per\u00edn-Chym Akronym: Dni M\u010c Chym [&hellip;]\" \/>\n<meta property=\"og:url\" content=\"https:\/\/spf-viacarpatia.eu\/hu\/projekty\/obec-perin-chym\/\" \/>\n<meta property=\"og:site_name\" content=\"spf-viacarpatia.eu | Fond mal\u00fdch projektov\" \/>\n<meta name=\"twitter:card\" content=\"summary_large_image\" \/>\n<meta name=\"twitter:label1\" content=\"Becs\u00fclt olvas\u00e1si id\u0151\" \/>\n\t<meta name=\"twitter:data1\" content=\"1 perc\" \/>\n<script type=\"application\/ld+json\" class=\"yoast-schema-graph\">{\"@context\":\"https:\\\/\\\/schema.org\",\"@graph\":[{\"@type\":\"WebPage\",\"@id\":\"https:\\\/\\\/spf-viacarpatia.eu\\\/hu\\\/projekty\\\/obec-perin-chym\\\/\",\"url\":\"https:\\\/\\\/spf-viacarpatia.eu\\\/hu\\\/projekty\\\/obec-perin-chym\\\/\",\"name\":\"Obec Per\u00edn-Chym - spf-viacarpatia.eu | Fond mal\u00fdch projektov\",\"isPartOf\":{\"@id\":\"https:\\\/\\\/spf-viacarpatia.eu\\\/#website\"},\"datePublished\":\"2025-05-06T10:57:50+00:00\",\"inLanguage\":\"hu\",\"potentialAction\":[{\"@type\":\"ReadAction\",\"target\":[\"https:\\\/\\\/spf-viacarpatia.eu\\\/hu\\\/projekty\\\/obec-perin-chym\\\/\"]}]},{\"@type\":\"WebSite\",\"@id\":\"https:\\\/\\\/spf-viacarpatia.eu\\\/#website\",\"url\":\"https:\\\/\\\/spf-viacarpatia.eu\\\/\",\"name\":\"ViaCarpatia\",\"description\":\"Fond mal\u00fdch projektov\",\"alternateName\":\"ViaCarpatia\",\"potentialAction\":[{\"@type\":\"SearchAction\",\"target\":{\"@type\":\"EntryPoint\",\"urlTemplate\":\"https:\\\/\\\/spf-viacarpatia.eu\\\/?s={search_term_string}\"},\"query-input\":{\"@type\":\"PropertyValueSpecification\",\"valueRequired\":true,\"valueName\":\"search_term_string\"}}],\"inLanguage\":\"hu\"}]}<\/script>\n<!-- \/ Yoast SEO plugin. -->","yoast_head_json":{"title":"Obec Per\u00edn-Chym - spf-viacarpatia.eu | Fond mal\u00fdch projektov","robots":{"index":"index","follow":"follow","max-snippet":"max-snippet:-1","max-image-preview":"max-image-preview:large","max-video-preview":"max-video-preview:-1"},"canonical":"https:\/\/spf-viacarpatia.eu\/hu\/projekty\/obec-perin-chym\/","og_locale":"hu_HU","og_type":"article","og_title":"Obec Per\u00edn-Chym - spf-viacarpatia.eu | Fond mal\u00fdch projektov","og_description":"Hlavnou iniciat\u00edvou m\u00e1jov\u00e9ho podujatia\u00a0 je posilni\u0165 v\u00e4zby medzi partnersk\u00fdmi obcami na slovensko-ma\u010farskom pohrani\u010d\u00ed cez organizovanie podujatia v obci Per\u00edn-Chym, ktor\u00e9 bude zah\u0155\u0148a\u0165 kult\u00farne, spolo\u010densk\u00e9 a vzdel\u00e1vacie aktivity. Projekt sa zameriava na prezent\u00e1ciu kult\u00farnej rozmanitosti, posilnenie spolupr\u00e1ce medzi samospr\u00e1vami a zv\u00fd\u0161enie povedomia o\u00a0Eur\u00f3pskej \u00fanii. N\u00e1zov projektu: Dni miestnej \u010dasti Chym, Obec Per\u00edn-Chym Akronym: Dni M\u010c Chym [&hellip;]","og_url":"https:\/\/spf-viacarpatia.eu\/hu\/projekty\/obec-perin-chym\/","og_site_name":"spf-viacarpatia.eu | Fond mal\u00fdch projektov","twitter_card":"summary_large_image","twitter_misc":{"Becs\u00fclt olvas\u00e1si id\u0151":"1 perc"},"schema":{"@context":"https:\/\/schema.org","@graph":[{"@type":"WebPage","@id":"https:\/\/spf-viacarpatia.eu\/hu\/projekty\/obec-perin-chym\/","url":"https:\/\/spf-viacarpatia.eu\/hu\/projekty\/obec-perin-chym\/","name":"Obec Per\u00edn-Chym - spf-viacarpatia.eu | Fond mal\u00fdch projektov","isPartOf":{"@id":"https:\/\/spf-viacarpatia.eu\/#website"},"datePublished":"2025-05-06T10:57:50+00:00","inLanguage":"hu","potentialAction":[{"@type":"ReadAction","target":["https:\/\/spf-viacarpatia.eu\/hu\/projekty\/obec-perin-chym\/"]}]},{"@type":"WebSite","@id":"https:\/\/spf-viacarpatia.eu\/#website","url":"https:\/\/spf-viacarpatia.eu\/","name":"ViaCarpatia","description":"Fond mal\u00fdch projektov","alternateName":"ViaCarpatia","potentialAction":[{"@type":"SearchAction","target":{"@type":"EntryPoint","urlTemplate":"https:\/\/spf-viacarpatia.eu\/?s={search_term_string}"},"query-input":{"@type":"PropertyValueSpecification","valueRequired":true,"valueName":"search_term_string"}}],"inLanguage":"hu"}]}},"_links":{"self":[{"href":"https:\/\/spf-viacarpatia.eu\/hu\/wp-json\/wp\/v2\/projekty\/9644","targetHints":{"allow":["GET"]}}],"collection":[{"href":"https:\/\/spf-viacarpatia.eu\/hu\/wp-json\/wp\/v2\/projekty"}],"about":[{"href":"https:\/\/spf-viacarpatia.eu\/hu\/wp-json\/wp\/v2\/types\/projekty"}],"wp:attachment":[{"href":"https:\/\/spf-viacarpatia.eu\/hu\/wp-json\/wp\/v2\/media?parent=9644"}],"wp:term":[{"taxonomy":"projekt-kategoria","embeddable":true,"href":"https:\/\/spf-viacarpatia.eu\/hu\/wp-json\/wp\/v2\/projekt-kategoria?post=9644"}],"curies":[{"name":"wp","href":"https:\/\/api.w.org\/{rel}","templated":true}]}}