{"id":9658,"date":"2025-05-06T13:28:04","date_gmt":"2025-05-06T11:28:04","guid":{"rendered":"https:\/\/spf-viacarpatia.eu\/?post_type=projekty&#038;p=9658"},"modified":"2025-05-06T13:28:04","modified_gmt":"2025-05-06T11:28:04","slug":"vsetci-spolu-silnejsi","status":"publish","type":"projekty","link":"https:\/\/spf-viacarpatia.eu\/hu\/projekty\/vsetci-spolu-silnejsi\/","title":{"rendered":"V\u0161etci Spolu Silnej\u0161\u00ed"},"content":{"rendered":"<p>Medzin\u00e1rodn\u00fd semin\u00e1r pre ml\u00e1de\u017en\u00edckych tr\u00e9nerov v Ko\u0161iciach m\u00e1 za cie\u013e zv\u00fd\u0161i\u0165 odborn\u00e9 kompetencie tr\u00e9nerov v oblastiach ako rozvoj l\u00eddersk\u00fdch schopnost\u00ed a prechod mlad\u00fdch hr\u00e1\u010dov do seniorsk\u00e9ho futbalu. Podujatie podpor\u00ed v\u00fdmenu sk\u00fasenost\u00ed medzi tr\u00e9nermi z oboch kraj\u00edn, \u010d\u00edm posiln\u00ed medzin\u00e1rodn\u00fa spolupr\u00e1cu a vytvor\u00ed z\u00e1klady pre dlhodob\u00e9 cezhrani\u010dn\u00e9 partnerstv\u00e1. O\u010dak\u00e1va sa vznik siete tr\u00e9nerov a v\u00fdvoj nov\u00fdch vzdel\u00e1vac\u00edch materi\u00e1lov pre kvalitnej\u0161iu pr\u00e1cu s ml\u00e1de\u017eou.<\/p>\n<table width=\"500\">\n<tbody>\n<tr>\n<td><strong>N\u00e1zov projektu:<\/strong><\/td>\n<td>Medzin\u00e1rodn\u00fd semin\u00e1r pre ml\u00e1de\u017en\u00edckych tr\u00e9nerov<\/td>\n<\/tr>\n<tr>\n<td><strong>Akronym:<\/strong><\/td>\n<td>MSM<\/td>\n<\/tr>\n<tr>\n<td><strong>K\u00f3d v\u00fdzvy:<\/strong><\/td>\n<td>HUSK\/2401\/3.1\/020<\/td>\n<\/tr>\n<tr>\n<td><strong>Prioritn\u00e1 os:<\/strong><\/td>\n<td>3. \u2013 Institutional cooperations<\/td>\n<\/tr>\n<tr>\n<td><strong>\u0160pecifick\u00fd cie\u013e:<\/strong><\/td>\n<td>3.2.1 \u2013 Small project fund<\/td>\n<\/tr>\n<tr>\n<td><strong>K\u00f3d projektu:\u00a0\u00a0<\/strong><\/td>\n<td>HUSK\/SPF\/2401\/3.2\/174<\/td>\n<\/tr>\n<tr>\n<td><strong>Celkov\u00fd rozpo\u010det projektu:<\/strong><\/td>\n<td>10 568,75 \u20ac<\/td>\n<\/tr>\n<tr>\n<td><strong>Rozpo\u010det ERDF:<\/strong><\/td>\n<td>8 455,00 \u20ac<\/td>\n<\/tr>\n<tr>\n<td><strong>Za\u010diatok projektu:<\/strong><\/td>\n<td>01.02.2025<\/td>\n<\/tr>\n<tr>\n<td><strong>Koniec projektu:<\/strong><\/td>\n<td>31.05.2025<\/td>\n<\/tr>\n<\/tbody>\n<\/table>\n","protected":false},"featured_media":0,"template":"","projekt-kategoria":[26],"class_list":["post-9658","projekty","type-projekty","status-publish","hentry","projekt-kategoria-a-kisprojekt-alap-husk-spf-2401-felhivasanak-tamogatott-projektjei"],"acf":[],"yoast_head":"<!-- This site is optimized with the Yoast SEO plugin v27.5 - https:\/\/yoast.com\/product\/yoast-seo-wordpress\/ -->\n<title>V\u0161etci Spolu Silnej\u0161\u00ed - spf-viacarpatia.eu | Fond mal\u00fdch projektov<\/title>\n<meta name=\"robots\" content=\"index, follow, max-snippet:-1, max-image-preview:large, max-video-preview:-1\" \/>\n<link rel=\"canonical\" href=\"https:\/\/spf-viacarpatia.eu\/hu\/projekty\/vsetci-spolu-silnejsi\/\" \/>\n<meta property=\"og:locale\" content=\"hu_HU\" \/>\n<meta property=\"og:type\" content=\"article\" \/>\n<meta property=\"og:title\" content=\"V\u0161etci Spolu Silnej\u0161\u00ed - spf-viacarpatia.eu | Fond mal\u00fdch projektov\" \/>\n<meta property=\"og:description\" content=\"Medzin\u00e1rodn\u00fd semin\u00e1r pre ml\u00e1de\u017en\u00edckych tr\u00e9nerov v Ko\u0161iciach m\u00e1 za cie\u013e zv\u00fd\u0161i\u0165 odborn\u00e9 kompetencie tr\u00e9nerov v oblastiach ako rozvoj l\u00eddersk\u00fdch schopnost\u00ed a prechod mlad\u00fdch hr\u00e1\u010dov do seniorsk\u00e9ho futbalu. Podujatie podpor\u00ed v\u00fdmenu sk\u00fasenost\u00ed medzi tr\u00e9nermi z oboch kraj\u00edn, \u010d\u00edm posiln\u00ed medzin\u00e1rodn\u00fa spolupr\u00e1cu a vytvor\u00ed z\u00e1klady pre dlhodob\u00e9 cezhrani\u010dn\u00e9 partnerstv\u00e1. O\u010dak\u00e1va sa vznik siete tr\u00e9nerov a v\u00fdvoj nov\u00fdch [&hellip;]\" \/>\n<meta property=\"og:url\" content=\"https:\/\/spf-viacarpatia.eu\/hu\/projekty\/vsetci-spolu-silnejsi\/\" \/>\n<meta property=\"og:site_name\" content=\"spf-viacarpatia.eu | Fond mal\u00fdch projektov\" \/>\n<meta name=\"twitter:card\" content=\"summary_large_image\" \/>\n<meta name=\"twitter:label1\" content=\"Becs\u00fclt olvas\u00e1si id\u0151\" \/>\n\t<meta name=\"twitter:data1\" content=\"1 perc\" \/>\n<script type=\"application\/ld+json\" class=\"yoast-schema-graph\">{\"@context\":\"https:\\\/\\\/schema.org\",\"@graph\":[{\"@type\":\"WebPage\",\"@id\":\"https:\\\/\\\/spf-viacarpatia.eu\\\/hu\\\/projekty\\\/vsetci-spolu-silnejsi\\\/\",\"url\":\"https:\\\/\\\/spf-viacarpatia.eu\\\/hu\\\/projekty\\\/vsetci-spolu-silnejsi\\\/\",\"name\":\"V\u0161etci Spolu Silnej\u0161\u00ed - spf-viacarpatia.eu | Fond mal\u00fdch projektov\",\"isPartOf\":{\"@id\":\"https:\\\/\\\/spf-viacarpatia.eu\\\/#website\"},\"datePublished\":\"2025-05-06T11:28:04+00:00\",\"inLanguage\":\"hu\",\"potentialAction\":[{\"@type\":\"ReadAction\",\"target\":[\"https:\\\/\\\/spf-viacarpatia.eu\\\/hu\\\/projekty\\\/vsetci-spolu-silnejsi\\\/\"]}]},{\"@type\":\"WebSite\",\"@id\":\"https:\\\/\\\/spf-viacarpatia.eu\\\/#website\",\"url\":\"https:\\\/\\\/spf-viacarpatia.eu\\\/\",\"name\":\"ViaCarpatia\",\"description\":\"Fond mal\u00fdch projektov\",\"alternateName\":\"ViaCarpatia\",\"potentialAction\":[{\"@type\":\"SearchAction\",\"target\":{\"@type\":\"EntryPoint\",\"urlTemplate\":\"https:\\\/\\\/spf-viacarpatia.eu\\\/?s={search_term_string}\"},\"query-input\":{\"@type\":\"PropertyValueSpecification\",\"valueRequired\":true,\"valueName\":\"search_term_string\"}}],\"inLanguage\":\"hu\"}]}<\/script>\n<!-- \/ Yoast SEO plugin. -->","yoast_head_json":{"title":"V\u0161etci Spolu Silnej\u0161\u00ed - spf-viacarpatia.eu | Fond mal\u00fdch projektov","robots":{"index":"index","follow":"follow","max-snippet":"max-snippet:-1","max-image-preview":"max-image-preview:large","max-video-preview":"max-video-preview:-1"},"canonical":"https:\/\/spf-viacarpatia.eu\/hu\/projekty\/vsetci-spolu-silnejsi\/","og_locale":"hu_HU","og_type":"article","og_title":"V\u0161etci Spolu Silnej\u0161\u00ed - spf-viacarpatia.eu | Fond mal\u00fdch projektov","og_description":"Medzin\u00e1rodn\u00fd semin\u00e1r pre ml\u00e1de\u017en\u00edckych tr\u00e9nerov v Ko\u0161iciach m\u00e1 za cie\u013e zv\u00fd\u0161i\u0165 odborn\u00e9 kompetencie tr\u00e9nerov v oblastiach ako rozvoj l\u00eddersk\u00fdch schopnost\u00ed a prechod mlad\u00fdch hr\u00e1\u010dov do seniorsk\u00e9ho futbalu. Podujatie podpor\u00ed v\u00fdmenu sk\u00fasenost\u00ed medzi tr\u00e9nermi z oboch kraj\u00edn, \u010d\u00edm posiln\u00ed medzin\u00e1rodn\u00fa spolupr\u00e1cu a vytvor\u00ed z\u00e1klady pre dlhodob\u00e9 cezhrani\u010dn\u00e9 partnerstv\u00e1. O\u010dak\u00e1va sa vznik siete tr\u00e9nerov a v\u00fdvoj nov\u00fdch [&hellip;]","og_url":"https:\/\/spf-viacarpatia.eu\/hu\/projekty\/vsetci-spolu-silnejsi\/","og_site_name":"spf-viacarpatia.eu | Fond mal\u00fdch projektov","twitter_card":"summary_large_image","twitter_misc":{"Becs\u00fclt olvas\u00e1si id\u0151":"1 perc"},"schema":{"@context":"https:\/\/schema.org","@graph":[{"@type":"WebPage","@id":"https:\/\/spf-viacarpatia.eu\/hu\/projekty\/vsetci-spolu-silnejsi\/","url":"https:\/\/spf-viacarpatia.eu\/hu\/projekty\/vsetci-spolu-silnejsi\/","name":"V\u0161etci Spolu Silnej\u0161\u00ed - spf-viacarpatia.eu | Fond mal\u00fdch projektov","isPartOf":{"@id":"https:\/\/spf-viacarpatia.eu\/#website"},"datePublished":"2025-05-06T11:28:04+00:00","inLanguage":"hu","potentialAction":[{"@type":"ReadAction","target":["https:\/\/spf-viacarpatia.eu\/hu\/projekty\/vsetci-spolu-silnejsi\/"]}]},{"@type":"WebSite","@id":"https:\/\/spf-viacarpatia.eu\/#website","url":"https:\/\/spf-viacarpatia.eu\/","name":"ViaCarpatia","description":"Fond mal\u00fdch projektov","alternateName":"ViaCarpatia","potentialAction":[{"@type":"SearchAction","target":{"@type":"EntryPoint","urlTemplate":"https:\/\/spf-viacarpatia.eu\/?s={search_term_string}"},"query-input":{"@type":"PropertyValueSpecification","valueRequired":true,"valueName":"search_term_string"}}],"inLanguage":"hu"}]}},"_links":{"self":[{"href":"https:\/\/spf-viacarpatia.eu\/hu\/wp-json\/wp\/v2\/projekty\/9658","targetHints":{"allow":["GET"]}}],"collection":[{"href":"https:\/\/spf-viacarpatia.eu\/hu\/wp-json\/wp\/v2\/projekty"}],"about":[{"href":"https:\/\/spf-viacarpatia.eu\/hu\/wp-json\/wp\/v2\/types\/projekty"}],"wp:attachment":[{"href":"https:\/\/spf-viacarpatia.eu\/hu\/wp-json\/wp\/v2\/media?parent=9658"}],"wp:term":[{"taxonomy":"projekt-kategoria","embeddable":true,"href":"https:\/\/spf-viacarpatia.eu\/hu\/wp-json\/wp\/v2\/projekt-kategoria?post=9658"}],"curies":[{"name":"wp","href":"https:\/\/api.w.org\/{rel}","templated":true}]}}